{"id":40,"date":"2015-07-05T18:39:11","date_gmt":"2015-07-05T18:39:11","guid":{"rendered":"http:\/\/eesap.eu\/?page_id=40"},"modified":"2020-11-30T19:21:18","modified_gmt":"2020-11-30T18:21:18","slug":"ponentes-sala-cica-miercoles-2-de-diciembre","status":"publish","type":"page","link":"https:\/\/eesap.eu\/index.php\/es\/programa-2\/ponentes\/ponentes-sala-cica-miercoles-2-de-diciembre\/","title":{"rendered":"PONENTES SALA CICA (2)"},"content":{"rendered":"<p>&nbsp;<\/p>\n<h1>\u00a0<strong>MI\u00c9RCOLES 2 DE DICIEMBRE<\/strong><\/h1>\n<hr \/>\n<p>&nbsp;<\/p>\n<h4><img loading=\"lazy\" decoding=\"async\" class=\"wp-image-3108 alignleft\" src=\"http:\/\/eesap.eu\/wp-content\/uploads\/2015\/07\/Jon-Ansoleaga.png\" alt=\"\" width=\"234\" height=\"235\" srcset=\"https:\/\/eesap.eu\/wp-content\/uploads\/2015\/07\/Jon-Ansoleaga.png 358w, https:\/\/eesap.eu\/wp-content\/uploads\/2015\/07\/Jon-Ansoleaga-150x150.png 150w, https:\/\/eesap.eu\/wp-content\/uploads\/2015\/07\/Jon-Ansoleaga-300x300.png 300w, https:\/\/eesap.eu\/wp-content\/uploads\/2015\/07\/Jon-Ansoleaga-146x146.png 146w, https:\/\/eesap.eu\/wp-content\/uploads\/2015\/07\/Jon-Ansoleaga-50x50.png 50w, https:\/\/eesap.eu\/wp-content\/uploads\/2015\/07\/Jon-Ansoleaga-80x80.png 80w, https:\/\/eesap.eu\/wp-content\/uploads\/2015\/07\/Jon-Ansoleaga-70x70.png 70w\" sizes=\"auto, (max-width: 234px) 100vw, 234px\" \/><br \/>\n<span style=\"color: #008080;\">D.\u00a0JON ANSOLEAGA UGARTE<\/span><\/h4>\n<p>DIRECTOR\u00a0ERAIKUNE, CLUSTER DE LA CONSTRUCCI\u00d3N DE EUSKADI<\/p>\n<p style=\"text-align: justify;\">Cluster Manager de Eraikune, Cl\u00faster de la Construcci\u00f3n de Euskadi desde hace m\u00e1s de 3 a\u00f1os. Anteriormente, ha desarrollado actividades de consultor de innovaci\u00f3n y competitividad en IDOM, Consulting, Egineering, Architecture durante 5 a\u00f1os, participando como experto en el proyecto Low Carbon Business Action en M\u00e9xico.<\/p>\n<p style=\"text-align: justify;\">Sus primeros seis a\u00f1os desarroll\u00f3 su trabajo profesional como Director de Proyectos en InfydeS.L.<\/p>\n<p><img loading=\"lazy\" decoding=\"async\" class=\"aligncenter size-full wp-image-3109\" src=\"http:\/\/eesap.eu\/wp-content\/uploads\/2015\/07\/Captura-de-pantalla-2020-11-27-a-las-16.15.42.png\" alt=\"\" width=\"1682\" height=\"304\" srcset=\"https:\/\/eesap.eu\/wp-content\/uploads\/2015\/07\/Captura-de-pantalla-2020-11-27-a-las-16.15.42.png 1682w, https:\/\/eesap.eu\/wp-content\/uploads\/2015\/07\/Captura-de-pantalla-2020-11-27-a-las-16.15.42-300x54.png 300w, https:\/\/eesap.eu\/wp-content\/uploads\/2015\/07\/Captura-de-pantalla-2020-11-27-a-las-16.15.42-768x139.png 768w, https:\/\/eesap.eu\/wp-content\/uploads\/2015\/07\/Captura-de-pantalla-2020-11-27-a-las-16.15.42-1024x185.png 1024w, https:\/\/eesap.eu\/wp-content\/uploads\/2015\/07\/Captura-de-pantalla-2020-11-27-a-las-16.15.42-260x47.png 260w, https:\/\/eesap.eu\/wp-content\/uploads\/2015\/07\/Captura-de-pantalla-2020-11-27-a-las-16.15.42-50x9.png 50w, https:\/\/eesap.eu\/wp-content\/uploads\/2015\/07\/Captura-de-pantalla-2020-11-27-a-las-16.15.42-200x36.png 200w\" sizes=\"auto, (max-width: 1682px) 100vw, 1682px\" \/><\/p>\n<div>\n<p style=\"text-align: right;\"><a class=\"button button_20 button_WHITE \" href=\"http:\/\/eesap.eu\/wp-content\/uploads\/2020\/11\/Jon-Ansoleaga.pdf\" target=\"_blank\">DESCARGAR FICHA<\/a>\n<\/p>\n<\/div>\n<div>\n<hr \/>\n<h4><img loading=\"lazy\" decoding=\"async\" class=\"wp-image-3112 alignleft\" style=\"padding-bottom: 80px;\" src=\"http:\/\/eesap.eu\/wp-content\/uploads\/2015\/07\/pablo-garcia-astrain.png\" alt=\"\" width=\"234\" height=\"234\" srcset=\"https:\/\/eesap.eu\/wp-content\/uploads\/2015\/07\/pablo-garcia-astrain.png 358w, https:\/\/eesap.eu\/wp-content\/uploads\/2015\/07\/pablo-garcia-astrain-150x150.png 150w, https:\/\/eesap.eu\/wp-content\/uploads\/2015\/07\/pablo-garcia-astrain-300x300.png 300w, https:\/\/eesap.eu\/wp-content\/uploads\/2015\/07\/pablo-garcia-astrain-146x146.png 146w, https:\/\/eesap.eu\/wp-content\/uploads\/2015\/07\/pablo-garcia-astrain-50x50.png 50w, https:\/\/eesap.eu\/wp-content\/uploads\/2015\/07\/pablo-garcia-astrain-80x80.png 80w, https:\/\/eesap.eu\/wp-content\/uploads\/2015\/07\/pablo-garcia-astrain-70x70.png 70w\" sizes=\"auto, (max-width: 234px) 100vw, 234px\" \/><br \/>\n<span style=\"color: #008080;\">D.\u00a0PABLO GARC\u00cdA ASTRAIN\u00a0<\/span><\/h4>\n<p>DIRECTOR VIVIENDA, DEPARTAMENTO DE PLANIFICACION TERRITORIAL, VIVIENDA Y TRANSPORTE DEL GOBIERNO VASCO<\/p>\n<p style=\"text-align: justify;\">Director de Vivienda y Arquitectura del Gobierno Vasco, departamento de Planificaci\u00f3n Territorial, Vivienda y Transporte. Licenciado en Arquitectura por la l\u2019Ec\u00f3le Nationale Sup\u00e9rieure d\u2019architecture et de Paysage de Bordeaux. Universit\u00e9 Michel de Montaigne BordeauxIII. (2001).<\/p>\n<p style=\"text-align: justify;\">Doctorando Arquitectura en fase de redacci\u00f3n de la tesis. Doctorando Arquitectura en fase de redacci\u00f3n de la tesis (2009) (en curso).\u00a0Arquitecto por cuenta propia, fundador del estudio HTC Arquitectos con obra construida en edificaci\u00f3n y rehabilitaci\u00f3n a ambos lados de los Pirineos. (2002-2017).<\/p>\n<p style=\"text-align: justify;\">Concejal de Cooperaci\u00f3n al Desarrollo del Ayuntamiento de Zarautz. (2015-2017). Presidente de la Asociaci\u00f3n ATARI Cultura Arquitect\u00f3nica. (2010- 2016).<\/p>\n<p><img loading=\"lazy\" decoding=\"async\" class=\"aligncenter size-full wp-image-3111\" src=\"http:\/\/eesap.eu\/wp-content\/uploads\/2015\/07\/Captura-de-pantalla-2020-11-27-a-las-16.18.12.png\" alt=\"\" width=\"1684\" height=\"120\" srcset=\"https:\/\/eesap.eu\/wp-content\/uploads\/2015\/07\/Captura-de-pantalla-2020-11-27-a-las-16.18.12.png 1684w, https:\/\/eesap.eu\/wp-content\/uploads\/2015\/07\/Captura-de-pantalla-2020-11-27-a-las-16.18.12-300x21.png 300w, https:\/\/eesap.eu\/wp-content\/uploads\/2015\/07\/Captura-de-pantalla-2020-11-27-a-las-16.18.12-768x55.png 768w, https:\/\/eesap.eu\/wp-content\/uploads\/2015\/07\/Captura-de-pantalla-2020-11-27-a-las-16.18.12-1024x73.png 1024w, https:\/\/eesap.eu\/wp-content\/uploads\/2015\/07\/Captura-de-pantalla-2020-11-27-a-las-16.18.12-260x19.png 260w, https:\/\/eesap.eu\/wp-content\/uploads\/2015\/07\/Captura-de-pantalla-2020-11-27-a-las-16.18.12-50x4.png 50w, https:\/\/eesap.eu\/wp-content\/uploads\/2015\/07\/Captura-de-pantalla-2020-11-27-a-las-16.18.12-200x14.png 200w\" sizes=\"auto, (max-width: 1684px) 100vw, 1684px\" \/><\/p>\n<div>\n<p style=\"text-align: right;\"><a class=\"button button_20 button_WHITE \" href=\"http:\/\/eesap.eu\/wp-content\/uploads\/2020\/11\/Pablo-Garc\u00eda.pdf\" target=\"_blank\">DESCARGAR FICHA<\/a>\n<\/p>\n<\/div>\n<div>\n<hr \/>\n<p>&nbsp;<\/p>\n<h4><img loading=\"lazy\" decoding=\"async\" class=\"wp-image-2812 alignleft\" style=\"padding-bottom: 50px;\" src=\"http:\/\/eesap.eu\/wp-content\/uploads\/2015\/07\/Asier-Abaunza.png\" alt=\"\" width=\"234\" height=\"234\" srcset=\"https:\/\/eesap.eu\/wp-content\/uploads\/2015\/07\/Asier-Abaunza.png 358w, https:\/\/eesap.eu\/wp-content\/uploads\/2015\/07\/Asier-Abaunza-150x150.png 150w, https:\/\/eesap.eu\/wp-content\/uploads\/2015\/07\/Asier-Abaunza-300x300.png 300w, https:\/\/eesap.eu\/wp-content\/uploads\/2015\/07\/Asier-Abaunza-146x146.png 146w, https:\/\/eesap.eu\/wp-content\/uploads\/2015\/07\/Asier-Abaunza-50x50.png 50w, https:\/\/eesap.eu\/wp-content\/uploads\/2015\/07\/Asier-Abaunza-80x80.png 80w, https:\/\/eesap.eu\/wp-content\/uploads\/2015\/07\/Asier-Abaunza-70x70.png 70w\" sizes=\"auto, (max-width: 234px) 100vw, 234px\" \/><span style=\"color: #008080;\">D. ASIER ABAUNZA ROBLES<\/span><\/h4>\n<p>CONCEJAL DE OBRAS, PLANIFICACI\u00d3N URBANA Y PROYECTOS ESTRAT\u00c9GICOS DEL AYUNTAMIENTO DE BILBAO<\/p>\n<p style=\"text-align: justify;\">Ingeniero Agr\u00f3nomo por la Universidad P\u00fablica de Navarra. Actualmente es Concejal Delegado de Obras, Planificaci\u00f3n Urbana y Proyectos Estrat\u00e9gicos. Concejal del Ayuntamiento de Bilbao desde 2007. En este per\u00edodo ha sido responsable de movilidad, planificaci\u00f3n urbana, obras, servicios y espacio p\u00fablico.<\/p>\n<p style=\"text-align: justify;\">Asimismo, ha formado parte de diversos Consejos de Administraci\u00f3n, ha presidido los distritos 1 (Deusto) y 3 (Otxarkoaga-Txurdinaga), as\u00ed como varias sociedades municipales (Funicular de Artxanda, Surbisa y Bioartigas).\u00a0Anteriormente trabaj\u00f3 en Lantik, en la Escuela Agraria de Derio, en varias empresas privadas y en calidad de asesor en la Secretar\u00eda General de Acci\u00f3n Exterior del Gobierno Vasco.<\/p>\n<div>\n<p style=\"text-align: right;\"><img loading=\"lazy\" decoding=\"async\" class=\"aligncenter size-full wp-image-2790\" src=\"http:\/\/eesap.eu\/wp-content\/uploads\/2015\/07\/Captura-de-pantalla-2020-11-17-a-las-15.41.14.png\" alt=\"\" width=\"2042\" height=\"314\" srcset=\"https:\/\/eesap.eu\/wp-content\/uploads\/2015\/07\/Captura-de-pantalla-2020-11-17-a-las-15.41.14.png 2042w, https:\/\/eesap.eu\/wp-content\/uploads\/2015\/07\/Captura-de-pantalla-2020-11-17-a-las-15.41.14-300x46.png 300w, https:\/\/eesap.eu\/wp-content\/uploads\/2015\/07\/Captura-de-pantalla-2020-11-17-a-las-15.41.14-768x118.png 768w, https:\/\/eesap.eu\/wp-content\/uploads\/2015\/07\/Captura-de-pantalla-2020-11-17-a-las-15.41.14-1024x157.png 1024w, https:\/\/eesap.eu\/wp-content\/uploads\/2015\/07\/Captura-de-pantalla-2020-11-17-a-las-15.41.14-260x40.png 260w, https:\/\/eesap.eu\/wp-content\/uploads\/2015\/07\/Captura-de-pantalla-2020-11-17-a-las-15.41.14-50x8.png 50w, https:\/\/eesap.eu\/wp-content\/uploads\/2015\/07\/Captura-de-pantalla-2020-11-17-a-las-15.41.14-200x31.png 200w\" sizes=\"auto, (max-width: 2042px) 100vw, 2042px\" \/><a class=\"button button_20 button_WHITE \" href=\"http:\/\/eesap.eu\/wp-content\/uploads\/2020\/11\/Asier-Abaunza.pdf\" target=\"_blank\">DESCARGAR FICHA<\/a>\n<\/p>\n<\/div>\n<div>\n<hr \/>\n<\/div>\n<div>\n<h4><img loading=\"lazy\" decoding=\"async\" class=\"wp-image-2811 alignleft\" style=\"padding-bottom: 50px;\" src=\"http:\/\/eesap.eu\/wp-content\/uploads\/2015\/07\/i\u00f1igo-escobal.png\" alt=\"\" width=\"234\" height=\"234\" srcset=\"https:\/\/eesap.eu\/wp-content\/uploads\/2015\/07\/i\u00f1igo-escobal.png 357w, https:\/\/eesap.eu\/wp-content\/uploads\/2015\/07\/i\u00f1igo-escobal-150x150.png 150w, https:\/\/eesap.eu\/wp-content\/uploads\/2015\/07\/i\u00f1igo-escobal-300x300.png 300w, https:\/\/eesap.eu\/wp-content\/uploads\/2015\/07\/i\u00f1igo-escobal-146x146.png 146w, https:\/\/eesap.eu\/wp-content\/uploads\/2015\/07\/i\u00f1igo-escobal-50x50.png 50w, https:\/\/eesap.eu\/wp-content\/uploads\/2015\/07\/i\u00f1igo-escobal-80x80.png 80w, https:\/\/eesap.eu\/wp-content\/uploads\/2015\/07\/i\u00f1igo-escobal-70x70.png 70w\" sizes=\"auto, (max-width: 234px) 100vw, 234px\" \/><span style=\"color: #008080;\">D. \u00cd\u00d1IGO ESCOBAL MARCOS<\/span><\/h4>\n<\/div>\n<div>\n<p>DIRECTOR GENERAL DE VIUDA DE SAINZ, PRESIDENTE DE ENERMETRIK SOLUTIONS, SOCIO FUNDADOR IPAR GROUP SAS (COLOMBIA) y VICEPRESIDENTE DE ERAIKUNE, CLUSTER DE LA INDUSTRIA DE LA CONSTRUCCI\u00d3N DE EUSKADI<\/p>\n<\/div>\n<div>\n<p style=\"text-align: justify;\">Ingeniero de Minas, por la Universidad de Le\u00f3n, Doctorando en Minas por la Universidad de Oviedo y EMBA por la Universidad de Barcelona.<span class=\"Apple-converted-space\">\u00a0<\/span>Su carrera profesional se ha desarrollado entre la Administraci\u00f3n P\u00fablica y la empresa privada.<\/p>\n<p style=\"text-align: justify;\">Antes de ser el Director General del Grupo Viuda de Sainz, fue 8 a\u00f1os y medio el Gerente de Lurpelan Tunneling.Responsable de la expansi\u00f3n en Espa\u00f1a de la marca, y consiguiendo internacionalmente establecerse en Colombia, Portugal y recientemente en Francia.\u00a0Como fruto de la estrategia de diversificaci\u00f3n, desde hace un a\u00f1o es presidente de Enermetrik Solutions, empresa de servicios energ\u00e9ticos.<\/p>\n<\/div>\n<div>\n<p><img loading=\"lazy\" decoding=\"async\" class=\"aligncenter size-full wp-image-2795\" src=\"http:\/\/eesap.eu\/wp-content\/uploads\/2015\/07\/Captura-de-pantalla-2020-11-17-a-las-15.49.56.png\" alt=\"\" width=\"1998\" height=\"148\" srcset=\"https:\/\/eesap.eu\/wp-content\/uploads\/2015\/07\/Captura-de-pantalla-2020-11-17-a-las-15.49.56.png 1998w, https:\/\/eesap.eu\/wp-content\/uploads\/2015\/07\/Captura-de-pantalla-2020-11-17-a-las-15.49.56-300x22.png 300w, https:\/\/eesap.eu\/wp-content\/uploads\/2015\/07\/Captura-de-pantalla-2020-11-17-a-las-15.49.56-768x57.png 768w, https:\/\/eesap.eu\/wp-content\/uploads\/2015\/07\/Captura-de-pantalla-2020-11-17-a-las-15.49.56-1024x76.png 1024w, https:\/\/eesap.eu\/wp-content\/uploads\/2015\/07\/Captura-de-pantalla-2020-11-17-a-las-15.49.56-260x19.png 260w, https:\/\/eesap.eu\/wp-content\/uploads\/2015\/07\/Captura-de-pantalla-2020-11-17-a-las-15.49.56-50x4.png 50w, https:\/\/eesap.eu\/wp-content\/uploads\/2015\/07\/Captura-de-pantalla-2020-11-17-a-las-15.49.56-200x15.png 200w\" sizes=\"auto, (max-width: 1998px) 100vw, 1998px\" \/><\/p>\n<\/div>\n<div>\n<p style=\"text-align: right;\"><a class=\"button button_20 button_WHITE \" href=\"http:\/\/eesap.eu\/wp-content\/uploads\/2020\/11\/I\u00f1igo-Escobal.pdf\" target=\"_blank\">DESCARGAR FICHA<\/a>\n<\/p>\n<\/div>\n<div>\n<hr \/>\n<div>\n<h4><img loading=\"lazy\" decoding=\"async\" class=\"wp-image-3114 alignleft\" style=\"padding-bottom: 220px;\" src=\"http:\/\/eesap.eu\/wp-content\/uploads\/2015\/07\/CARLOS-ALZAGA.png\" alt=\"\" width=\"234\" height=\"234\" srcset=\"https:\/\/eesap.eu\/wp-content\/uploads\/2015\/07\/CARLOS-ALZAGA.png 359w, https:\/\/eesap.eu\/wp-content\/uploads\/2015\/07\/CARLOS-ALZAGA-150x150.png 150w, https:\/\/eesap.eu\/wp-content\/uploads\/2015\/07\/CARLOS-ALZAGA-300x300.png 300w, https:\/\/eesap.eu\/wp-content\/uploads\/2015\/07\/CARLOS-ALZAGA-146x146.png 146w, https:\/\/eesap.eu\/wp-content\/uploads\/2015\/07\/CARLOS-ALZAGA-50x50.png 50w, https:\/\/eesap.eu\/wp-content\/uploads\/2015\/07\/CARLOS-ALZAGA-80x80.png 80w, https:\/\/eesap.eu\/wp-content\/uploads\/2015\/07\/CARLOS-ALZAGA-70x70.png 70w\" sizes=\"auto, (max-width: 234px) 100vw, 234px\" \/><\/h4>\n<h4><span style=\"color: #008080;\">D. CARLOS ALZAGA SAGASTASOLOA<\/span><\/h4>\n<p>Director\u00a0 AUTORIDAD PORTUARIA DE BILBAO<\/p>\n<p style=\"text-align: justify;\">Ingeniero de Caminos, Canales y Puertos por la Universidad Polit\u00e9cnica de Madrid, promoci\u00f3n de 1990. Adem\u00e1s, ha desarrollado el Programa de Alta Direcci\u00f3n de Empresas (PADE) del IESE BusinessSchoolde la Universidad de Navarra.<\/p>\n<p style=\"text-align: justify;\">Inici\u00f3 su carrera profesional en 1989 en el \u00e1rea de proyectos de SENER, en tareas de apoyo a la redacci\u00f3n del Proyecto de L\u00ednea 3 del Metro de Valencia y en el inicio del Plan Integral de Prevenci\u00f3n de Inundaciones.<\/p>\n<p style=\"text-align: justify;\">En 1990, ingresa en la empresa Dragados y Construcciones, en obras como la Presa de Maro\u00f1o(Araba), carretera Berriz-Ondarroa, Nuevo Puente (dise\u00f1o de Santiago Calatrava) de acceso al Puerto de Ondarroa, Encauzamiento del Artibai, tambi\u00e9n dentro del Puerto de Ondarroa, D\u00e1rsena Deportiva del mismo puerto y la Ampliaci\u00f3n del Dique Rompeolas y del Contradique del Puerto de Zumaia(Gipuzkoa).<\/p>\n<p style=\"text-align: justify;\">En 1994 se incorpora al Gobierno Vasco como Jefe del Servicio Territorial de Puertos de Bizkaia, con la responsabilidad global sobre Direcci\u00f3n de Obras, Redacci\u00f3n de Proyectos y Explotaci\u00f3n Portuaria para los 8 puertos de Bizkaia titularidad de la Comunidad Aut\u00f3noma del Pa\u00eds Vasco (Plentzia, Armintza, Bermeo, Mundaka, Elantxobe, Ea, Lekeitio y Ondarroa).<\/p>\n<p style=\"text-align: justify;\">En 2013 es designado por el Consejo de la Autoridad Portuaria de Bilbao, a propuesta de su Presidente, como Director de dicha Autoridad Portuaria, cargo que ostenta hasta el presente.<\/p>\n<\/div>\n<div><\/div>\n<div>\n<p><img loading=\"lazy\" decoding=\"async\" class=\"aligncenter size-full wp-image-2795\" src=\"http:\/\/eesap.eu\/wp-content\/uploads\/2015\/07\/Captura-de-pantalla-2020-11-17-a-las-15.49.56.png\" alt=\"\" width=\"1998\" height=\"148\" srcset=\"https:\/\/eesap.eu\/wp-content\/uploads\/2015\/07\/Captura-de-pantalla-2020-11-17-a-las-15.49.56.png 1998w, https:\/\/eesap.eu\/wp-content\/uploads\/2015\/07\/Captura-de-pantalla-2020-11-17-a-las-15.49.56-300x22.png 300w, https:\/\/eesap.eu\/wp-content\/uploads\/2015\/07\/Captura-de-pantalla-2020-11-17-a-las-15.49.56-768x57.png 768w, https:\/\/eesap.eu\/wp-content\/uploads\/2015\/07\/Captura-de-pantalla-2020-11-17-a-las-15.49.56-1024x76.png 1024w, https:\/\/eesap.eu\/wp-content\/uploads\/2015\/07\/Captura-de-pantalla-2020-11-17-a-las-15.49.56-260x19.png 260w, https:\/\/eesap.eu\/wp-content\/uploads\/2015\/07\/Captura-de-pantalla-2020-11-17-a-las-15.49.56-50x4.png 50w, https:\/\/eesap.eu\/wp-content\/uploads\/2015\/07\/Captura-de-pantalla-2020-11-17-a-las-15.49.56-200x15.png 200w\" sizes=\"auto, (max-width: 1998px) 100vw, 1998px\" \/><\/p>\n<\/div>\n<div>\n<p style=\"text-align: right;\"><a class=\"button button_20 button_WHITE \" href=\"http:\/\/eesap.eu\/wp-content\/uploads\/2020\/11\/Carlos-Alzaga.pdf\" target=\"_blank\">DESCARGAR FICHA<\/a>\n<\/p>\n<\/div>\n<div>\n<hr \/>\n<h4><img loading=\"lazy\" decoding=\"async\" class=\"wp-image-3115 alignleft\" src=\"http:\/\/eesap.eu\/wp-content\/uploads\/2015\/07\/i\u00f1aki-Aurrekoetxea.png\" alt=\"\" width=\"234\" height=\"235\" srcset=\"https:\/\/eesap.eu\/wp-content\/uploads\/2015\/07\/i\u00f1aki-Aurrekoetxea.png 358w, https:\/\/eesap.eu\/wp-content\/uploads\/2015\/07\/i\u00f1aki-Aurrekoetxea-150x150.png 150w, https:\/\/eesap.eu\/wp-content\/uploads\/2015\/07\/i\u00f1aki-Aurrekoetxea-300x300.png 300w, https:\/\/eesap.eu\/wp-content\/uploads\/2015\/07\/i\u00f1aki-Aurrekoetxea-146x146.png 146w, https:\/\/eesap.eu\/wp-content\/uploads\/2015\/07\/i\u00f1aki-Aurrekoetxea-50x50.png 50w, https:\/\/eesap.eu\/wp-content\/uploads\/2015\/07\/i\u00f1aki-Aurrekoetxea-80x80.png 80w, https:\/\/eesap.eu\/wp-content\/uploads\/2015\/07\/i\u00f1aki-Aurrekoetxea-70x70.png 70w\" sizes=\"auto, (max-width: 234px) 100vw, 234px\" \/><\/h4>\n<h4><span style=\"color: #008080;\">D. I\u00d1AKI AURREKOETXEA AURRE<\/span><\/h4>\n<p>DIRECTOR GERENTE IA+B\u00a0 ARKITEKTURA TALDEA<\/p>\n<p style=\"text-align: justify;\">El arquitecto I\u00f1aki Aurrekoetxease siente comprometido profesionalmente con la transformaci\u00f3n emblem\u00e1tica de Bilbao, en la que viene participando. Es en esta villa donde tiene la sede de su estudio IA+B que cre\u00f3 despu\u00e9s de acumular experiencia institucional como director de Vivienda y Arquitectura del Gobierno vasco.<\/p>\n<p style=\"text-align: justify;\">Ganador de varios premios dentro y fuera de Pa\u00eds Vasco, ha compartido experiencias con Isozaki, Chipperfield, Mariscal, Starcko Novel, entre otros. Reconoce la calidad de la ense\u00f1anza de la arquitectura en Espa\u00f1a, aboga por un mayor peso de los arquitectos en la definici\u00f3n urban\u00edstica de las ciudades y reconoce el compromiso de la movilidad vertical con las nuevas exigencias.<\/p>\n<p><img loading=\"lazy\" decoding=\"async\" class=\"aligncenter size-full wp-image-3111\" src=\"http:\/\/eesap.eu\/wp-content\/uploads\/2015\/07\/Captura-de-pantalla-2020-11-27-a-las-16.18.12.png\" alt=\"\" width=\"1684\" height=\"120\" srcset=\"https:\/\/eesap.eu\/wp-content\/uploads\/2015\/07\/Captura-de-pantalla-2020-11-27-a-las-16.18.12.png 1684w, https:\/\/eesap.eu\/wp-content\/uploads\/2015\/07\/Captura-de-pantalla-2020-11-27-a-las-16.18.12-300x21.png 300w, https:\/\/eesap.eu\/wp-content\/uploads\/2015\/07\/Captura-de-pantalla-2020-11-27-a-las-16.18.12-768x55.png 768w, https:\/\/eesap.eu\/wp-content\/uploads\/2015\/07\/Captura-de-pantalla-2020-11-27-a-las-16.18.12-1024x73.png 1024w, https:\/\/eesap.eu\/wp-content\/uploads\/2015\/07\/Captura-de-pantalla-2020-11-27-a-las-16.18.12-260x19.png 260w, https:\/\/eesap.eu\/wp-content\/uploads\/2015\/07\/Captura-de-pantalla-2020-11-27-a-las-16.18.12-50x4.png 50w, https:\/\/eesap.eu\/wp-content\/uploads\/2015\/07\/Captura-de-pantalla-2020-11-27-a-las-16.18.12-200x14.png 200w\" sizes=\"auto, (max-width: 1684px) 100vw, 1684px\" \/><\/p>\n<div>\n<p style=\"text-align: right;\"><a class=\"button button_20 button_WHITE \" href=\"http:\/\/eesap.eu\/wp-content\/uploads\/2020\/11\/I\u00f1aki-Aurrekoetxea.pdf\" target=\"_blank\">DESCARGAR FICHA<\/a>\n<\/p>\n<\/div>\n<div>\n<hr \/>\n<\/div>\n<div>\n<h4><span style=\"color: #008080;\"><img loading=\"lazy\" decoding=\"async\" class=\"wp-image-2836 alignleft\" style=\"padding-bottom: 130px;\" src=\"http:\/\/eesap.eu\/wp-content\/uploads\/2015\/07\/carlos-martinez.png\" alt=\"\" width=\"234\" height=\"234\" srcset=\"https:\/\/eesap.eu\/wp-content\/uploads\/2015\/07\/carlos-martinez.png 357w, https:\/\/eesap.eu\/wp-content\/uploads\/2015\/07\/carlos-martinez-150x150.png 150w, https:\/\/eesap.eu\/wp-content\/uploads\/2015\/07\/carlos-martinez-300x300.png 300w, https:\/\/eesap.eu\/wp-content\/uploads\/2015\/07\/carlos-martinez-146x146.png 146w, https:\/\/eesap.eu\/wp-content\/uploads\/2015\/07\/carlos-martinez-50x50.png 50w, https:\/\/eesap.eu\/wp-content\/uploads\/2015\/07\/carlos-martinez-80x80.png 80w, https:\/\/eesap.eu\/wp-content\/uploads\/2015\/07\/carlos-martinez-70x70.png 70w\" sizes=\"auto, (max-width: 234px) 100vw, 234px\" \/>D.CARLOS MARTINEZ BERTRAND<\/span><\/h4>\n<\/div>\n<div>\n<p>DIRECTOR GERENTE, PLATAFORMA TECNOL\u00d3GICA DE LA CONSTRUCCI\u00d3N, PTEC y DIRECTOR DE INNOVACI\u00d3N, SEOPAN<\/p>\n<\/div>\n<div>\n<p style=\"text-align: justify;\">Director Gerente de la Plataforma Tecnol\u00f3gica Espa\u00f1ola de la Construcci\u00f3n y Director de Innovaci\u00f3n de SEOPAN, habiendo desarrollado su carrera profesional en el mundo de la construcci\u00f3n e Ingenier\u00eda durante m\u00e1s de 18 a\u00f1os, en diferentes puestos de la organizaci\u00f3n, Director general de Ingenier\u00eda INSITU y Director de \u00e1reas de Innovaci\u00f3n, Calidad y Medio Ambiente en VIAS Y CONSTRUCCIONES, empresa del Grupo ACS.<\/p>\n<p style=\"text-align: justify;\">Ha realizado actividades de Consultor\u00eda y auditoria, en empresa NOVOTEC y la entidad de certificaci\u00f3n LRQA en diferentes campos de actividad.<\/p>\n<p style=\"text-align: justify;\">Auditor-Experto de la Entidad Nacional de Acreditaci\u00f3n para actividades de normas de certificaci\u00f3n en \u00e1mbito voluntario. Responsable de la identificaci\u00f3n, preparaci\u00f3n y supervisi\u00f3n de la ejecuci\u00f3n de gran n\u00famero de proyectos de investigaci\u00f3n.<\/p>\n<p style=\"text-align: justify;\">Formaci\u00f3n en Ingenier\u00eda Qu\u00edmica Metal\u00fargica y resistencia de materiales. M\u00e1ster en Ingenier\u00eda y Gesti\u00f3n por la EOI y Master en Gesti\u00f3n de empresas por el IE Business School.<\/p>\n<\/div>\n<div>\n<p style=\"text-align: right;\"><img loading=\"lazy\" decoding=\"async\" class=\"aligncenter size-full wp-image-2788\" src=\"http:\/\/eesap.eu\/wp-content\/uploads\/2015\/07\/Captura-de-pantalla-2020-11-17-a-las-15.40.43.png\" alt=\"\" width=\"2026\" height=\"314\" srcset=\"https:\/\/eesap.eu\/wp-content\/uploads\/2015\/07\/Captura-de-pantalla-2020-11-17-a-las-15.40.43.png 2026w, https:\/\/eesap.eu\/wp-content\/uploads\/2015\/07\/Captura-de-pantalla-2020-11-17-a-las-15.40.43-300x46.png 300w, https:\/\/eesap.eu\/wp-content\/uploads\/2015\/07\/Captura-de-pantalla-2020-11-17-a-las-15.40.43-768x119.png 768w, https:\/\/eesap.eu\/wp-content\/uploads\/2015\/07\/Captura-de-pantalla-2020-11-17-a-las-15.40.43-1024x159.png 1024w, https:\/\/eesap.eu\/wp-content\/uploads\/2015\/07\/Captura-de-pantalla-2020-11-17-a-las-15.40.43-260x40.png 260w, https:\/\/eesap.eu\/wp-content\/uploads\/2015\/07\/Captura-de-pantalla-2020-11-17-a-las-15.40.43-50x8.png 50w, https:\/\/eesap.eu\/wp-content\/uploads\/2015\/07\/Captura-de-pantalla-2020-11-17-a-las-15.40.43-200x31.png 200w\" sizes=\"auto, (max-width: 2026px) 100vw, 2026px\" \/><a class=\"button button_20 button_WHITE \" href=\"http:\/\/eesap.eu\/wp-content\/uploads\/2020\/11\/Carlos-martinez.pdf\" target=\"_blank\">DESCARGAR FICHA<\/a>\n<\/p>\n<\/div>\n<div>\n<hr \/>\n<\/div>\n<div>\n<h4><span style=\"color: #008080;\"><img loading=\"lazy\" decoding=\"async\" class=\"wp-image-2809 alignleft\" src=\"http:\/\/eesap.eu\/wp-content\/uploads\/2015\/07\/iera-yarritu.png\" alt=\"\" width=\"234\" height=\"234\" srcset=\"https:\/\/eesap.eu\/wp-content\/uploads\/2015\/07\/iera-yarritu.png 357w, https:\/\/eesap.eu\/wp-content\/uploads\/2015\/07\/iera-yarritu-150x150.png 150w, https:\/\/eesap.eu\/wp-content\/uploads\/2015\/07\/iera-yarritu-300x300.png 300w, https:\/\/eesap.eu\/wp-content\/uploads\/2015\/07\/iera-yarritu-146x146.png 146w, https:\/\/eesap.eu\/wp-content\/uploads\/2015\/07\/iera-yarritu-50x50.png 50w, https:\/\/eesap.eu\/wp-content\/uploads\/2015\/07\/iera-yarritu-80x80.png 80w, https:\/\/eesap.eu\/wp-content\/uploads\/2015\/07\/iera-yarritu-70x70.png 70w\" sizes=\"auto, (max-width: 234px) 100vw, 234px\" \/><br \/>\nD\u00f1a. IERA Y\u00c1RRITU VAZQUEZ<\/span><\/h4>\n<\/div>\n<div>\n<p>TECHNICAL OFFICE MANAGER, URQUIZO INGENIEROS 3D TECHNOLOGIES<\/p>\n<\/div>\n<div>\n<p style=\"text-align: justify;\">Graduada en ingenier\u00eda geom\u00e1tica y topograf\u00eda por la Universidad el Pa\u00eds Vasco y M\u00e1ster en geotecnolog\u00edas cartogr\u00e1ficas de ingenier\u00eda y arquitectura por la Universidad de Salamanca, se ha especializado en Manejo de Aeronaves Pilotadas por Control Remoto (RPAs).<\/p>\n<p style=\"text-align: justify;\">Su carrera profesional ha estado ligado a la Administraci\u00f3n p\u00fablica y a la empresa privada.<\/p>\n<p style=\"text-align: justify;\">Se incorpora en 2019 a Urquizo Ingenieros como Technical Office Manager.<\/p>\n<\/div>\n<div>\n<p style=\"text-align: right;\"><img loading=\"lazy\" decoding=\"async\" class=\"aligncenter size-full wp-image-2796\" src=\"http:\/\/eesap.eu\/wp-content\/uploads\/2015\/07\/Captura-de-pantalla-2020-11-17-a-las-15.51.11.png\" alt=\"\" width=\"2220\" height=\"150\" srcset=\"https:\/\/eesap.eu\/wp-content\/uploads\/2015\/07\/Captura-de-pantalla-2020-11-17-a-las-15.51.11.png 2220w, https:\/\/eesap.eu\/wp-content\/uploads\/2015\/07\/Captura-de-pantalla-2020-11-17-a-las-15.51.11-300x20.png 300w, https:\/\/eesap.eu\/wp-content\/uploads\/2015\/07\/Captura-de-pantalla-2020-11-17-a-las-15.51.11-768x52.png 768w, https:\/\/eesap.eu\/wp-content\/uploads\/2015\/07\/Captura-de-pantalla-2020-11-17-a-las-15.51.11-1024x69.png 1024w, https:\/\/eesap.eu\/wp-content\/uploads\/2015\/07\/Captura-de-pantalla-2020-11-17-a-las-15.51.11-260x18.png 260w, https:\/\/eesap.eu\/wp-content\/uploads\/2015\/07\/Captura-de-pantalla-2020-11-17-a-las-15.51.11-50x3.png 50w, https:\/\/eesap.eu\/wp-content\/uploads\/2015\/07\/Captura-de-pantalla-2020-11-17-a-las-15.51.11-200x14.png 200w\" sizes=\"auto, (max-width: 2220px) 100vw, 2220px\" \/><a class=\"button button_20 button_WHITE \" href=\"http:\/\/eesap.eu\/wp-content\/uploads\/2020\/11\/Iera-Yarritu.pdf\" target=\"_blank\">DESCARGAR FICHA<\/a>\n<\/p>\n<\/div>\n<div>\n<hr \/>\n<\/div>\n<div>\n<h4><span style=\"color: #008080;\"><img loading=\"lazy\" decoding=\"async\" class=\"wp-image-2808 alignleft\" src=\"http:\/\/eesap.eu\/wp-content\/uploads\/2015\/07\/mikel-Cearsolo.png\" alt=\"\" width=\"234\" height=\"234\" srcset=\"https:\/\/eesap.eu\/wp-content\/uploads\/2015\/07\/mikel-Cearsolo.png 357w, https:\/\/eesap.eu\/wp-content\/uploads\/2015\/07\/mikel-Cearsolo-150x150.png 150w, https:\/\/eesap.eu\/wp-content\/uploads\/2015\/07\/mikel-Cearsolo-300x300.png 300w, https:\/\/eesap.eu\/wp-content\/uploads\/2015\/07\/mikel-Cearsolo-146x146.png 146w, https:\/\/eesap.eu\/wp-content\/uploads\/2015\/07\/mikel-Cearsolo-50x50.png 50w, https:\/\/eesap.eu\/wp-content\/uploads\/2015\/07\/mikel-Cearsolo-80x80.png 80w, https:\/\/eesap.eu\/wp-content\/uploads\/2015\/07\/mikel-Cearsolo-70x70.png 70w\" sizes=\"auto, (max-width: 234px) 100vw, 234px\" \/><br \/>\nD. MIKEL CEARSOLO<span class=\"Apple-converted-space\">\u00a0 <\/span>CABREJAS<\/span><\/h4>\n<\/div>\n<div>\n<p>COFUNDADOR &amp; CEO, LUDUS GLOBAL<\/p>\n<\/div>\n<div>\n<p style=\"text-align: justify;\">Ingeniero en Inform\u00e1tica de Gesti\u00f3n e Ingeniero en Organizaci\u00f3n Industrial por la Universidad de Deusto, es cofundador y CEO de Ludus. Mikel lleva ligado al sector de la tecnolog\u00eda m\u00e1s de 10 a\u00f1os desarrollando proyectos digitales y los \u00faltimos 7 muy centrado en realidades extendidas, principalmente realidad virtual.<\/p>\n<\/div>\n<div>\n<p style=\"text-align: justify;\">En Ludus han desarrollado la plataforma definitiva para la capacitaci\u00f3n de profesionales con realidad virtual en las \u00e1reas de seguridad y salud.<\/p>\n<\/div>\n<div>\n<p style=\"text-align: right;\"><img loading=\"lazy\" decoding=\"async\" class=\"aligncenter size-full wp-image-2796\" src=\"http:\/\/eesap.eu\/wp-content\/uploads\/2015\/07\/Captura-de-pantalla-2020-11-17-a-las-15.51.11.png\" alt=\"\" width=\"2220\" height=\"150\" srcset=\"https:\/\/eesap.eu\/wp-content\/uploads\/2015\/07\/Captura-de-pantalla-2020-11-17-a-las-15.51.11.png 2220w, https:\/\/eesap.eu\/wp-content\/uploads\/2015\/07\/Captura-de-pantalla-2020-11-17-a-las-15.51.11-300x20.png 300w, https:\/\/eesap.eu\/wp-content\/uploads\/2015\/07\/Captura-de-pantalla-2020-11-17-a-las-15.51.11-768x52.png 768w, https:\/\/eesap.eu\/wp-content\/uploads\/2015\/07\/Captura-de-pantalla-2020-11-17-a-las-15.51.11-1024x69.png 1024w, https:\/\/eesap.eu\/wp-content\/uploads\/2015\/07\/Captura-de-pantalla-2020-11-17-a-las-15.51.11-260x18.png 260w, https:\/\/eesap.eu\/wp-content\/uploads\/2015\/07\/Captura-de-pantalla-2020-11-17-a-las-15.51.11-50x3.png 50w, https:\/\/eesap.eu\/wp-content\/uploads\/2015\/07\/Captura-de-pantalla-2020-11-17-a-las-15.51.11-200x14.png 200w\" sizes=\"auto, (max-width: 2220px) 100vw, 2220px\" \/><a class=\"button button_20 button_WHITE \" href=\"http:\/\/eesap.eu\/wp-content\/uploads\/2020\/11\/Mikel-Cearsolo.pdf\" target=\"_blank\">DESCARGAR FICHA<\/a>\n<\/p>\n<\/div>\n<div>\n<hr \/>\n<\/div>\n<div>\n<h4><span style=\"color: #008080;\"><img loading=\"lazy\" decoding=\"async\" class=\"wp-image-2807 alignleft\" src=\"http:\/\/eesap.eu\/wp-content\/uploads\/2015\/07\/gorka-leal.png\" alt=\"\" width=\"234\" height=\"234\" srcset=\"https:\/\/eesap.eu\/wp-content\/uploads\/2015\/07\/gorka-leal.png 357w, https:\/\/eesap.eu\/wp-content\/uploads\/2015\/07\/gorka-leal-150x150.png 150w, https:\/\/eesap.eu\/wp-content\/uploads\/2015\/07\/gorka-leal-300x300.png 300w, https:\/\/eesap.eu\/wp-content\/uploads\/2015\/07\/gorka-leal-146x146.png 146w, https:\/\/eesap.eu\/wp-content\/uploads\/2015\/07\/gorka-leal-50x50.png 50w, https:\/\/eesap.eu\/wp-content\/uploads\/2015\/07\/gorka-leal-80x80.png 80w, https:\/\/eesap.eu\/wp-content\/uploads\/2015\/07\/gorka-leal-70x70.png 70w\" sizes=\"auto, (max-width: 234px) 100vw, 234px\" \/><br \/>\nD.GORKA LEAL IRASTORZA<\/span><\/h4>\n<\/div>\n<div>\n<p>GERENTE, IP21 INGENIER\u00cdA<\/p>\n<\/div>\n<div>\n<p style=\"text-align: justify;\">Ingeniero de Telecomunicaciones por la Escuela de Ingenieros de Bilbao, ejerce desde 1999 como profesional liberal.<\/p>\n<p style=\"text-align: justify;\">En 2001 funda IP21 Ingenier\u00eda, empresa de ingenier\u00eda cuyas principales \u00e1reas de actividad son las instalaciones tradicionales y su integraci\u00f3n, telecomunicaciones y nuevas tecnolog\u00edas, gesti\u00f3n de proyectos y servicios BIM para arquitectos.<\/p>\n<\/div>\n<div>\n<p style=\"text-align: right;\"><img loading=\"lazy\" decoding=\"async\" class=\"aligncenter size-full wp-image-2796\" src=\"http:\/\/eesap.eu\/wp-content\/uploads\/2015\/07\/Captura-de-pantalla-2020-11-17-a-las-15.51.11.png\" alt=\"\" width=\"2220\" height=\"150\" srcset=\"https:\/\/eesap.eu\/wp-content\/uploads\/2015\/07\/Captura-de-pantalla-2020-11-17-a-las-15.51.11.png 2220w, https:\/\/eesap.eu\/wp-content\/uploads\/2015\/07\/Captura-de-pantalla-2020-11-17-a-las-15.51.11-300x20.png 300w, https:\/\/eesap.eu\/wp-content\/uploads\/2015\/07\/Captura-de-pantalla-2020-11-17-a-las-15.51.11-768x52.png 768w, https:\/\/eesap.eu\/wp-content\/uploads\/2015\/07\/Captura-de-pantalla-2020-11-17-a-las-15.51.11-1024x69.png 1024w, https:\/\/eesap.eu\/wp-content\/uploads\/2015\/07\/Captura-de-pantalla-2020-11-17-a-las-15.51.11-260x18.png 260w, https:\/\/eesap.eu\/wp-content\/uploads\/2015\/07\/Captura-de-pantalla-2020-11-17-a-las-15.51.11-50x3.png 50w, https:\/\/eesap.eu\/wp-content\/uploads\/2015\/07\/Captura-de-pantalla-2020-11-17-a-las-15.51.11-200x14.png 200w\" sizes=\"auto, (max-width: 2220px) 100vw, 2220px\" \/><a class=\"button button_20 button_WHITE \" href=\"http:\/\/eesap.eu\/wp-content\/uploads\/2020\/11\/Gorka-leal.pdf\" target=\"_blank\">DESCARGAR FICHA<\/a>\n<\/p>\n<\/div>\n<div>\n<hr \/>\n<\/div>\n<div>\n<h4><span style=\"color: #008080;\"><img loading=\"lazy\" decoding=\"async\" class=\"wp-image-2837 alignleft\" style=\"padding-bottom: 50px;\" src=\"http:\/\/eesap.eu\/wp-content\/uploads\/2015\/07\/Javier-Garmendia.png\" alt=\"\" width=\"234\" height=\"234\" srcset=\"https:\/\/eesap.eu\/wp-content\/uploads\/2015\/07\/Javier-Garmendia.png 358w, https:\/\/eesap.eu\/wp-content\/uploads\/2015\/07\/Javier-Garmendia-150x150.png 150w, https:\/\/eesap.eu\/wp-content\/uploads\/2015\/07\/Javier-Garmendia-300x300.png 300w, https:\/\/eesap.eu\/wp-content\/uploads\/2015\/07\/Javier-Garmendia-146x146.png 146w, https:\/\/eesap.eu\/wp-content\/uploads\/2015\/07\/Javier-Garmendia-50x50.png 50w, https:\/\/eesap.eu\/wp-content\/uploads\/2015\/07\/Javier-Garmendia-80x80.png 80w, https:\/\/eesap.eu\/wp-content\/uploads\/2015\/07\/Javier-Garmendia-70x70.png 70w\" sizes=\"auto, (max-width: 234px) 100vw, 234px\" \/>D. JAVIER GARMENDIA PURROY<span class=\"Apple-converted-space\">\u00a0<\/span><\/span><\/h4>\n<\/div>\n<div>\n<p>CEO ICX TECHNOLOGIES<\/p>\n<\/div>\n<div>\n<p style=\"text-align: justify;\">Ingeniero Civil por la Universidad de Cantabria y M\u00e1ster en Ingenier\u00eda Civil y Arquitectura por la KTH (Royal Institute of Technology) de Suecia. Comienza su carrera profesional como Ingeniero de puentes en COWI (Estocolmo) para despu\u00e9s pasar a formar parte de la constructora Rover Alcisa y participa en la construcci\u00f3n del megaproyecto de alta velocidad sueca, Ostl\u00e4nken (Norrk\u00f6ping, Suecia).<\/p>\n<p style=\"text-align: justify;\">Actualmente ejerce como consultor independiente especializado en la gesti\u00f3n de proyectos de infraestructuras y la integraci\u00f3n de empresas extranjeras en el mercado n\u00f3rdico.<\/p>\n<p style=\"text-align: justify;\">En 2019 funda ICX Technologies, una startup que tiene como misi\u00f3n lograr una construcci\u00f3n m\u00e1s eficiente, segura y verde mediante digitalizaci\u00f3n.<\/p>\n<\/div>\n<div>\n<p style=\"text-align: right;\"><img loading=\"lazy\" decoding=\"async\" class=\"aligncenter size-full wp-image-2796\" src=\"http:\/\/eesap.eu\/wp-content\/uploads\/2015\/07\/Captura-de-pantalla-2020-11-17-a-las-15.51.11.png\" alt=\"\" width=\"2220\" height=\"150\" srcset=\"https:\/\/eesap.eu\/wp-content\/uploads\/2015\/07\/Captura-de-pantalla-2020-11-17-a-las-15.51.11.png 2220w, https:\/\/eesap.eu\/wp-content\/uploads\/2015\/07\/Captura-de-pantalla-2020-11-17-a-las-15.51.11-300x20.png 300w, https:\/\/eesap.eu\/wp-content\/uploads\/2015\/07\/Captura-de-pantalla-2020-11-17-a-las-15.51.11-768x52.png 768w, https:\/\/eesap.eu\/wp-content\/uploads\/2015\/07\/Captura-de-pantalla-2020-11-17-a-las-15.51.11-1024x69.png 1024w, https:\/\/eesap.eu\/wp-content\/uploads\/2015\/07\/Captura-de-pantalla-2020-11-17-a-las-15.51.11-260x18.png 260w, https:\/\/eesap.eu\/wp-content\/uploads\/2015\/07\/Captura-de-pantalla-2020-11-17-a-las-15.51.11-50x3.png 50w, https:\/\/eesap.eu\/wp-content\/uploads\/2015\/07\/Captura-de-pantalla-2020-11-17-a-las-15.51.11-200x14.png 200w\" sizes=\"auto, (max-width: 2220px) 100vw, 2220px\" \/><a class=\"button button_20 button_WHITE \" href=\"http:\/\/eesap.eu\/wp-content\/uploads\/2020\/11\/Javier-Garmendia.pdf\" target=\"_blank\">DESCARGAR FICHA<\/a>\n<\/p>\n<\/div>\n<div>\n<hr \/>\n<div>\n<h4><span style=\"color: #008080;\"><img loading=\"lazy\" decoding=\"async\" class=\"wp-image-2888 alignleft\" style=\"padding-bottom: 50px;\" src=\"http:\/\/eesap.eu\/wp-content\/uploads\/2015\/07\/Javier-Agirre.png\" alt=\"\" width=\"234\" height=\"233\" srcset=\"https:\/\/eesap.eu\/wp-content\/uploads\/2015\/07\/Javier-Agirre.png 358w, https:\/\/eesap.eu\/wp-content\/uploads\/2015\/07\/Javier-Agirre-150x150.png 150w, https:\/\/eesap.eu\/wp-content\/uploads\/2015\/07\/Javier-Agirre-300x300.png 300w, https:\/\/eesap.eu\/wp-content\/uploads\/2015\/07\/Javier-Agirre-146x146.png 146w, https:\/\/eesap.eu\/wp-content\/uploads\/2015\/07\/Javier-Agirre-50x50.png 50w, https:\/\/eesap.eu\/wp-content\/uploads\/2015\/07\/Javier-Agirre-80x80.png 80w, https:\/\/eesap.eu\/wp-content\/uploads\/2015\/07\/Javier-Agirre-70x70.png 70w\" sizes=\"auto, (max-width: 234px) 100vw, 234px\" \/><br \/>\nD. JAVIER AGIRRE ORCAJO<\/span><\/h4>\n<p><span style=\"color: #008080;\"><span class=\"Apple-converted-space\">\u00a0<\/span><\/span>CEO ICX TECHNOLOGIES<\/p>\n<\/div>\n<div>\n<p style=\"text-align: justify;\">Licenciado de Grado en Ciencias Geol\u00f3gicas Universidad del Pa\u00eds Vasco. Especializaci\u00f3n en Estratigraf\u00eda y en hidrogeolog\u00eda y M\u00e1ster en Ingenier\u00eda Ambiental Colegio oficial de Ingenieros Industriales de \u00c1lava, Gipuzkoa y Navarra.<\/p>\n<p style=\"text-align: justify;\">Sus primeros a\u00f1os trabaj\u00f3 en colaboraci\u00f3n con la Facultad de Ciencias Geol\u00f3gicas de la UPV y posteriormente como t\u00e9cnico de gesti\u00f3n de residuos para el Gobierno Vasco.<span class=\"Apple-converted-space\">\u00a0<\/span>Su trayectoria como servidor p\u00fablico comienza est\u00e1 ligado al Departamento de Medio Ambiente y Ordenaci\u00f3n del Territorio y a la Agencia Vasca del Agua.<\/p>\n<p style=\"text-align: justify;\">Director General de. IHOBE, SOCIEDAD PUBLICA DE GESTION AMBIENTAL y hasta 2020 Jefatura oficina de las cuencas mediterr\u00e1neas URA. AGENCIA VASCA DEL AGUA.<\/p>\n<p><img loading=\"lazy\" decoding=\"async\" class=\"aligncenter size-full wp-image-2889\" src=\"http:\/\/eesap.eu\/wp-content\/uploads\/2015\/07\/Captura-de-pantalla-2020-11-18-a-las-18.47.51.png\" alt=\"\" width=\"1998\" height=\"140\" srcset=\"https:\/\/eesap.eu\/wp-content\/uploads\/2015\/07\/Captura-de-pantalla-2020-11-18-a-las-18.47.51.png 1998w, https:\/\/eesap.eu\/wp-content\/uploads\/2015\/07\/Captura-de-pantalla-2020-11-18-a-las-18.47.51-300x21.png 300w, https:\/\/eesap.eu\/wp-content\/uploads\/2015\/07\/Captura-de-pantalla-2020-11-18-a-las-18.47.51-768x54.png 768w, https:\/\/eesap.eu\/wp-content\/uploads\/2015\/07\/Captura-de-pantalla-2020-11-18-a-las-18.47.51-1024x72.png 1024w, https:\/\/eesap.eu\/wp-content\/uploads\/2015\/07\/Captura-de-pantalla-2020-11-18-a-las-18.47.51-260x18.png 260w, https:\/\/eesap.eu\/wp-content\/uploads\/2015\/07\/Captura-de-pantalla-2020-11-18-a-las-18.47.51-50x4.png 50w, https:\/\/eesap.eu\/wp-content\/uploads\/2015\/07\/Captura-de-pantalla-2020-11-18-a-las-18.47.51-200x14.png 200w\" sizes=\"auto, (max-width: 1998px) 100vw, 1998px\" \/><\/p>\n<\/div>\n<div>\n<p style=\"text-align: right;\"><a class=\"button button_20 button_WHITE \" href=\"http:\/\/eesap.eu\/wp-content\/uploads\/2020\/11\/Javier-Agirre.pdf\" target=\"_blank\">DESCARGAR FICHA<\/a>\n<\/p>\n<hr \/>\n<\/div>\n<div>\n<div>\n<h4><span style=\"color: #008080;\"><img loading=\"lazy\" decoding=\"async\" class=\"wp-image-2884 alignleft\" style=\"padding-bottom: 50px;\" src=\"http:\/\/eesap.eu\/wp-content\/uploads\/2015\/07\/Olga-Martin.png\" alt=\"\" width=\"226\" height=\"226\" srcset=\"https:\/\/eesap.eu\/wp-content\/uploads\/2015\/07\/Olga-Martin.png 358w, https:\/\/eesap.eu\/wp-content\/uploads\/2015\/07\/Olga-Martin-150x150.png 150w, https:\/\/eesap.eu\/wp-content\/uploads\/2015\/07\/Olga-Martin-300x300.png 300w, https:\/\/eesap.eu\/wp-content\/uploads\/2015\/07\/Olga-Martin-146x146.png 146w, https:\/\/eesap.eu\/wp-content\/uploads\/2015\/07\/Olga-Martin-50x50.png 50w, https:\/\/eesap.eu\/wp-content\/uploads\/2015\/07\/Olga-Martin-80x80.png 80w, https:\/\/eesap.eu\/wp-content\/uploads\/2015\/07\/Olga-Martin-70x70.png 70w\" sizes=\"auto, (max-width: 226px) 100vw, 226px\" \/><\/span><\/h4>\n<h4><span style=\"color: #008080;\">D\u00f1a. OLGA MARTIN<\/span><\/h4>\n<\/div>\n<div>\n<p>DIRECTORA GENERAL, ACLIMA, BASQUE ENVIRONMENT CLUSTER<\/p>\n<\/div>\n<div>\n<p style=\"text-align: justify;\">Licenciada en Ciencias Qu\u00edmicas (Universidad del Pa\u00eds Vasco) y Executive MBA (Universidad de Barcelona). Tiene una gran experiencia profesional en empresa, destacando la desarrollada en VIDRALA donde ha ocupado diferentes cargos de Direcci\u00f3n.<\/p>\n<p style=\"text-align: justify;\">Adem\u00e1s, ha participado como representante en importantes asociaciones sectoriales del vidrio tales como FEVE &#8211; European Federation of glass packaging and glass tableware makers y ANVEFI &#8211; Asociaci\u00f3n Nacional de Fabricantes de Envases de Vidrio y en consorcios vidrieros en el \u00e1mbito innovaci\u00f3n como IPGR o ICG.<\/p>\n<p style=\"text-align: justify;\">Actualmente Olga Mart\u00edn es Directora General de Aclima. Su compromiso con el cl\u00faster y su Plan Estrat\u00e9gico, es el de situar al sector medioambiental vasco como palanca de competitividad para al resto de sectores.<\/p>\n<\/div>\n<div>\n<p><img loading=\"lazy\" decoding=\"async\" class=\"aligncenter size-full wp-image-2885\" src=\"http:\/\/eesap.eu\/wp-content\/uploads\/2015\/07\/Captura-de-pantalla-2020-11-18-a-las-18.42.03.png\" alt=\"\" width=\"2012\" height=\"148\" srcset=\"https:\/\/eesap.eu\/wp-content\/uploads\/2015\/07\/Captura-de-pantalla-2020-11-18-a-las-18.42.03.png 2012w, https:\/\/eesap.eu\/wp-content\/uploads\/2015\/07\/Captura-de-pantalla-2020-11-18-a-las-18.42.03-300x22.png 300w, https:\/\/eesap.eu\/wp-content\/uploads\/2015\/07\/Captura-de-pantalla-2020-11-18-a-las-18.42.03-768x56.png 768w, https:\/\/eesap.eu\/wp-content\/uploads\/2015\/07\/Captura-de-pantalla-2020-11-18-a-las-18.42.03-1024x75.png 1024w, https:\/\/eesap.eu\/wp-content\/uploads\/2015\/07\/Captura-de-pantalla-2020-11-18-a-las-18.42.03-260x19.png 260w, https:\/\/eesap.eu\/wp-content\/uploads\/2015\/07\/Captura-de-pantalla-2020-11-18-a-las-18.42.03-50x4.png 50w, https:\/\/eesap.eu\/wp-content\/uploads\/2015\/07\/Captura-de-pantalla-2020-11-18-a-las-18.42.03-200x15.png 200w\" sizes=\"auto, (max-width: 2012px) 100vw, 2012px\" \/><\/p>\n<\/div>\n<div>\n<p style=\"text-align: right;\"><a class=\"button button_20 button_WHITE \" href=\"http:\/\/eesap.eu\/wp-content\/uploads\/2020\/11\/Olga-Martin.pdf\" target=\"_blank\">DESCARGAR FICHA<\/a>\n<\/p>\n<hr \/>\n<\/div>\n<\/div>\n<div>\n<h4><span style=\"color: #008080;\"><img loading=\"lazy\" decoding=\"async\" class=\"wp-image-2838 alignleft\" src=\"http:\/\/eesap.eu\/wp-content\/uploads\/2015\/07\/daniel-morales-1.png\" alt=\"\" width=\"234\" height=\"234\" srcset=\"https:\/\/eesap.eu\/wp-content\/uploads\/2015\/07\/daniel-morales-1.png 357w, https:\/\/eesap.eu\/wp-content\/uploads\/2015\/07\/daniel-morales-1-150x150.png 150w, https:\/\/eesap.eu\/wp-content\/uploads\/2015\/07\/daniel-morales-1-300x300.png 300w, https:\/\/eesap.eu\/wp-content\/uploads\/2015\/07\/daniel-morales-1-146x146.png 146w, https:\/\/eesap.eu\/wp-content\/uploads\/2015\/07\/daniel-morales-1-50x50.png 50w, https:\/\/eesap.eu\/wp-content\/uploads\/2015\/07\/daniel-morales-1-80x80.png 80w, https:\/\/eesap.eu\/wp-content\/uploads\/2015\/07\/daniel-morales-1-70x70.png 70w\" sizes=\"auto, (max-width: 234px) 100vw, 234px\" \/><br \/>\nD. DANIEL MORALES GOROSTIZA<span class=\"Apple-converted-space\">\u00a0<\/span><\/span><\/h4>\n<\/div>\n<div>\n<p>Responsable de Prescripci\u00f3n, VEKA Ib\u00e9rica<\/p>\n<\/div>\n<div>\n<p style=\"text-align: justify;\">Responsable de Prescripci\u00f3n en VEKA Ib\u00e9rica. Ingeniero T\u00e9cnico por la UPV, MBA en Direcci\u00f3n de empresas constructoras por la UPC, M\u00e1ster en Marketing Sarriko UPV y Tradesperson, experto en obras Pasivhaus.<span class=\"Apple-converted-space\">\u00a0<\/span><\/p>\n<\/div>\n<div>\n<p style=\"text-align: justify;\">Amplia experiencia en el sector de la construcci\u00f3n y promoci\u00f3n inmobiliaria.Participa en jornadas t\u00e9cnicas conferencias y eventos.\u00a0Le\u00a0atrae la construcci\u00f3n, la eficiencia energ\u00e9tica, el dise\u00f1o y la tecnolog\u00eda. Acostumbrado a dirigir equipos, t\u00e9cnicos y comerciales.<\/p>\n<p><img loading=\"lazy\" decoding=\"async\" class=\"aligncenter size-full wp-image-2890\" src=\"http:\/\/eesap.eu\/wp-content\/uploads\/2015\/07\/Captura-de-pantalla-2020-11-18-a-las-18.48.51.png\" alt=\"\" width=\"1996\" height=\"296\" srcset=\"https:\/\/eesap.eu\/wp-content\/uploads\/2015\/07\/Captura-de-pantalla-2020-11-18-a-las-18.48.51.png 1996w, https:\/\/eesap.eu\/wp-content\/uploads\/2015\/07\/Captura-de-pantalla-2020-11-18-a-las-18.48.51-300x44.png 300w, https:\/\/eesap.eu\/wp-content\/uploads\/2015\/07\/Captura-de-pantalla-2020-11-18-a-las-18.48.51-768x114.png 768w, https:\/\/eesap.eu\/wp-content\/uploads\/2015\/07\/Captura-de-pantalla-2020-11-18-a-las-18.48.51-1024x152.png 1024w, https:\/\/eesap.eu\/wp-content\/uploads\/2015\/07\/Captura-de-pantalla-2020-11-18-a-las-18.48.51-260x39.png 260w, https:\/\/eesap.eu\/wp-content\/uploads\/2015\/07\/Captura-de-pantalla-2020-11-18-a-las-18.48.51-50x7.png 50w, https:\/\/eesap.eu\/wp-content\/uploads\/2015\/07\/Captura-de-pantalla-2020-11-18-a-las-18.48.51-200x30.png 200w\" sizes=\"auto, (max-width: 1996px) 100vw, 1996px\" \/><\/p>\n<\/div>\n<div>\n<p style=\"text-align: right;\"><a class=\"button button_20 button_WHITE \" href=\"http:\/\/eesap.eu\/wp-content\/uploads\/2020\/11\/Daniel-Morales.pdf\" target=\"_blank\">DESCARGAR FICHA<\/a>\n<\/p>\n<hr \/>\n<\/div>\n<div><\/div>\n<div>\n<h4><span style=\"color: #008080;\"><img loading=\"lazy\" decoding=\"async\" class=\"wp-image-2883 alignleft\" src=\"http:\/\/eesap.eu\/wp-content\/uploads\/2015\/07\/Gabriela-korsakas.png\" alt=\"\" width=\"234\" height=\"234\" srcset=\"https:\/\/eesap.eu\/wp-content\/uploads\/2015\/07\/Gabriela-korsakas.png 358w, https:\/\/eesap.eu\/wp-content\/uploads\/2015\/07\/Gabriela-korsakas-150x150.png 150w, https:\/\/eesap.eu\/wp-content\/uploads\/2015\/07\/Gabriela-korsakas-300x300.png 300w, https:\/\/eesap.eu\/wp-content\/uploads\/2015\/07\/Gabriela-korsakas-146x146.png 146w, https:\/\/eesap.eu\/wp-content\/uploads\/2015\/07\/Gabriela-korsakas-50x50.png 50w, https:\/\/eesap.eu\/wp-content\/uploads\/2015\/07\/Gabriela-korsakas-80x80.png 80w, https:\/\/eesap.eu\/wp-content\/uploads\/2015\/07\/Gabriela-korsakas-70x70.png 70w\" sizes=\"auto, (max-width: 234px) 100vw, 234px\" \/><br \/>\nD\u00f1a.\u00a0GABRIELA KORSAKAS RODRIGUEZ\u00a0<\/span><\/h4>\n<\/div>\n<div>\n<p>DIRECTORA DE OPERACIONES.\u00a0COCIRCULAR, ZUBILABS<\/p>\n<\/div>\n<div>\n<p style=\"text-align: justify;\">Licenciada en Ingenier\u00eda Civil por la Universidad Metropolitana de Caracas, ha cursado estudios de postrado en marketing y ventas por la EAE Business School.<span class=\"Apple-converted-space\">\u00a0<\/span>Cuenta con m\u00e1s de 9 a\u00f1os de trayectoria profesional en empresa privada dentro del sector de la construcci\u00f3n en el \u00e1mbito internacional, Venezuela, Australia y Espa\u00f1a.<span class=\"Apple-converted-space\">\u00a0<\/span><\/p>\n<p style=\"text-align: justify;\">Desde hace unos meses, ocupa el puesto de Directora de Operaciones en la startup CoCircular, del grupo Zubilabs, que enfoca su actividad en apoyar a las empresas de la industria de la construcci\u00f3n a realizar una gesti\u00f3n sostenible de los residuos generados.<span class=\"Apple-converted-space\">\u00a0<\/span><\/p>\n<\/div>\n<div>\n<p><img loading=\"lazy\" decoding=\"async\" class=\"aligncenter size-full wp-image-2882\" src=\"http:\/\/eesap.eu\/wp-content\/uploads\/2015\/07\/Captura-de-pantalla-2020-11-18-a-las-18.34.17.png\" alt=\"\" width=\"1922\" height=\"154\" srcset=\"https:\/\/eesap.eu\/wp-content\/uploads\/2015\/07\/Captura-de-pantalla-2020-11-18-a-las-18.34.17.png 1922w, https:\/\/eesap.eu\/wp-content\/uploads\/2015\/07\/Captura-de-pantalla-2020-11-18-a-las-18.34.17-300x24.png 300w, https:\/\/eesap.eu\/wp-content\/uploads\/2015\/07\/Captura-de-pantalla-2020-11-18-a-las-18.34.17-768x62.png 768w, https:\/\/eesap.eu\/wp-content\/uploads\/2015\/07\/Captura-de-pantalla-2020-11-18-a-las-18.34.17-1024x82.png 1024w, https:\/\/eesap.eu\/wp-content\/uploads\/2015\/07\/Captura-de-pantalla-2020-11-18-a-las-18.34.17-260x21.png 260w, https:\/\/eesap.eu\/wp-content\/uploads\/2015\/07\/Captura-de-pantalla-2020-11-18-a-las-18.34.17-50x4.png 50w, https:\/\/eesap.eu\/wp-content\/uploads\/2015\/07\/Captura-de-pantalla-2020-11-18-a-las-18.34.17-200x16.png 200w\" sizes=\"auto, (max-width: 1922px) 100vw, 1922px\" \/><\/p>\n<\/div>\n<div>\n<p style=\"text-align: right;\"><a class=\"button button_20 button_WHITE \" href=\"http:\/\/eesap.eu\/wp-content\/uploads\/2020\/11\/Gabriela-Korsakas.pdf\" target=\"_blank\">DESCARGAR FICHA<\/a>\n<\/p>\n<\/div>\n<div>\n<hr \/>\n<div>\n<h4><span style=\"color: #008080;\"><img loading=\"lazy\" decoding=\"async\" class=\"wp-image-2805 alignleft\" src=\"http:\/\/eesap.eu\/wp-content\/uploads\/2015\/07\/mireia-de-diego.png\" alt=\"\" width=\"234\" height=\"234\" srcset=\"https:\/\/eesap.eu\/wp-content\/uploads\/2015\/07\/mireia-de-diego.png 357w, https:\/\/eesap.eu\/wp-content\/uploads\/2015\/07\/mireia-de-diego-150x150.png 150w, https:\/\/eesap.eu\/wp-content\/uploads\/2015\/07\/mireia-de-diego-300x300.png 300w, https:\/\/eesap.eu\/wp-content\/uploads\/2015\/07\/mireia-de-diego-146x146.png 146w, https:\/\/eesap.eu\/wp-content\/uploads\/2015\/07\/mireia-de-diego-50x50.png 50w, https:\/\/eesap.eu\/wp-content\/uploads\/2015\/07\/mireia-de-diego-80x80.png 80w, https:\/\/eesap.eu\/wp-content\/uploads\/2015\/07\/mireia-de-diego-70x70.png 70w\" sizes=\"auto, (max-width: 234px) 100vw, 234px\" \/><br \/>\nD\u00f1a. MIREIA DE DIEGO IBA\u00d1EZ<\/span><\/h4>\n<\/div>\n<div>\n<p>GERENTE EXCAVACIONES Y OBRAS DE DIEGO<\/p>\n<\/div>\n<div>\n<p style=\"text-align: justify;\">Gerente de la empresa familiar Excavaciones y Obras de Diego, asume las labores gerenciales en 2004. En los \u00faltimos 15 a\u00f1os pasa de ser una empresa subcontratista a posicionarse como contrata principal, apostando fuertemente por la innovaci\u00f3n y la econom\u00eda circular.<\/p>\n<p style=\"text-align: justify;\">Mireia ha sido reconocida como empresaria del a\u00f1o por la Asociaci\u00f3n de empresarias y Directivas de Bizkaia en 2017. Asumi\u00f3 los cargos de presidenta de Eraikune, Cl\u00faster de la Construcci\u00f3n de Euskadi durante los a\u00f1os 2015-2017 y presidenta de la Asociaci\u00f3n Vizca\u00edna de Excavadores desde 2017 hasta 2020.<span class=\"Apple-converted-space\">\u00a0<\/span><\/p>\n<\/div>\n<div>\n<p><img loading=\"lazy\" decoding=\"async\" class=\"aligncenter size-full wp-image-2882\" src=\"http:\/\/eesap.eu\/wp-content\/uploads\/2015\/07\/Captura-de-pantalla-2020-11-18-a-las-18.34.17.png\" alt=\"\" width=\"1922\" height=\"154\" srcset=\"https:\/\/eesap.eu\/wp-content\/uploads\/2015\/07\/Captura-de-pantalla-2020-11-18-a-las-18.34.17.png 1922w, https:\/\/eesap.eu\/wp-content\/uploads\/2015\/07\/Captura-de-pantalla-2020-11-18-a-las-18.34.17-300x24.png 300w, https:\/\/eesap.eu\/wp-content\/uploads\/2015\/07\/Captura-de-pantalla-2020-11-18-a-las-18.34.17-768x62.png 768w, https:\/\/eesap.eu\/wp-content\/uploads\/2015\/07\/Captura-de-pantalla-2020-11-18-a-las-18.34.17-1024x82.png 1024w, https:\/\/eesap.eu\/wp-content\/uploads\/2015\/07\/Captura-de-pantalla-2020-11-18-a-las-18.34.17-260x21.png 260w, https:\/\/eesap.eu\/wp-content\/uploads\/2015\/07\/Captura-de-pantalla-2020-11-18-a-las-18.34.17-50x4.png 50w, https:\/\/eesap.eu\/wp-content\/uploads\/2015\/07\/Captura-de-pantalla-2020-11-18-a-las-18.34.17-200x16.png 200w\" sizes=\"auto, (max-width: 1922px) 100vw, 1922px\" \/><\/p>\n<\/div>\n<div>\n<p style=\"text-align: right;\"><a class=\"button button_20 button_WHITE \" href=\"http:\/\/eesap.eu\/wp-content\/uploads\/2020\/11\/Mireia-De-Diego-.pdf\" target=\"_blank\">DESCARGAR FICHA<\/a>\n<\/p>\n<\/div>\n<div>\n<div>\n<hr \/>\n<div>\n<h4><span style=\"color: #008080;\"><img loading=\"lazy\" decoding=\"async\" class=\"wp-image-2886 alignleft\" src=\"http:\/\/eesap.eu\/wp-content\/uploads\/2015\/07\/Ion-marques.png\" alt=\"\" width=\"235\" height=\"234\" srcset=\"https:\/\/eesap.eu\/wp-content\/uploads\/2015\/07\/Ion-marques.png 358w, https:\/\/eesap.eu\/wp-content\/uploads\/2015\/07\/Ion-marques-150x150.png 150w, https:\/\/eesap.eu\/wp-content\/uploads\/2015\/07\/Ion-marques-300x300.png 300w, https:\/\/eesap.eu\/wp-content\/uploads\/2015\/07\/Ion-marques-146x146.png 146w, https:\/\/eesap.eu\/wp-content\/uploads\/2015\/07\/Ion-marques-50x50.png 50w, https:\/\/eesap.eu\/wp-content\/uploads\/2015\/07\/Ion-marques-80x80.png 80w, https:\/\/eesap.eu\/wp-content\/uploads\/2015\/07\/Ion-marques-70x70.png 70w\" sizes=\"auto, (max-width: 235px) 100vw, 235px\" \/><\/span><\/h4>\n<h4><\/h4>\n<h4><span style=\"color: #008080;\">D. ION MARQU\u00c9S OS\u00c9S<\/span><\/h4>\n<\/div>\n<div>\n<p>RESPONSABLE T\u00c9CNICO, TECNALIA R&amp;I CERTIFICACI\u00d3N<\/p>\n<\/div>\n<div>\n<p style=\"text-align: justify;\">Responsable de las certificaciones en el \u00e1mbito regulatorio y en particular del Marcado CE bajo el Reglamento de Productos de Construcci\u00f3n.<\/p>\n<p style=\"text-align: justify;\">Ingeniero superior en Organizaci\u00f3n Industrial por la UPV\/EHU, M\u00e1ster en Gesti\u00f3n de Calidad y Curso T\u00e9cnico Superior en Prevenci\u00f3n de Riesgos Laborales.<\/p>\n<p style=\"text-align: justify;\">Desde 2009 es responsable en Tecnalia Certificaci\u00f3n del Marcado CE para diversos productos y materiales de construcci\u00f3n, disponiendo adem\u00e1s de experiencia en proyectos de I+D relacionados con el empleo de residuos como \u00e1ridos en obras de construcci\u00f3n.<\/p>\n<\/div>\n<div>\n<p><img loading=\"lazy\" decoding=\"async\" class=\"aligncenter size-full wp-image-2882\" src=\"http:\/\/eesap.eu\/wp-content\/uploads\/2015\/07\/Captura-de-pantalla-2020-11-18-a-las-18.34.17.png\" alt=\"\" width=\"1922\" height=\"154\" srcset=\"https:\/\/eesap.eu\/wp-content\/uploads\/2015\/07\/Captura-de-pantalla-2020-11-18-a-las-18.34.17.png 1922w, https:\/\/eesap.eu\/wp-content\/uploads\/2015\/07\/Captura-de-pantalla-2020-11-18-a-las-18.34.17-300x24.png 300w, https:\/\/eesap.eu\/wp-content\/uploads\/2015\/07\/Captura-de-pantalla-2020-11-18-a-las-18.34.17-768x62.png 768w, https:\/\/eesap.eu\/wp-content\/uploads\/2015\/07\/Captura-de-pantalla-2020-11-18-a-las-18.34.17-1024x82.png 1024w, https:\/\/eesap.eu\/wp-content\/uploads\/2015\/07\/Captura-de-pantalla-2020-11-18-a-las-18.34.17-260x21.png 260w, https:\/\/eesap.eu\/wp-content\/uploads\/2015\/07\/Captura-de-pantalla-2020-11-18-a-las-18.34.17-50x4.png 50w, https:\/\/eesap.eu\/wp-content\/uploads\/2015\/07\/Captura-de-pantalla-2020-11-18-a-las-18.34.17-200x16.png 200w\" sizes=\"auto, (max-width: 1922px) 100vw, 1922px\" \/><\/p>\n<\/div>\n<div>\n<p style=\"text-align: right;\"><a class=\"button button_20 button_WHITE \" href=\"http:\/\/eesap.eu\/wp-content\/uploads\/2020\/11\/Ion-Marques.pdf\" target=\"_blank\">DESCARGAR FICHA<\/a>\n<\/p>\n<\/div>\n<\/div>\n<hr \/>\n<\/div>\n<div>\n<h4><span style=\"color: #008080;\"><img loading=\"lazy\" decoding=\"async\" class=\"wp-image-2804 alignleft\" style=\"padding-bottom: 60px;\" src=\"http:\/\/eesap.eu\/wp-content\/uploads\/2015\/07\/german.png\" alt=\"\" width=\"234\" height=\"234\" srcset=\"https:\/\/eesap.eu\/wp-content\/uploads\/2015\/07\/german.png 358w, https:\/\/eesap.eu\/wp-content\/uploads\/2015\/07\/german-150x150.png 150w, https:\/\/eesap.eu\/wp-content\/uploads\/2015\/07\/german-300x300.png 300w, https:\/\/eesap.eu\/wp-content\/uploads\/2015\/07\/german-146x146.png 146w, https:\/\/eesap.eu\/wp-content\/uploads\/2015\/07\/german-50x50.png 50w, https:\/\/eesap.eu\/wp-content\/uploads\/2015\/07\/german-80x80.png 80w, https:\/\/eesap.eu\/wp-content\/uploads\/2015\/07\/german-70x70.png 70w\" sizes=\"auto, (max-width: 234px) 100vw, 234px\" \/><\/span><\/h4>\n<h4><span style=\"color: #008080;\">D. GERM\u00c1N CASTELLANOS<\/span><\/h4>\n<\/div>\n<div>\n<p>GERENTE PROYECTO DE RENOVACI\u00d3N URBANA TRIANGULO DE FENICIA. UNIVERSIDAD DE LOS ANDES<\/p>\n<\/div>\n<div>\n<p style=\"text-align: justify;\">Arquitecto 1988 y Magister en Planeamiento Urbano y Regional 2009 de la Universidad Javeriana. Con amplia experiencia en gerencia integral de proyectos urbanos y logros significativos en el desarrollo de negocios inmobiliarios.<\/p>\n<p style=\"text-align: justify;\">Experto en la formulaci\u00f3n de planes maestros, operaciones urbanas integrales y formaci\u00f3n de nuevas ciudades dirigiendo equipos interdisciplinarios para la ejecuci\u00f3n de planes y proyectos urban\u00edsticos a gran escala.<\/p>\n<p style=\"text-align: justify;\">Desde 2016 encargado de la gerencia del Proyecto de Renovaci\u00f3n Urbana Tri\u00e1ngulo de Fenicia para la Universidad de los Andes, que comprende la gesti\u00f3n asociada del suelo con 520 propietarios en el centro de Bogot\u00e1.<\/p>\n<\/div>\n<div>\n<p style=\"text-align: right;\"><img loading=\"lazy\" decoding=\"async\" class=\"aligncenter size-full wp-image-2777\" src=\"http:\/\/eesap.eu\/wp-content\/uploads\/2020\/11\/Captura-de-pantalla-2020-11-17-a-las-15.20.38.png\" alt=\"\" width=\"2056\" height=\"468\" srcset=\"https:\/\/eesap.eu\/wp-content\/uploads\/2020\/11\/Captura-de-pantalla-2020-11-17-a-las-15.20.38.png 2056w, https:\/\/eesap.eu\/wp-content\/uploads\/2020\/11\/Captura-de-pantalla-2020-11-17-a-las-15.20.38-300x68.png 300w, https:\/\/eesap.eu\/wp-content\/uploads\/2020\/11\/Captura-de-pantalla-2020-11-17-a-las-15.20.38-768x175.png 768w, https:\/\/eesap.eu\/wp-content\/uploads\/2020\/11\/Captura-de-pantalla-2020-11-17-a-las-15.20.38-1024x233.png 1024w, https:\/\/eesap.eu\/wp-content\/uploads\/2020\/11\/Captura-de-pantalla-2020-11-17-a-las-15.20.38-260x59.png 260w, https:\/\/eesap.eu\/wp-content\/uploads\/2020\/11\/Captura-de-pantalla-2020-11-17-a-las-15.20.38-50x11.png 50w, https:\/\/eesap.eu\/wp-content\/uploads\/2020\/11\/Captura-de-pantalla-2020-11-17-a-las-15.20.38-200x46.png 200w\" sizes=\"auto, (max-width: 2056px) 100vw, 2056px\" \/><a class=\"button button_20 button_WHITE \" href=\"http:\/\/eesap.eu\/wp-content\/uploads\/2020\/11\/German-castellanos.pdf\" target=\"_blank\">DESCARGAR FICHA<\/a>\n<\/p>\n<hr \/>\n<\/div>\n<div><\/div>\n<\/div>\n<\/div>\n<div>\n<div>\n<h4><img loading=\"lazy\" decoding=\"async\" class=\"wp-image-3120 alignleft\" src=\"http:\/\/eesap.eu\/wp-content\/uploads\/2015\/07\/Monica-bibiana.png\" alt=\"\" width=\"234\" height=\"234\" srcset=\"https:\/\/eesap.eu\/wp-content\/uploads\/2015\/07\/Monica-bibiana.png 358w, https:\/\/eesap.eu\/wp-content\/uploads\/2015\/07\/Monica-bibiana-150x150.png 150w, https:\/\/eesap.eu\/wp-content\/uploads\/2015\/07\/Monica-bibiana-300x300.png 300w, https:\/\/eesap.eu\/wp-content\/uploads\/2015\/07\/Monica-bibiana-146x146.png 146w, https:\/\/eesap.eu\/wp-content\/uploads\/2015\/07\/Monica-bibiana-50x50.png 50w, https:\/\/eesap.eu\/wp-content\/uploads\/2015\/07\/Monica-bibiana-80x80.png 80w, https:\/\/eesap.eu\/wp-content\/uploads\/2015\/07\/Monica-bibiana-70x70.png 70w\" sizes=\"auto, (max-width: 234px) 100vw, 234px\" \/><\/h4>\n<h4><span style=\"color: #008080;\">D\u00d1A. MONICA BIBIANA P\u00c1EZ MORENO<\/span><\/h4>\n<p>Directora Sector Construcci\u00f3n y Energ\u00eda, C\u00c1MARA DE COMERCIO DE BOGOT\u00c1<\/p>\n<p style=\"text-align: justify;\">Magister en Comercio Internacional de la Universidad de P\u00e1dua, Italia, Especialista en Negociaci\u00f3n y Relaciones Internacionales de La Universidad de los Andes y Profesional en Finanzas y Relaciones Internacionales de la Universidad Externado de Colombia. Labor\u00f3 5 a\u00f1os en el sector p\u00fablico en temas de negociaciones comerciales y desde hace 11 a\u00f1os gerencia proyectos para el mejoramiento del entorno y la competitividad en la C\u00e1mara de Comercio de Bogot\u00e1.<\/p>\n<p>Actualmente se desempe\u00f1a como Directora del Sector Construcci\u00f3n y Energ\u00eda en la C\u00e1mara de Comercio de Bogot\u00e1.<\/p>\n<\/div>\n<div>\n<p><img loading=\"lazy\" decoding=\"async\" class=\"aligncenter size-full wp-image-3121\" src=\"http:\/\/eesap.eu\/wp-content\/uploads\/2015\/07\/Captura-de-pantalla-2020-11-27-a-las-16.49.38.png\" alt=\"\" width=\"1444\" height=\"140\" srcset=\"https:\/\/eesap.eu\/wp-content\/uploads\/2015\/07\/Captura-de-pantalla-2020-11-27-a-las-16.49.38.png 1444w, https:\/\/eesap.eu\/wp-content\/uploads\/2015\/07\/Captura-de-pantalla-2020-11-27-a-las-16.49.38-300x29.png 300w, https:\/\/eesap.eu\/wp-content\/uploads\/2015\/07\/Captura-de-pantalla-2020-11-27-a-las-16.49.38-768x74.png 768w, https:\/\/eesap.eu\/wp-content\/uploads\/2015\/07\/Captura-de-pantalla-2020-11-27-a-las-16.49.38-1024x99.png 1024w, https:\/\/eesap.eu\/wp-content\/uploads\/2015\/07\/Captura-de-pantalla-2020-11-27-a-las-16.49.38-260x25.png 260w, https:\/\/eesap.eu\/wp-content\/uploads\/2015\/07\/Captura-de-pantalla-2020-11-27-a-las-16.49.38-50x5.png 50w, https:\/\/eesap.eu\/wp-content\/uploads\/2015\/07\/Captura-de-pantalla-2020-11-27-a-las-16.49.38-200x19.png 200w\" sizes=\"auto, (max-width: 1444px) 100vw, 1444px\" \/><\/p>\n<\/div>\n<div>\n<p style=\"text-align: right;\"><a class=\"button button_20 button_WHITE \" href=\"http:\/\/eesap.eu\/wp-content\/uploads\/2020\/11\/Monica-Bibiana-Paez.pdf\" target=\"_blank\">DESCARGAR FICHA<\/a>\n<\/p>\n<hr \/>\n<div>\n<h4><img loading=\"lazy\" decoding=\"async\" class=\"wp-image-2897 alignleft\" style=\"padding-bottom: 200px;\" src=\"http:\/\/eesap.eu\/wp-content\/uploads\/2015\/07\/Leydi-Maria-Carrillo-1.png\" alt=\"\" width=\"234\" height=\"233\" srcset=\"https:\/\/eesap.eu\/wp-content\/uploads\/2015\/07\/Leydi-Maria-Carrillo-1.png 358w, https:\/\/eesap.eu\/wp-content\/uploads\/2015\/07\/Leydi-Maria-Carrillo-1-150x150.png 150w, https:\/\/eesap.eu\/wp-content\/uploads\/2015\/07\/Leydi-Maria-Carrillo-1-300x300.png 300w, https:\/\/eesap.eu\/wp-content\/uploads\/2015\/07\/Leydi-Maria-Carrillo-1-146x146.png 146w, https:\/\/eesap.eu\/wp-content\/uploads\/2015\/07\/Leydi-Maria-Carrillo-1-50x50.png 50w, https:\/\/eesap.eu\/wp-content\/uploads\/2015\/07\/Leydi-Maria-Carrillo-1-80x80.png 80w, https:\/\/eesap.eu\/wp-content\/uploads\/2015\/07\/Leydi-Maria-Carrillo-1-70x70.png 70w\" sizes=\"auto, (max-width: 234px) 100vw, 234px\" \/><span style=\"color: #008080;\">D\u00f1a.LEYDI MARIA CARRILLO AGUILAR<\/span><\/h4>\n<p>DIRECTORA, PLANEACI\u00d3N TERRITORIAL DEL INSTITUTO DE LA VIVIENDA DEL ESTADO DE YUCAT\u00c1N<\/p>\n<p style=\"text-align: justify;\">Arquitecta por la Facultad de Arquitectura de la Universidad Aut\u00f3noma de Yucat\u00e1n, cuenta con diversos diplomados en diferentes \u00e1reas entre las que destacan Diplomado en Urbanismo, Diplomado en Desarrolladores de Vivienda del Tecnol\u00f3gico de Monterrey, as\u00ed como talleres de Aplicaci\u00f3n de la Ingenier\u00eda de Tr\u00e1nsito en el Dise\u00f1o Urbano por parte del colegio Yucateco de Arquitectos y curso de Accesibilidad Universal, Taller de Planeaci\u00f3n Urbana Y Taller de Calles e Infraestructura Verde por parte de la Universidad Nacional Aut\u00f3noma de M\u00e9xico.<\/p>\n<p style=\"text-align: justify;\">En experiencia profesional ha sido titular del \u00e1rea de Planeaci\u00f3n, Dise\u00f1o de Fraccionamientos y Modelos de Vivienda llev\u00e1ndose a cabo la construcci\u00f3n de aproximadamente 30,000 viviendas, adicionalmente, en materia de Planeaci\u00f3n Urbana ha participado como coordinadora y asesora en la elaboraci\u00f3n de Programas de Desarrollo Urbano.<\/p>\n<p style=\"text-align: justify;\">Actualmente se desempe\u00f1a como Directora de Planeaci\u00f3n Territorial del Instituto de Vivienda del Estado de Yucat\u00e1n, tiene a su cargo la realizaci\u00f3n de la planeaci\u00f3n en la estrategia de la pol\u00edtica de vivienda.<\/p>\n<\/div>\n<div>\n<p><img loading=\"lazy\" decoding=\"async\" class=\"aligncenter size-full wp-image-2895\" src=\"http:\/\/eesap.eu\/wp-content\/uploads\/2015\/07\/Captura-de-pantalla-2020-11-18-a-las-18.55.53.png\" alt=\"\" width=\"2004\" height=\"136\" srcset=\"https:\/\/eesap.eu\/wp-content\/uploads\/2015\/07\/Captura-de-pantalla-2020-11-18-a-las-18.55.53.png 2004w, https:\/\/eesap.eu\/wp-content\/uploads\/2015\/07\/Captura-de-pantalla-2020-11-18-a-las-18.55.53-300x20.png 300w, https:\/\/eesap.eu\/wp-content\/uploads\/2015\/07\/Captura-de-pantalla-2020-11-18-a-las-18.55.53-768x52.png 768w, https:\/\/eesap.eu\/wp-content\/uploads\/2015\/07\/Captura-de-pantalla-2020-11-18-a-las-18.55.53-1024x69.png 1024w, https:\/\/eesap.eu\/wp-content\/uploads\/2015\/07\/Captura-de-pantalla-2020-11-18-a-las-18.55.53-260x18.png 260w, https:\/\/eesap.eu\/wp-content\/uploads\/2015\/07\/Captura-de-pantalla-2020-11-18-a-las-18.55.53-50x3.png 50w, https:\/\/eesap.eu\/wp-content\/uploads\/2015\/07\/Captura-de-pantalla-2020-11-18-a-las-18.55.53-200x14.png 200w\" sizes=\"auto, (max-width: 2004px) 100vw, 2004px\" \/><\/p>\n<\/div>\n<div>\n<p style=\"text-align: right;\"><a class=\"button button_20 button_WHITE \" href=\"http:\/\/eesap.eu\/wp-content\/uploads\/2020\/11\/Leydi-Maria-Carrillo.pdf\" target=\"_blank\">DESCARGAR FICHA<\/a>\n<\/p>\n<\/div>\n<\/div>\n<\/div>\n<\/div>\n<\/div>\n<\/div>\n<\/div>\n","protected":false},"excerpt":{"rendered":"<p>&nbsp; \u00a0MI\u00c9RCOLES 2 DE DICIEMBRE &nbsp; D.\u00a0JON ANSOLEAGA UGARTE DIRECTOR\u00a0ERAIKUNE, CLUSTER DE LA CONSTRUCCI\u00d3N DE EUSKADI Cluster Manager de Eraikune, Cl\u00faster de la Construcci\u00f3n de Euskadi desde hace m\u00e1s de 3 a\u00f1os. Anteriormente, ha desarrollado actividades de consultor de innovaci\u00f3n y competitividad en IDOM, Consulting, Egineering, Architecture durante 5 a\u00f1os, participando como experto en el [&hellip;]<\/p>\n","protected":false},"author":3,"featured_media":0,"parent":2733,"menu_order":2,"comment_status":"open","ping_status":"closed","template":"","meta":{"_monsterinsights_skip_tracking":false,"footnotes":""},"class_list":["post-40","page","type-page","status-publish","hentry"],"_links":{"self":[{"href":"https:\/\/eesap.eu\/index.php\/wp-json\/wp\/v2\/pages\/40","targetHints":{"allow":["GET"]}}],"collection":[{"href":"https:\/\/eesap.eu\/index.php\/wp-json\/wp\/v2\/pages"}],"about":[{"href":"https:\/\/eesap.eu\/index.php\/wp-json\/wp\/v2\/types\/page"}],"author":[{"embeddable":true,"href":"https:\/\/eesap.eu\/index.php\/wp-json\/wp\/v2\/users\/3"}],"replies":[{"embeddable":true,"href":"https:\/\/eesap.eu\/index.php\/wp-json\/wp\/v2\/comments?post=40"}],"version-history":[{"count":60,"href":"https:\/\/eesap.eu\/index.php\/wp-json\/wp\/v2\/pages\/40\/revisions"}],"predecessor-version":[{"id":3131,"href":"https:\/\/eesap.eu\/index.php\/wp-json\/wp\/v2\/pages\/40\/revisions\/3131"}],"up":[{"embeddable":true,"href":"https:\/\/eesap.eu\/index.php\/wp-json\/wp\/v2\/pages\/2733"}],"wp:attachment":[{"href":"https:\/\/eesap.eu\/index.php\/wp-json\/wp\/v2\/media?parent=40"}],"curies":[{"name":"wp","href":"https:\/\/api.w.org\/{rel}","templated":true}]}}