{"id":2945,"date":"2020-11-19T10:30:07","date_gmt":"2020-11-19T09:30:07","guid":{"rendered":"http:\/\/eesap.eu\/?page_id=2945"},"modified":"2020-11-27T17:08:08","modified_gmt":"2020-11-27T16:08:08","slug":"ponentes-sala-eesap-2","status":"publish","type":"page","link":"https:\/\/eesap.eu\/index.php\/es\/programa-2\/ponentes\/ponentes-sala-eesap-2\/","title":{"rendered":"PONENTES SALA EESAP (2)"},"content":{"rendered":"<p>&nbsp;<\/p>\n<h1><strong>MI\u00c9RCOLES 2\u00a0DE DICIEMBRE<\/strong><\/h1>\n<hr \/>\n<h4><span style=\"color: #008080;\"><br \/>\n<img decoding=\"async\" class=\"wp-image-2947 alignleft\" style=\"padding-bottom: 80px;\" src=\"http:\/\/eesap.eu\/wp-content\/uploads\/2020\/11\/Carlos-Orbez.png\" alt=\"\" width=\"234\" height=\"&quot;234\" srcset=\"https:\/\/eesap.eu\/wp-content\/uploads\/2020\/11\/Carlos-Orbez.png 339w, https:\/\/eesap.eu\/wp-content\/uploads\/2020\/11\/Carlos-Orbez-150x150.png 150w, https:\/\/eesap.eu\/wp-content\/uploads\/2020\/11\/Carlos-Orbez-300x300.png 300w, https:\/\/eesap.eu\/wp-content\/uploads\/2020\/11\/Carlos-Orbez-146x146.png 146w, https:\/\/eesap.eu\/wp-content\/uploads\/2020\/11\/Carlos-Orbez-50x50.png 50w, https:\/\/eesap.eu\/wp-content\/uploads\/2020\/11\/Carlos-Orbez-80x80.png 80w, https:\/\/eesap.eu\/wp-content\/uploads\/2020\/11\/Carlos-Orbez-70x70.png 70w\" sizes=\"(max-width: 339px) 100vw, 339px\" \/><\/span><span style=\"color: #008080;\">D. CARLOS ORBEA ASCASO<\/span><\/h4>\n<p>DIRECTOR T\u00c9CNICO DE ALOKABIDE<\/p>\n<p style=\"text-align: justify;\">Arquitecto, urbanista y M\u00e1ster en Valoraciones Inmobiliarias, tras su primera etapa como profesional libre durante diez a\u00f1os ejerci\u00f3 como Director T\u00e9cnico de ORUBIDE, centro de gesti\u00f3n de suelo y urbanismo del Gobierno Vasco.<\/p>\n<p style=\"text-align: justify;\">Experto tanto en desarrollo de nuevas promociones de vivienda p\u00fablica como en \u00e1mbitos objeto de Rehabilitaci\u00f3n y Renovaci\u00f3n Urbanas ha liderado grandes y complejos procesos de generaci\u00f3n del parque de viviendas tales como el desarrollo de la pen\u00ednsula de Zorrozaurre \u00f3 el de Bolueta en Bilbao, entre muchos otros.<\/p>\n<p style=\"text-align: justify;\">En la actualidad es Director T\u00e9cnico de ALOKABIDE, la sociedad p\u00fablica dependiente del Gobierno Vasco creada para el desarrollo de la funci\u00f3n social de la vivienda a trav\u00e9s de la pol\u00edtica de alquiler. Desde hace siete a\u00f1os dirige el \u00e1rea t\u00e9cnica asumiendo la responsabilidad de la creaci\u00f3n, el mantenimiento y la regeneraci\u00f3n del parque p\u00fablico de viviendas de alquiler, siempre desde un enfoque de apuesta por la Sostenibilidad y la Eficiencia Energ\u00e9tica.<\/p>\n<h4><span style=\"color: #008080;\"><img loading=\"lazy\" decoding=\"async\" class=\"aligncenter size-full wp-image-2949\" src=\"http:\/\/eesap.eu\/wp-content\/uploads\/2020\/11\/Captura-de-pantalla-2020-11-19-a-las-9.57.02.png\" alt=\"\" width=\"2222\" height=\"148\" srcset=\"https:\/\/eesap.eu\/wp-content\/uploads\/2020\/11\/Captura-de-pantalla-2020-11-19-a-las-9.57.02.png 2222w, https:\/\/eesap.eu\/wp-content\/uploads\/2020\/11\/Captura-de-pantalla-2020-11-19-a-las-9.57.02-300x20.png 300w, https:\/\/eesap.eu\/wp-content\/uploads\/2020\/11\/Captura-de-pantalla-2020-11-19-a-las-9.57.02-768x51.png 768w, https:\/\/eesap.eu\/wp-content\/uploads\/2020\/11\/Captura-de-pantalla-2020-11-19-a-las-9.57.02-1024x68.png 1024w, https:\/\/eesap.eu\/wp-content\/uploads\/2020\/11\/Captura-de-pantalla-2020-11-19-a-las-9.57.02-260x17.png 260w, https:\/\/eesap.eu\/wp-content\/uploads\/2020\/11\/Captura-de-pantalla-2020-11-19-a-las-9.57.02-50x3.png 50w, https:\/\/eesap.eu\/wp-content\/uploads\/2020\/11\/Captura-de-pantalla-2020-11-19-a-las-9.57.02-200x13.png 200w\" sizes=\"auto, (max-width: 2222px) 100vw, 2222px\" \/><\/span><\/h4>\n<p style=\"text-align: right;\"><a class=\"button button_20 button_WHITE \" href=\"http:\/\/eesap.eu\/wp-content\/uploads\/2020\/11\/Carlos-orbea.pdf\" target=\"_blank\">DESCARGAR FICHA<\/a>\n<\/p>\n<hr \/>\n<h4><span style=\"color: #008080;\"><br \/>\n<img loading=\"lazy\" decoding=\"async\" class=\"wp-image-2950 alignleft\" style=\"padding-bottom: 50px;\" src=\"http:\/\/eesap.eu\/wp-content\/uploads\/2020\/11\/Manuel-Ruiz-de-Adana.png\" alt=\"\" width=\"234\" height=\"235\" srcset=\"https:\/\/eesap.eu\/wp-content\/uploads\/2020\/11\/Manuel-Ruiz-de-Adana.png 357w, https:\/\/eesap.eu\/wp-content\/uploads\/2020\/11\/Manuel-Ruiz-de-Adana-150x150.png 150w, https:\/\/eesap.eu\/wp-content\/uploads\/2020\/11\/Manuel-Ruiz-de-Adana-300x300.png 300w, https:\/\/eesap.eu\/wp-content\/uploads\/2020\/11\/Manuel-Ruiz-de-Adana-146x146.png 146w, https:\/\/eesap.eu\/wp-content\/uploads\/2020\/11\/Manuel-Ruiz-de-Adana-50x50.png 50w, https:\/\/eesap.eu\/wp-content\/uploads\/2020\/11\/Manuel-Ruiz-de-Adana-80x80.png 80w, https:\/\/eesap.eu\/wp-content\/uploads\/2020\/11\/Manuel-Ruiz-de-Adana-70x70.png 70w\" sizes=\"auto, (max-width: 234px) 100vw, 234px\" \/>D. MANUEL RUIZ DE ADANA SANTIAGO<\/span><\/h4>\n<p>\u00c1REA DE M\u00c1QUINAS Y MOTORES T\u00c9RMICOS. UNIVERSIDAD DE C\u00d3RDOBA<\/p>\n<p style=\"text-align: justify;\">Associate Professor, Department of Applied Thermodynamics, Polytechnic School of Industrial Engineering at University of Cordoba (Spain), member of Ashrae and Atecyr-Rehva.\u00a0His present research is related to energy efficiency of HVAC systems and indoor air topics.<\/p>\n<p style=\"text-align: justify;\">Renewable HVAC systems, Ventilate Facades and Green Roofs in buildings; Indoor Air and airborne cross infection risk between persons.Experience in laboratory and field experiments and thermal and fluid mechanics measurement techniques.<\/p>\n<p style=\"text-align: justify;\">Professor at undergraduate, graduate, Master and Ph.D. courses. Supervisor of Ph.D. and M.Sc. students. Has got leadership and management experience by leading international and national research projects, and by organizing national conferences and courses. Published in peer reviewed journals.Head of Applied Thermal Engineering Research Group (RATE TEP-974).<\/p>\n<p><img loading=\"lazy\" decoding=\"async\" class=\"aligncenter size-full wp-image-3073\" src=\"http:\/\/eesap.eu\/wp-content\/uploads\/2020\/11\/Captura-de-pantalla-2020-11-23-a-las-15.29.45.png\" alt=\"\" width=\"2228\" height=\"162\" srcset=\"https:\/\/eesap.eu\/wp-content\/uploads\/2020\/11\/Captura-de-pantalla-2020-11-23-a-las-15.29.45.png 2228w, https:\/\/eesap.eu\/wp-content\/uploads\/2020\/11\/Captura-de-pantalla-2020-11-23-a-las-15.29.45-300x22.png 300w, https:\/\/eesap.eu\/wp-content\/uploads\/2020\/11\/Captura-de-pantalla-2020-11-23-a-las-15.29.45-768x56.png 768w, https:\/\/eesap.eu\/wp-content\/uploads\/2020\/11\/Captura-de-pantalla-2020-11-23-a-las-15.29.45-1024x74.png 1024w, https:\/\/eesap.eu\/wp-content\/uploads\/2020\/11\/Captura-de-pantalla-2020-11-23-a-las-15.29.45-260x19.png 260w, https:\/\/eesap.eu\/wp-content\/uploads\/2020\/11\/Captura-de-pantalla-2020-11-23-a-las-15.29.45-50x4.png 50w, https:\/\/eesap.eu\/wp-content\/uploads\/2020\/11\/Captura-de-pantalla-2020-11-23-a-las-15.29.45-200x15.png 200w\" sizes=\"auto, (max-width: 2228px) 100vw, 2228px\" \/><\/p>\n<p style=\"text-align: right;\"><a class=\"button button_20 button_WHITE \" href=\"http:\/\/eesap.eu\/wp-content\/uploads\/2020\/11\/Manuel-Ruiz-de-Adana.pdf\" target=\"_blank\">DESCARGAR FICHA<\/a>\n<\/p>\n<hr \/>\n<h4>\u00a0<img loading=\"lazy\" decoding=\"async\" class=\"wp-image-2967 alignleft\" style=\"padding-bottom: 230px;\" src=\"http:\/\/eesap.eu\/wp-content\/uploads\/2020\/11\/Alvaro-ruiz.png\" alt=\"\" width=\"234\" height=\"235\" srcset=\"https:\/\/eesap.eu\/wp-content\/uploads\/2020\/11\/Alvaro-ruiz.png 357w, https:\/\/eesap.eu\/wp-content\/uploads\/2020\/11\/Alvaro-ruiz-150x150.png 150w, https:\/\/eesap.eu\/wp-content\/uploads\/2020\/11\/Alvaro-ruiz-300x300.png 300w, https:\/\/eesap.eu\/wp-content\/uploads\/2020\/11\/Alvaro-ruiz-146x146.png 146w, https:\/\/eesap.eu\/wp-content\/uploads\/2020\/11\/Alvaro-ruiz-50x50.png 50w, https:\/\/eesap.eu\/wp-content\/uploads\/2020\/11\/Alvaro-ruiz-80x80.png 80w, https:\/\/eesap.eu\/wp-content\/uploads\/2020\/11\/Alvaro-ruiz-70x70.png 70w\" sizes=\"auto, (max-width: 234px) 100vw, 234px\" \/><span style=\"color: #008080;\">D. \u00c1LVARO RUIZ PARDO<\/span><\/h4>\n<p>\u00c1REA DE M\u00c1QUINAS Y MOTORES T\u00c9RMICOS. UNIVERSIDAD DE C\u00c1DIZ<\/p>\n<p>Dr. Ing. Industrial por la Universidad de Sevilla, Master en Ingenier\u00eda Mec\u00e1nica por la Universidad de los Andes, Ingeniero Mec\u00e1nico por la Universidad Nacional de Colombia.<span class=\"Apple-converted-space\">\u00a0<\/span><\/p>\n<p style=\"text-align: justify;\"><b>Experiencia Profesional:<\/b>Ecopetrol, refiner\u00eda de Barrancabermeja, Divisi\u00f3n de Proyectos, \u00c1rea de programaci\u00f3n y control.<span class=\"Apple-converted-space\">\u00a0<\/span>Bavaria (f\u00e1brica de cerveza), Divisi\u00f3n de Ingenier\u00eda. Departamento de Refrigeraci\u00f3n, Climatizaci\u00f3n, Aire comprimido y Plantas de CO2.<\/p>\n<p style=\"text-align: justify;\"><b>Actividad Acad\u00e9mica:<\/b>Universidad de Sevilla, Departamento de Ingenier\u00eda Energ\u00e9tica, Profesor Sustituto Interino.\u00a0Universidad de C\u00e1diz, Departamento de M\u00e1quinas y Motores T\u00e9rmicos, Profesor Contratado Doctor (cargo actual)<\/p>\n<p style=\"text-align: justify;\"><b>Actividad Investigadora:<\/b>La actividad investigadora se ha centrado principalmente en los siguientes temas: Elementos innovadores de la envuelta edificatoria desde el punto de vista energ\u00e9tico; Elementos para el almacenamiento de energ\u00eda t\u00e9rmica en la edificaci\u00f3n, con \u00e9nfasis en los materiales de cambio de fase; Simulaci\u00f3n t\u00e9rmica de los edificios y sus elementos; Simulaci\u00f3n t\u00e9rmica de sistemas radiantes.<span class=\"Apple-converted-space\">\u00a0<\/span>Producto de los anteriores estudios se han publicado 17 art\u00edculos en revistas internacionales, 10 de ellos en revistas del primer cuartil, se han realizado 25 aportaciones a congresos internacionales y se ha participado en 7 proyectos de investigaci\u00f3n de \u00e1mbito europeo, nacional y auton\u00f3mico de concurrencia competitiva, as\u00ed como en 12 contratos de investigaci\u00f3n.<\/p>\n<p><img loading=\"lazy\" decoding=\"async\" class=\"aligncenter size-full wp-image-2952\" src=\"http:\/\/eesap.eu\/wp-content\/uploads\/2020\/11\/Captura-de-pantalla-2020-11-19-a-las-9.43.07-1.png\" alt=\"\" width=\"1996\" height=\"146\" srcset=\"https:\/\/eesap.eu\/wp-content\/uploads\/2020\/11\/Captura-de-pantalla-2020-11-19-a-las-9.43.07-1.png 1996w, https:\/\/eesap.eu\/wp-content\/uploads\/2020\/11\/Captura-de-pantalla-2020-11-19-a-las-9.43.07-1-300x22.png 300w, https:\/\/eesap.eu\/wp-content\/uploads\/2020\/11\/Captura-de-pantalla-2020-11-19-a-las-9.43.07-1-768x56.png 768w, https:\/\/eesap.eu\/wp-content\/uploads\/2020\/11\/Captura-de-pantalla-2020-11-19-a-las-9.43.07-1-1024x75.png 1024w, https:\/\/eesap.eu\/wp-content\/uploads\/2020\/11\/Captura-de-pantalla-2020-11-19-a-las-9.43.07-1-260x19.png 260w, https:\/\/eesap.eu\/wp-content\/uploads\/2020\/11\/Captura-de-pantalla-2020-11-19-a-las-9.43.07-1-50x4.png 50w, https:\/\/eesap.eu\/wp-content\/uploads\/2020\/11\/Captura-de-pantalla-2020-11-19-a-las-9.43.07-1-200x15.png 200w\" sizes=\"auto, (max-width: 1996px) 100vw, 1996px\" \/><\/p>\n<p style=\"text-align: right;\"><a class=\"button button_20 button_WHITE \" href=\"http:\/\/eesap.eu\/wp-content\/uploads\/2020\/11\/alvaro-ruiz.pdf\" target=\"_blank\">DESCARGAR FICHA<\/a>\n<\/p>\n<hr \/>\n<h4><img loading=\"lazy\" decoding=\"async\" class=\"wp-image-2953 alignleft\" style=\"padding-bottom: 30px;\" src=\"http:\/\/eesap.eu\/wp-content\/uploads\/2020\/11\/Jose-Sanchez.png\" alt=\"\" width=\"234\" height=\"234\" srcset=\"https:\/\/eesap.eu\/wp-content\/uploads\/2020\/11\/Jose-Sanchez.png 357w, https:\/\/eesap.eu\/wp-content\/uploads\/2020\/11\/Jose-Sanchez-150x150.png 150w, https:\/\/eesap.eu\/wp-content\/uploads\/2020\/11\/Jose-Sanchez-300x300.png 300w, https:\/\/eesap.eu\/wp-content\/uploads\/2020\/11\/Jose-Sanchez-146x146.png 146w, https:\/\/eesap.eu\/wp-content\/uploads\/2020\/11\/Jose-Sanchez-50x50.png 50w, https:\/\/eesap.eu\/wp-content\/uploads\/2020\/11\/Jose-Sanchez-80x80.png 80w, https:\/\/eesap.eu\/wp-content\/uploads\/2020\/11\/Jose-Sanchez-70x70.png 70w\" sizes=\"auto, (max-width: 234px) 100vw, 234px\" \/><\/h4>\n<h4><span style=\"color: #008080;\">D. FRANCISCO JOS\u00c9 S\u00c1NCHEZ DE LA FLOR<\/span><\/h4>\n<p>\u00c1REA DE M\u00c1QUINAS Y MOTORES T\u00c9RMICOS. UNIVERSIDAD DE C\u00c1DIZ<\/p>\n<p style=\"text-align: justify;\">Profesor Titular de la Universidad de C\u00e1diz, Francisco cuenta ya con 25 a\u00f1os de experiencia investigadora centrada en el estudio de la Eficiencia Energ\u00e9tica en Edificios.<\/p>\n<p style=\"text-align: justify;\">En esta l\u00ednea de investigaci\u00f3n ha colaborado con el Grupo de Termotecnia de la Universidad de Sevilla en el desarrollo de la secci\u00f3n de Limitaci\u00f3n de la Demanda y Limitaci\u00f3n del Consumo del C\u00f3digo T\u00e9cnico de la Edificaci\u00f3n, as\u00ed como en el procedimiento de Calificaci\u00f3n Energ\u00e9tica en Edificios.<\/p>\n<p style=\"text-align: justify;\">En la actualidad participa en varios proyectos de investigaci\u00f3n, entre otros el proyecto RECO2st de la convocatoria europea H2020 que busca soluciones tecnol\u00f3gicas para la rehabilitaci\u00f3n energ\u00e9tica de edificios.<\/p>\n<p><img loading=\"lazy\" decoding=\"async\" class=\"aligncenter size-full wp-image-2954\" src=\"http:\/\/eesap.eu\/wp-content\/uploads\/2020\/11\/Captura-de-pantalla-2020-11-19-a-las-10.13.44.png\" alt=\"\" width=\"2218\" height=\"158\" srcset=\"https:\/\/eesap.eu\/wp-content\/uploads\/2020\/11\/Captura-de-pantalla-2020-11-19-a-las-10.13.44.png 2218w, https:\/\/eesap.eu\/wp-content\/uploads\/2020\/11\/Captura-de-pantalla-2020-11-19-a-las-10.13.44-300x21.png 300w, https:\/\/eesap.eu\/wp-content\/uploads\/2020\/11\/Captura-de-pantalla-2020-11-19-a-las-10.13.44-768x55.png 768w, https:\/\/eesap.eu\/wp-content\/uploads\/2020\/11\/Captura-de-pantalla-2020-11-19-a-las-10.13.44-1024x73.png 1024w, https:\/\/eesap.eu\/wp-content\/uploads\/2020\/11\/Captura-de-pantalla-2020-11-19-a-las-10.13.44-260x19.png 260w, https:\/\/eesap.eu\/wp-content\/uploads\/2020\/11\/Captura-de-pantalla-2020-11-19-a-las-10.13.44-50x4.png 50w, https:\/\/eesap.eu\/wp-content\/uploads\/2020\/11\/Captura-de-pantalla-2020-11-19-a-las-10.13.44-200x14.png 200w\" sizes=\"auto, (max-width: 2218px) 100vw, 2218px\" \/><\/p>\n<p style=\"text-align: right;\"><a class=\"button button_20 button_WHITE \" href=\"http:\/\/eesap.eu\/wp-content\/uploads\/2020\/11\/Francisco-Jose-Sanchez.pdf\" target=\"_blank\">DESCARGAR FICHA<\/a>\n<\/p>\n<hr \/>\n<div>\n<h4><span style=\"color: #008080;\"><img loading=\"lazy\" decoding=\"async\" class=\"wp-image-2838 alignleft\" src=\"http:\/\/eesap.eu\/wp-content\/uploads\/2015\/07\/daniel-morales-1.png\" alt=\"\" width=\"234\" height=\"234\" srcset=\"https:\/\/eesap.eu\/wp-content\/uploads\/2015\/07\/daniel-morales-1.png 357w, https:\/\/eesap.eu\/wp-content\/uploads\/2015\/07\/daniel-morales-1-150x150.png 150w, https:\/\/eesap.eu\/wp-content\/uploads\/2015\/07\/daniel-morales-1-300x300.png 300w, https:\/\/eesap.eu\/wp-content\/uploads\/2015\/07\/daniel-morales-1-146x146.png 146w, https:\/\/eesap.eu\/wp-content\/uploads\/2015\/07\/daniel-morales-1-50x50.png 50w, https:\/\/eesap.eu\/wp-content\/uploads\/2015\/07\/daniel-morales-1-80x80.png 80w, https:\/\/eesap.eu\/wp-content\/uploads\/2015\/07\/daniel-morales-1-70x70.png 70w\" sizes=\"auto, (max-width: 234px) 100vw, 234px\" \/><br \/>\nD. DANIEL MORALES GOROSTIZA<span class=\"Apple-converted-space\">\u00a0<\/span><\/span><\/h4>\n<\/div>\n<div>\n<p>Responsable de Prescripci\u00f3n, VEKA Ib\u00e9rica<\/p>\n<\/div>\n<div>\n<p style=\"text-align: justify;\">Responsable de Prescripci\u00f3n en VEKA Ib\u00e9rica. Ingeniero T\u00e9cnico por la UPV, MBA en Direcci\u00f3n de empresas constructoras por la UPC, M\u00e1ster en Marketing Sarriko UPV y Tradesperson, experto en obras Pasivhaus.<\/p>\n<p style=\"text-align: justify;\">Amplia experiencia en el sector de la construcci\u00f3n y promoci\u00f3n inmobiliaria.Participa en jornadas t\u00e9cnicas conferencias y eventos.\u00a0Le\u00a0atrae la construcci\u00f3n, la eficiencia energ\u00e9tica, el dise\u00f1o y la tecnolog\u00eda. Acostumbrado a dirigir equipos, t\u00e9cnicos y comerciales.<\/p>\n<\/div>\n<p><img loading=\"lazy\" decoding=\"async\" class=\"aligncenter size-full wp-image-2890\" src=\"http:\/\/eesap.eu\/wp-content\/uploads\/2015\/07\/Captura-de-pantalla-2020-11-18-a-las-18.48.51.png\" alt=\"\" width=\"1996\" height=\"296\" srcset=\"https:\/\/eesap.eu\/wp-content\/uploads\/2015\/07\/Captura-de-pantalla-2020-11-18-a-las-18.48.51.png 1996w, https:\/\/eesap.eu\/wp-content\/uploads\/2015\/07\/Captura-de-pantalla-2020-11-18-a-las-18.48.51-300x44.png 300w, https:\/\/eesap.eu\/wp-content\/uploads\/2015\/07\/Captura-de-pantalla-2020-11-18-a-las-18.48.51-768x114.png 768w, https:\/\/eesap.eu\/wp-content\/uploads\/2015\/07\/Captura-de-pantalla-2020-11-18-a-las-18.48.51-1024x152.png 1024w, https:\/\/eesap.eu\/wp-content\/uploads\/2015\/07\/Captura-de-pantalla-2020-11-18-a-las-18.48.51-260x39.png 260w, https:\/\/eesap.eu\/wp-content\/uploads\/2015\/07\/Captura-de-pantalla-2020-11-18-a-las-18.48.51-50x7.png 50w, https:\/\/eesap.eu\/wp-content\/uploads\/2015\/07\/Captura-de-pantalla-2020-11-18-a-las-18.48.51-200x30.png 200w\" sizes=\"auto, (max-width: 1996px) 100vw, 1996px\" \/><\/p>\n<div>\n<p style=\"text-align: right;\"><a class=\"button button_20 button_WHITE \" href=\"http:\/\/eesap.eu\/wp-content\/uploads\/2020\/11\/Daniel-Morales.pdf\" target=\"_blank\">DESCARGAR FICHA<\/a>\n<\/p>\n<hr \/>\n<h4><img loading=\"lazy\" decoding=\"async\" class=\"wp-image-2956 alignleft\" style=\"padding-bottom: 100px;\" src=\"http:\/\/eesap.eu\/wp-content\/uploads\/2020\/11\/pablo-eguia-1.png\" alt=\"\" width=\"234\" height=\"234\" srcset=\"https:\/\/eesap.eu\/wp-content\/uploads\/2020\/11\/pablo-eguia-1.png 358w, https:\/\/eesap.eu\/wp-content\/uploads\/2020\/11\/pablo-eguia-1-150x150.png 150w, https:\/\/eesap.eu\/wp-content\/uploads\/2020\/11\/pablo-eguia-1-300x300.png 300w, https:\/\/eesap.eu\/wp-content\/uploads\/2020\/11\/pablo-eguia-1-146x146.png 146w, https:\/\/eesap.eu\/wp-content\/uploads\/2020\/11\/pablo-eguia-1-50x50.png 50w, https:\/\/eesap.eu\/wp-content\/uploads\/2020\/11\/pablo-eguia-1-80x80.png 80w, https:\/\/eesap.eu\/wp-content\/uploads\/2020\/11\/pablo-eguia-1-70x70.png 70w\" sizes=\"auto, (max-width: 234px) 100vw, 234px\" \/><span style=\"color: #008080;\">D. PABLO EGU\u00cdA OLLER<\/span><\/h4>\n<p>ENXE\u00d1AR\u00cdA MEC\u00c1NICA, M\u00c1QUINAS E MOTORES T\u00c9RMICOS E FLU\u00cdDOS. UNIVERSIDAD DE VIGO<\/p>\n<p style=\"text-align: justify;\">Pablo Egu\u00eda es doctor ingeniero industrial, profesor Titular de la Universidad de Vigo en el \u00e1rea de M\u00e1quinas y Motores T\u00e9rmicos. Desarrolla toda su actividad investigadora dentro del grupo <i>GTE (Grupo de Tecnolog\u00edas Energ\u00e9ticas)<\/i>.<\/p>\n<p style=\"text-align: justify;\">Es autor de m\u00e1s de 50 art\u00edculos JCR cuya tem\u00e1tica versa especialmente sobre la calibraci\u00f3n de modelos t\u00e9rmicos de edificios, as\u00ed como de las instalaciones de los mismos, empleando m\u00e9todos deterministas, bayesianos y t\u00e9cnicas de machine learning.<\/p>\n<p style=\"text-align: justify;\">Es miembro activo de la Agencia Internacional de la Energ\u00eda dentro del <i>ANNEX 71: Evaluaci\u00f3n del rendimiento energ\u00e9tico del edificio basada en mediciones in situ<\/i>, donde el objetivo principal es caracterizar y evaluar el rendimiento energ\u00e9tico real de los edificios.<\/p>\n<p style=\"text-align: justify;\">Actualmente desarrolla con la Universidad del Pa\u00eds Vasco el proyecto <i>SMARTHERM:<\/i> <i>Investigaci\u00f3n para el desarrollo de herramientas de caracterizaci\u00f3n y predicci\u00f3n del rendimiento energ\u00e9tico de edificios<\/i>, dentro del Programa Estatal de I+D+i Retos de la Sociedad.<\/p>\n<p><img loading=\"lazy\" decoding=\"async\" class=\"aligncenter size-full wp-image-2957\" src=\"http:\/\/eesap.eu\/wp-content\/uploads\/2020\/11\/Captura-de-pantalla-2020-11-19-a-las-10.22.40.png\" alt=\"\" width=\"2004\" height=\"198\" srcset=\"https:\/\/eesap.eu\/wp-content\/uploads\/2020\/11\/Captura-de-pantalla-2020-11-19-a-las-10.22.40.png 2004w, https:\/\/eesap.eu\/wp-content\/uploads\/2020\/11\/Captura-de-pantalla-2020-11-19-a-las-10.22.40-300x30.png 300w, https:\/\/eesap.eu\/wp-content\/uploads\/2020\/11\/Captura-de-pantalla-2020-11-19-a-las-10.22.40-768x76.png 768w, https:\/\/eesap.eu\/wp-content\/uploads\/2020\/11\/Captura-de-pantalla-2020-11-19-a-las-10.22.40-1024x101.png 1024w, https:\/\/eesap.eu\/wp-content\/uploads\/2020\/11\/Captura-de-pantalla-2020-11-19-a-las-10.22.40-260x26.png 260w, https:\/\/eesap.eu\/wp-content\/uploads\/2020\/11\/Captura-de-pantalla-2020-11-19-a-las-10.22.40-50x5.png 50w, https:\/\/eesap.eu\/wp-content\/uploads\/2020\/11\/Captura-de-pantalla-2020-11-19-a-las-10.22.40-200x20.png 200w\" sizes=\"auto, (max-width: 2004px) 100vw, 2004px\" \/><\/p>\n<p style=\"text-align: right;\"><a class=\"button button_20 button_WHITE \" href=\"http:\/\/eesap.eu\/wp-content\/uploads\/2020\/11\/pablo-eguia.pdf\" target=\"_blank\">DESCARGAR FICHA<\/a>\n<\/p>\n<hr \/>\n<h4><img loading=\"lazy\" decoding=\"async\" class=\"wp-image-2970 alignleft\" style=\"padding-bottom: 30px;\" src=\"http:\/\/eesap.eu\/wp-content\/uploads\/2020\/11\/Gustavo-salinas-1.png\" alt=\"\" width=\"234\" height=\"231\" srcset=\"https:\/\/eesap.eu\/wp-content\/uploads\/2020\/11\/Gustavo-salinas-1.png 351w, https:\/\/eesap.eu\/wp-content\/uploads\/2020\/11\/Gustavo-salinas-1-300x296.png 300w, https:\/\/eesap.eu\/wp-content\/uploads\/2020\/11\/Gustavo-salinas-1-148x146.png 148w, https:\/\/eesap.eu\/wp-content\/uploads\/2020\/11\/Gustavo-salinas-1-50x50.png 50w, https:\/\/eesap.eu\/wp-content\/uploads\/2020\/11\/Gustavo-salinas-1-80x80.png 80w, https:\/\/eesap.eu\/wp-content\/uploads\/2020\/11\/Gustavo-salinas-1-71x70.png 71w\" sizes=\"auto, (max-width: 234px) 100vw, 234px\" \/><\/h4>\n<h4><span style=\"color: #008080;\">D. GUSTAVO SALINAS CASTRO<\/span><\/h4>\n<p>GERENTE COMERCIAL, POSTENSA SAC<\/p>\n<p>Estudios Superiores:<\/p>\n<ul>\n<li>1984 Bachiller Ingenier\u00eda Civil- Universidad Nacional de Ingenier\u00eda &#8211; Peru<\/li>\n<li>2000 Postgrado Directores Propietarios y Finanzas \u2013 ESADE &#8211; Espa\u00f1a<\/li>\n<li>2013 Entrenamiento t\u00e9cnicas Postensado, General Technologies &#8211; EEUU<span class=\"Apple-converted-space\">\u00a0<\/span><\/li>\n<\/ul>\n<p>Laboral:<\/p>\n<ul>\n<li>2013 \u2013 actual :Postensa SAC \u2013 Gerente Comercial:\u00a0Gesti\u00f3n Comercial, T\u00e9cnica y administrativa, Instalaci\u00f3n de Sistemas Postensados y Fabricaci\u00f3n e instalaci\u00f3n de Disipadores s\u00edsmicos SLB<span class=\"Apple-converted-space\">\u00a0<\/span><\/li>\n<li>2009-2012:\u00a0Gstudio Manufacturing Ltd.\u00a0Oficina de Representaci\u00f3n Comercial y Broker Internacional fabricas Asia; China, H Kong, Vietnam. <span class=\"Apple-converted-space\">\u00a0<\/span><\/li>\n<\/ul>\n<p><img loading=\"lazy\" decoding=\"async\" class=\"aligncenter size-full wp-image-2958\" src=\"http:\/\/eesap.eu\/wp-content\/uploads\/2020\/11\/Captura-de-pantalla-2020-11-19-a-las-10.24.43.png\" alt=\"\" width=\"2226\" height=\"160\" srcset=\"https:\/\/eesap.eu\/wp-content\/uploads\/2020\/11\/Captura-de-pantalla-2020-11-19-a-las-10.24.43.png 2226w, https:\/\/eesap.eu\/wp-content\/uploads\/2020\/11\/Captura-de-pantalla-2020-11-19-a-las-10.24.43-300x22.png 300w, https:\/\/eesap.eu\/wp-content\/uploads\/2020\/11\/Captura-de-pantalla-2020-11-19-a-las-10.24.43-768x55.png 768w, https:\/\/eesap.eu\/wp-content\/uploads\/2020\/11\/Captura-de-pantalla-2020-11-19-a-las-10.24.43-1024x74.png 1024w, https:\/\/eesap.eu\/wp-content\/uploads\/2020\/11\/Captura-de-pantalla-2020-11-19-a-las-10.24.43-260x19.png 260w, https:\/\/eesap.eu\/wp-content\/uploads\/2020\/11\/Captura-de-pantalla-2020-11-19-a-las-10.24.43-50x4.png 50w, https:\/\/eesap.eu\/wp-content\/uploads\/2020\/11\/Captura-de-pantalla-2020-11-19-a-las-10.24.43-200x14.png 200w\" sizes=\"auto, (max-width: 2226px) 100vw, 2226px\" \/><\/p>\n<p style=\"text-align: right;\"><a class=\"button button_20 button_WHITE \" href=\"http:\/\/eesap.eu\/wp-content\/uploads\/2020\/11\/gustavo-salinas.pdf\" target=\"_blank\">DESCARGAR FICHA<\/a>\n<\/p>\n<\/div>\n<hr \/>\n<h4><img loading=\"lazy\" decoding=\"async\" class=\"wp-image-3117 alignleft\" src=\"http:\/\/eesap.eu\/wp-content\/uploads\/2020\/11\/Edwin-Gudiel.png\" alt=\"\" width=\"234\" height=\"234\" srcset=\"https:\/\/eesap.eu\/wp-content\/uploads\/2020\/11\/Edwin-Gudiel.png 359w, https:\/\/eesap.eu\/wp-content\/uploads\/2020\/11\/Edwin-Gudiel-150x150.png 150w, https:\/\/eesap.eu\/wp-content\/uploads\/2020\/11\/Edwin-Gudiel-300x300.png 300w, https:\/\/eesap.eu\/wp-content\/uploads\/2020\/11\/Edwin-Gudiel-146x146.png 146w, https:\/\/eesap.eu\/wp-content\/uploads\/2020\/11\/Edwin-Gudiel-50x50.png 50w, https:\/\/eesap.eu\/wp-content\/uploads\/2020\/11\/Edwin-Gudiel-80x80.png 80w, https:\/\/eesap.eu\/wp-content\/uploads\/2020\/11\/Edwin-Gudiel-70x70.png 70w\" sizes=\"auto, (max-width: 234px) 100vw, 234px\" \/><\/h4>\n<h4><span style=\"color: #008080;\">D. EDWIN R. GUDIEL RODR\u00cdGUEZ<\/span><\/h4>\n<p>UNIVERSIDAD ANDINA DEL CUSCO<\/p>\n<p>Doctor en ingenier\u00eda de la construcci\u00f3n, por la Universidad Polit\u00e9cnica de Valencia (UPV). M\u00e1ster universitario en tecnolog\u00eda en la arquitectura \u2013 instalaciones y eficiencia energ\u00e9tica en edificaci\u00f3n y Estudios de M\u00e1ster universitario en Urbanismo por la Universidad Polit\u00e9cnica de Catalu\u00f1a (UPC), Barcelona. Carrera Profesional de Arquitectura y urbanismo, por la universidad San Antonio Abad del Cusco (UNSAAC).<\/p>\n<p>Docente en la Universidad Nacional de San Antonio Abad del Cusco. Docente en la Facultad de Arquitectura e Ingenier\u00eda Civil. Docente en la Universidad Andina del Cusco. Docente en la Facultad de Ingenier\u00eda y Arquitectura.<\/p>\n<p><img loading=\"lazy\" decoding=\"async\" class=\"aligncenter size-full wp-image-3118\" src=\"http:\/\/eesap.eu\/wp-content\/uploads\/2020\/11\/Captura-de-pantalla-2020-11-27-a-las-16.44.10.png\" alt=\"\" width=\"1508\" height=\"154\" srcset=\"https:\/\/eesap.eu\/wp-content\/uploads\/2020\/11\/Captura-de-pantalla-2020-11-27-a-las-16.44.10.png 1508w, https:\/\/eesap.eu\/wp-content\/uploads\/2020\/11\/Captura-de-pantalla-2020-11-27-a-las-16.44.10-300x31.png 300w, https:\/\/eesap.eu\/wp-content\/uploads\/2020\/11\/Captura-de-pantalla-2020-11-27-a-las-16.44.10-768x78.png 768w, https:\/\/eesap.eu\/wp-content\/uploads\/2020\/11\/Captura-de-pantalla-2020-11-27-a-las-16.44.10-1024x105.png 1024w, https:\/\/eesap.eu\/wp-content\/uploads\/2020\/11\/Captura-de-pantalla-2020-11-27-a-las-16.44.10-260x27.png 260w, https:\/\/eesap.eu\/wp-content\/uploads\/2020\/11\/Captura-de-pantalla-2020-11-27-a-las-16.44.10-50x5.png 50w, https:\/\/eesap.eu\/wp-content\/uploads\/2020\/11\/Captura-de-pantalla-2020-11-27-a-las-16.44.10-200x20.png 200w\" sizes=\"auto, (max-width: 1508px) 100vw, 1508px\" \/><\/p>\n<p style=\"text-align: right;\"><a class=\"button button_20 button_WHITE \" href=\"http:\/\/eesap.eu\/wp-content\/uploads\/2020\/11\/Edwin-Gudiel-1.pdf\" target=\"_blank\">DESCARGAR FICHA<\/a>\n<\/p>\n","protected":false},"excerpt":{"rendered":"<p>&nbsp; MI\u00c9RCOLES 2\u00a0DE DICIEMBRE D. CARLOS ORBEA ASCASO DIRECTOR T\u00c9CNICO DE ALOKABIDE Arquitecto, urbanista y M\u00e1ster en Valoraciones Inmobiliarias, tras su primera etapa como profesional libre durante diez a\u00f1os ejerci\u00f3 como Director T\u00e9cnico de ORUBIDE, centro de gesti\u00f3n de suelo y urbanismo del Gobierno Vasco. Experto tanto en desarrollo de nuevas promociones de vivienda p\u00fablica [&hellip;]<\/p>\n","protected":false},"author":3,"featured_media":0,"parent":2733,"menu_order":4,"comment_status":"closed","ping_status":"closed","template":"subpage.php","meta":{"_monsterinsights_skip_tracking":false,"footnotes":""},"class_list":["post-2945","page","type-page","status-publish","hentry"],"_links":{"self":[{"href":"https:\/\/eesap.eu\/index.php\/wp-json\/wp\/v2\/pages\/2945","targetHints":{"allow":["GET"]}}],"collection":[{"href":"https:\/\/eesap.eu\/index.php\/wp-json\/wp\/v2\/pages"}],"about":[{"href":"https:\/\/eesap.eu\/index.php\/wp-json\/wp\/v2\/types\/page"}],"author":[{"embeddable":true,"href":"https:\/\/eesap.eu\/index.php\/wp-json\/wp\/v2\/users\/3"}],"replies":[{"embeddable":true,"href":"https:\/\/eesap.eu\/index.php\/wp-json\/wp\/v2\/comments?post=2945"}],"version-history":[{"count":16,"href":"https:\/\/eesap.eu\/index.php\/wp-json\/wp\/v2\/pages\/2945\/revisions"}],"predecessor-version":[{"id":3130,"href":"https:\/\/eesap.eu\/index.php\/wp-json\/wp\/v2\/pages\/2945\/revisions\/3130"}],"up":[{"embeddable":true,"href":"https:\/\/eesap.eu\/index.php\/wp-json\/wp\/v2\/pages\/2733"}],"wp:attachment":[{"href":"https:\/\/eesap.eu\/index.php\/wp-json\/wp\/v2\/media?parent=2945"}],"curies":[{"name":"wp","href":"https:\/\/api.w.org\/{rel}","templated":true}]}}