{"id":2741,"date":"2020-11-17T10:17:13","date_gmt":"2020-11-17T09:17:13","guid":{"rendered":"http:\/\/eesap.eu\/?page_id=2741"},"modified":"2020-11-27T16:08:47","modified_gmt":"2020-11-27T15:08:47","slug":"ponentes-sala-eesap-1","status":"publish","type":"page","link":"https:\/\/eesap.eu\/index.php\/es\/programa-2\/ponentes\/ponentes-sala-eesap-1\/","title":{"rendered":"PONENTES SALA EESAP (1)"},"content":{"rendered":"<p>&nbsp;<\/p>\n<h1><strong>MARTES 1 DE DICIEMBRE<\/strong><\/h1>\n<hr \/>\n<h4><span style=\"color: #008080;\"><br \/>\n<img loading=\"lazy\" decoding=\"async\" class=\"wp-image-2855 alignleft\" src=\"http:\/\/eesap.eu\/wp-content\/uploads\/2020\/11\/Ester-Higueras.png\" alt=\"\" width=\"236\" height=\"236\" srcset=\"https:\/\/eesap.eu\/wp-content\/uploads\/2020\/11\/Ester-Higueras.png 357w, https:\/\/eesap.eu\/wp-content\/uploads\/2020\/11\/Ester-Higueras-150x150.png 150w, https:\/\/eesap.eu\/wp-content\/uploads\/2020\/11\/Ester-Higueras-300x300.png 300w, https:\/\/eesap.eu\/wp-content\/uploads\/2020\/11\/Ester-Higueras-146x146.png 146w, https:\/\/eesap.eu\/wp-content\/uploads\/2020\/11\/Ester-Higueras-50x50.png 50w, https:\/\/eesap.eu\/wp-content\/uploads\/2020\/11\/Ester-Higueras-80x80.png 80w, https:\/\/eesap.eu\/wp-content\/uploads\/2020\/11\/Ester-Higueras-70x70.png 70w\" sizes=\"auto, (max-width: 236px) 100vw, 236px\" \/>D\u00d1A ESTER HIGUERAS GARC\u00cdA<\/span><\/h4>\n<p>ESCUELA T\u00c9CNICA SUPERIOR DE ARQUITECTURA DE MADRID. UNIVERSIDAD POLIT\u00c9CNICA DE MADRID<\/p>\n<p style=\"text-align: justify;\">Ester Higueras es doctor arquitecto, profesora Titular de la Universidad Polit\u00e9cnica de Madrid. Especialista en planificaci\u00f3n ambiental, ordenanzas ambientales y urbanismo bioclim\u00e1tico.<\/p>\n<p style=\"text-align: justify;\">Ha sido directora del Curso de Formaci\u00f3n Continua de la UPM, \u00abENFOQUE SOSTENIBLE Y ESTRAT\u00c9GICO DE LOS GRANDES PROCESOS URBANOS: PUERTO CIUDAD DE C\u00c1DIZ\u00bb, para estudiar y evaluar alternativas de proyecto en la Bah\u00eda de C\u00e1diz con criterios de sostenibilidad. Autora de Urbanismo Bioclim\u00e1tico, GG 2006; El reto de la ciudad habitable y sostenible, DAPP, 2009, y numerosas publicaciones docentes e investigadoras. Pertenece al Grupo de Investigaci\u00f3n arquitectura Bioclim\u00e1tica en un Entorno Sostenible ABIO-UPM.<\/p>\n<p><img loading=\"lazy\" decoding=\"async\" class=\"aligncenter size-full wp-image-2779\" src=\"http:\/\/eesap.eu\/wp-content\/uploads\/2020\/11\/Captura-de-pantalla-2020-11-17-a-las-15.22.53.png\" alt=\"\" width=\"2090\" height=\"184\" srcset=\"https:\/\/eesap.eu\/wp-content\/uploads\/2020\/11\/Captura-de-pantalla-2020-11-17-a-las-15.22.53.png 2090w, https:\/\/eesap.eu\/wp-content\/uploads\/2020\/11\/Captura-de-pantalla-2020-11-17-a-las-15.22.53-300x26.png 300w, https:\/\/eesap.eu\/wp-content\/uploads\/2020\/11\/Captura-de-pantalla-2020-11-17-a-las-15.22.53-768x68.png 768w, https:\/\/eesap.eu\/wp-content\/uploads\/2020\/11\/Captura-de-pantalla-2020-11-17-a-las-15.22.53-1024x90.png 1024w, https:\/\/eesap.eu\/wp-content\/uploads\/2020\/11\/Captura-de-pantalla-2020-11-17-a-las-15.22.53-260x23.png 260w, https:\/\/eesap.eu\/wp-content\/uploads\/2020\/11\/Captura-de-pantalla-2020-11-17-a-las-15.22.53-50x4.png 50w, https:\/\/eesap.eu\/wp-content\/uploads\/2020\/11\/Captura-de-pantalla-2020-11-17-a-las-15.22.53-200x18.png 200w\" sizes=\"auto, (max-width: 2090px) 100vw, 2090px\" \/><\/p>\n<p style=\"text-align: right;\"><a class=\"button button_20 button_WHITE \" href=\"http:\/\/eesap.eu\/wp-content\/uploads\/2020\/11\/Ester-Higueras.pdf\" target=\"_blank\">DESCARGAR FICHA<\/a>\n<\/p>\n<hr \/>\n<h4><span style=\"color: #008080;\"><br \/>\n<img loading=\"lazy\" decoding=\"async\" class=\"wp-image-2856 alignleft\" style=\"padding-bottom: 160px;\" src=\"http:\/\/eesap.eu\/wp-content\/uploads\/2020\/11\/emilia-roman.png\" alt=\"\" width=\"236\" height=\"236\" srcset=\"https:\/\/eesap.eu\/wp-content\/uploads\/2020\/11\/emilia-roman.png 358w, https:\/\/eesap.eu\/wp-content\/uploads\/2020\/11\/emilia-roman-150x150.png 150w, https:\/\/eesap.eu\/wp-content\/uploads\/2020\/11\/emilia-roman-300x300.png 300w, https:\/\/eesap.eu\/wp-content\/uploads\/2020\/11\/emilia-roman-146x146.png 146w, https:\/\/eesap.eu\/wp-content\/uploads\/2020\/11\/emilia-roman-50x50.png 50w, https:\/\/eesap.eu\/wp-content\/uploads\/2020\/11\/emilia-roman-80x80.png 80w, https:\/\/eesap.eu\/wp-content\/uploads\/2020\/11\/emilia-roman-70x70.png 70w\" sizes=\"auto, (max-width: 236px) 100vw, 236px\" \/><\/span><span style=\"color: #008080;\">D\u00f1a. EMILIA ROM\u00c1N L\u00d3PEZ<\/span><\/h4>\n<p>ESCUELA T\u00c9CNICA SUPERIOR DE ARQUITECTURA DE MADRID. UNIVERSIDAD POLIT\u00c9CNICA DE MADRID<\/p>\n<p style=\"text-align: justify;\">Doctora Arquitecta por la Universidad Polit\u00e9cnica de Madrid (UPM). M\u00e1ster en Medio Ambiente y Arquitectura Bioclim\u00e1tica por la Universidad Polit\u00e9cnica de Madrid (UPM). Experta Universitaria en An\u00e1lisis Urbano y Territorial a trav\u00e9s de Sistemas de Informaci\u00f3n Geogr\u00e1fica por la Universidad Polit\u00e9cnica de Valencia, y piloto de RPAS (drones) por Falcon Air Academy, SL.<\/p>\n<p style=\"text-align: justify;\">Actualmente es Profesora Ayudante Doctora del Departamento de Urban\u00edstica y Ordenaci\u00f3n del Territorio (DUyOT) en la ETSAM y pertenece al Grupo de Investigaci\u00f3n en Arquitectura, Urbanismo y Sostenibilidad (GIAU+S) de la UPM desde el a\u00f1o 2009. L\u00ednea profesional, acad\u00e9mica e investigadora orientada principalmente hacia el paisaje, patrimonio, territorio, urbanismo y arquitectura bioclim\u00e1tica, rehabilitaci\u00f3n energ\u00e9tica y urbana integral, temas relacionados en su conjunto bajo el paraguas de la sostenibilidad y el medio ambiente.<\/p>\n<p style=\"text-align: justify;\">Ha participado en numerosos proyectos de investigaci\u00f3n, nacionales e internacionales y tambi\u00e9n ha colaborado en cursos de postgrado, congresos y seminarios sobre los temas de investigaci\u00f3n que desarrolla, impartidos en colegios profesionales y universidades nacionales e internacionales.<\/p>\n<p><img loading=\"lazy\" decoding=\"async\" class=\"aligncenter size-full wp-image-2779\" src=\"http:\/\/eesap.eu\/wp-content\/uploads\/2020\/11\/Captura-de-pantalla-2020-11-17-a-las-15.22.53.png\" alt=\"\" width=\"2090\" height=\"184\" srcset=\"https:\/\/eesap.eu\/wp-content\/uploads\/2020\/11\/Captura-de-pantalla-2020-11-17-a-las-15.22.53.png 2090w, https:\/\/eesap.eu\/wp-content\/uploads\/2020\/11\/Captura-de-pantalla-2020-11-17-a-las-15.22.53-300x26.png 300w, https:\/\/eesap.eu\/wp-content\/uploads\/2020\/11\/Captura-de-pantalla-2020-11-17-a-las-15.22.53-768x68.png 768w, https:\/\/eesap.eu\/wp-content\/uploads\/2020\/11\/Captura-de-pantalla-2020-11-17-a-las-15.22.53-1024x90.png 1024w, https:\/\/eesap.eu\/wp-content\/uploads\/2020\/11\/Captura-de-pantalla-2020-11-17-a-las-15.22.53-260x23.png 260w, https:\/\/eesap.eu\/wp-content\/uploads\/2020\/11\/Captura-de-pantalla-2020-11-17-a-las-15.22.53-50x4.png 50w, https:\/\/eesap.eu\/wp-content\/uploads\/2020\/11\/Captura-de-pantalla-2020-11-17-a-las-15.22.53-200x18.png 200w\" sizes=\"auto, (max-width: 2090px) 100vw, 2090px\" \/><\/p>\n<p style=\"text-align: right;\"><a class=\"button button_20 button_WHITE \" href=\"http:\/\/eesap.eu\/wp-content\/uploads\/2020\/11\/Emilia-Roman.pdf\" target=\"_blank\">DESCARGAR FICHA<\/a>\n<\/p>\n<hr \/>\n<h4><img loading=\"lazy\" decoding=\"async\" class=\"wp-image-2857 alignleft\" style=\"padding-bottom: 100px;\" src=\"http:\/\/eesap.eu\/wp-content\/uploads\/2020\/11\/ignacio-de-la-puerta.png\" alt=\"\" width=\"236\" height=\"236\" srcset=\"https:\/\/eesap.eu\/wp-content\/uploads\/2020\/11\/ignacio-de-la-puerta.png 357w, https:\/\/eesap.eu\/wp-content\/uploads\/2020\/11\/ignacio-de-la-puerta-150x150.png 150w, https:\/\/eesap.eu\/wp-content\/uploads\/2020\/11\/ignacio-de-la-puerta-300x300.png 300w, https:\/\/eesap.eu\/wp-content\/uploads\/2020\/11\/ignacio-de-la-puerta-146x146.png 146w, https:\/\/eesap.eu\/wp-content\/uploads\/2020\/11\/ignacio-de-la-puerta-50x50.png 50w, https:\/\/eesap.eu\/wp-content\/uploads\/2020\/11\/ignacio-de-la-puerta-80x80.png 80w, https:\/\/eesap.eu\/wp-content\/uploads\/2020\/11\/ignacio-de-la-puerta-70x70.png 70w\" sizes=\"auto, (max-width: 236px) 100vw, 236px\" \/><\/h4>\n<h4><span style=\"color: #008080;\">D. IGNACIO DE LA PUERTA RUEDA<\/span><\/h4>\n<p>DIRECTOR DE PLANIFICACI\u00d3N TERRITORIAL, URBANISMO Y REGENERACI\u00d3N URBANA, GOBIERNO VASCO<\/p>\n<p style=\"text-align: justify;\">M\u00e1ster en Arquitectura por la Escuela de Arquitectura de Madrid en la especialidad de Edificaci\u00f3n (1983), es diplomado en Derecho Urban\u00edstico, especialista en Edificaci\u00f3n, Rehabilitaci\u00f3n y Urbanismo sostenible y Mediador Civil y Mercantil, con amplia experiencia en la planificaci\u00f3n estrat\u00e9gica, planificaci\u00f3n urbana y procesos de calidad.<\/p>\n<p style=\"text-align: justify;\">Desde el a\u00f1o 1983 ha desempe\u00f1ado la Direcci\u00f3n del Estudio IP Arquitectos, en el que se han desarrollado tanto Proyectos y Direcci\u00f3n de obras de Edificaci\u00f3n y Rehabilitaci\u00f3n, como de Planeamiento, actividad que ha mantenido hasta su reciente nombramiento (enero 2017) como Director de Planificaci\u00f3n Territorial, Urbanismo y Regeneraci\u00f3n Urbana del Gobierno Vasco.<\/p>\n<p style=\"text-align: justify;\">En los \u00faltimos a\u00f1os ha formado parte del Grupo de Trabajo de Rehabilitaci\u00f3n GTR, en el que ha coordinado el grupo de trabajo con las comunidades aut\u00f3nomas, siendo coautor con Albert Cuch\u00ed.<\/p>\n<p><img loading=\"lazy\" decoding=\"async\" class=\"aligncenter size-full wp-image-2783\" src=\"http:\/\/eesap.eu\/wp-content\/uploads\/2020\/11\/Captura-de-pantalla-2020-11-17-a-las-15.27.19.png\" alt=\"\" width=\"2266\" height=\"182\" srcset=\"https:\/\/eesap.eu\/wp-content\/uploads\/2020\/11\/Captura-de-pantalla-2020-11-17-a-las-15.27.19.png 2266w, https:\/\/eesap.eu\/wp-content\/uploads\/2020\/11\/Captura-de-pantalla-2020-11-17-a-las-15.27.19-300x24.png 300w, https:\/\/eesap.eu\/wp-content\/uploads\/2020\/11\/Captura-de-pantalla-2020-11-17-a-las-15.27.19-768x62.png 768w, https:\/\/eesap.eu\/wp-content\/uploads\/2020\/11\/Captura-de-pantalla-2020-11-17-a-las-15.27.19-1024x82.png 1024w, https:\/\/eesap.eu\/wp-content\/uploads\/2020\/11\/Captura-de-pantalla-2020-11-17-a-las-15.27.19-260x21.png 260w, https:\/\/eesap.eu\/wp-content\/uploads\/2020\/11\/Captura-de-pantalla-2020-11-17-a-las-15.27.19-50x4.png 50w, https:\/\/eesap.eu\/wp-content\/uploads\/2020\/11\/Captura-de-pantalla-2020-11-17-a-las-15.27.19-200x16.png 200w\" sizes=\"auto, (max-width: 2266px) 100vw, 2266px\" \/><\/p>\n<p style=\"text-align: right;\"><a class=\"button button_20 button_WHITE \" href=\"http:\/\/eesap.eu\/wp-content\/uploads\/2020\/11\/Ignacio-De-la-puerta.pdf\" target=\"_blank\">DESCARGAR FICHA<\/a>\n<\/p>\n<hr \/>\n<h4><img loading=\"lazy\" decoding=\"async\" class=\"wp-image-2904 alignleft\" src=\"http:\/\/eesap.eu\/wp-content\/uploads\/2020\/11\/image001.png\" alt=\"\" width=\"234\" height=\"234\" srcset=\"https:\/\/eesap.eu\/wp-content\/uploads\/2020\/11\/image001.png 286w, https:\/\/eesap.eu\/wp-content\/uploads\/2020\/11\/image001-150x150.png 150w, https:\/\/eesap.eu\/wp-content\/uploads\/2020\/11\/image001-146x146.png 146w, https:\/\/eesap.eu\/wp-content\/uploads\/2020\/11\/image001-50x50.png 50w, https:\/\/eesap.eu\/wp-content\/uploads\/2020\/11\/image001-80x80.png 80w, https:\/\/eesap.eu\/wp-content\/uploads\/2020\/11\/image001-70x70.png 70w\" sizes=\"auto, (max-width: 234px) 100vw, 234px\" \/><\/h4>\n<h4><span style=\"color: #008080;\">D\u00f1a. PILAR GARC\u00cdA ALMIRALL<span class=\"Apple-converted-space\">\u00a0<\/span><\/span><\/h4>\n<p>ESCUELA T\u00c9CNICA SUPERIOR DE ARQUITECTURA DE BARCELONA. UNIVERSIDAD POLIT\u00c9CNICA DE CATALU\u00d1A<\/p>\n<p style=\"text-align: justify;\">Arquitecta, Catedr\u00e1tica en la ETSAB y Directora del departamento de Tecnolog\u00eda de la Arquitectura UPC y del Vimac Lab. https:\/\/vimac.upc.edu\/es. Experta en \u00abReal Estate\u00bb la gesti\u00f3n y valoraci\u00f3n urbana. Lidera investigaci\u00f3n innovadora, en evaluaci\u00f3n de los espacios arquitect\u00f3nicos, urbanos y medioambientales, la vivienda y la mejora de los barrios, en base a principios de la geograf\u00eda, la econom\u00eda y sociolog\u00eda urbana. Pionera en la incorporaci\u00f3n de tecnolog\u00edas inform\u00e1ticas como los SIG en el estudio, evaluaci\u00f3n y gesti\u00f3n de la ciudad.<\/p>\n<p style=\"text-align: justify;\">Dirige una l\u00ednea de investigaci\u00f3n competitiva en Inmigraci\u00f3n, vivienda y ciudad, condiciones habitaciones y urban\u00edsticas, vivienda, en situaciones de vulnerabilidad.<\/p>\n<p><img loading=\"lazy\" decoding=\"async\" class=\"aligncenter size-full wp-image-2902\" src=\"http:\/\/eesap.eu\/wp-content\/uploads\/2020\/11\/Captura-de-pantalla-2020-11-18-a-las-19.06.11.png\" alt=\"\" width=\"2228\" height=\"200\" srcset=\"https:\/\/eesap.eu\/wp-content\/uploads\/2020\/11\/Captura-de-pantalla-2020-11-18-a-las-19.06.11.png 2228w, https:\/\/eesap.eu\/wp-content\/uploads\/2020\/11\/Captura-de-pantalla-2020-11-18-a-las-19.06.11-300x27.png 300w, https:\/\/eesap.eu\/wp-content\/uploads\/2020\/11\/Captura-de-pantalla-2020-11-18-a-las-19.06.11-768x69.png 768w, https:\/\/eesap.eu\/wp-content\/uploads\/2020\/11\/Captura-de-pantalla-2020-11-18-a-las-19.06.11-1024x92.png 1024w, https:\/\/eesap.eu\/wp-content\/uploads\/2020\/11\/Captura-de-pantalla-2020-11-18-a-las-19.06.11-260x23.png 260w, https:\/\/eesap.eu\/wp-content\/uploads\/2020\/11\/Captura-de-pantalla-2020-11-18-a-las-19.06.11-50x4.png 50w, https:\/\/eesap.eu\/wp-content\/uploads\/2020\/11\/Captura-de-pantalla-2020-11-18-a-las-19.06.11-200x18.png 200w\" sizes=\"auto, (max-width: 2228px) 100vw, 2228px\" \/><\/p>\n<p style=\"text-align: right;\"><a class=\"button button_20 button_WHITE \" href=\"http:\/\/eesap.eu\/wp-content\/uploads\/2020\/11\/Ignacio-De-la-puerta.pdf\" target=\"_blank\">DESCARGAR FICHA<\/a>\n<\/p>\n<hr \/>\n<h4><img loading=\"lazy\" decoding=\"async\" class=\"wp-image-2900 alignleft\" src=\"http:\/\/eesap.eu\/wp-content\/uploads\/2020\/11\/m\u00ba-rosario-vallejo.png\" alt=\"\" width=\"233\" height=\"232\" srcset=\"https:\/\/eesap.eu\/wp-content\/uploads\/2020\/11\/m\u00ba-rosario-vallejo.png 358w, https:\/\/eesap.eu\/wp-content\/uploads\/2020\/11\/m\u00ba-rosario-vallejo-150x150.png 150w, https:\/\/eesap.eu\/wp-content\/uploads\/2020\/11\/m\u00ba-rosario-vallejo-300x300.png 300w, https:\/\/eesap.eu\/wp-content\/uploads\/2020\/11\/m\u00ba-rosario-vallejo-146x146.png 146w, https:\/\/eesap.eu\/wp-content\/uploads\/2020\/11\/m\u00ba-rosario-vallejo-50x50.png 50w, https:\/\/eesap.eu\/wp-content\/uploads\/2020\/11\/m\u00ba-rosario-vallejo-80x80.png 80w, https:\/\/eesap.eu\/wp-content\/uploads\/2020\/11\/m\u00ba-rosario-vallejo-70x70.png 70w\" sizes=\"auto, (max-width: 233px) 100vw, 233px\" \/><\/h4>\n<h4><span style=\"color: #008080;\">D\u00f1a. M\u00aaROSARIO VALLEJO ILARDUYA<\/span><\/h4>\n<p>VIVIENDAS MUNICIPALES DE BILBAO<\/p>\n<p style=\"text-align: justify;\">Responsable del \u00c1rea de Promoci\u00f3n de Vivienda del Organismo Aut\u00f3nomo Local adscrito a Viviendas Municipales de Bilbao &#8211; Bilboko Udal Etxebizitzak.<\/p>\n<p style=\"text-align: justify;\">M\u00e1s de 25 a\u00f1os de experiencia en el mundo de la Vivienda, el Urbanismo, la Ordenaci\u00f3n del Territorio y el Medio Ambiente, en los \u00e1mbitos p\u00fablico y privado, como arquitecta en el Centro de Patrimonio Cultural del Gobierno Vasco-Eusko Jaurlaritza y asesora t\u00e9cnica en el Patronato de la Reserva de la Biosfera de Urdaibai.<\/p>\n<p style=\"text-align: justify;\">Participaci\u00f3n en los proyectos europeos Rehabitat, ICEWISH, PV Adapt y Opengela.<\/p>\n<p><img loading=\"lazy\" decoding=\"async\" class=\"aligncenter size-full wp-image-2901\" src=\"http:\/\/eesap.eu\/wp-content\/uploads\/2020\/11\/Captura-de-pantalla-2020-11-18-a-las-19.05.29.png\" alt=\"\" width=\"2002\" height=\"192\" srcset=\"https:\/\/eesap.eu\/wp-content\/uploads\/2020\/11\/Captura-de-pantalla-2020-11-18-a-las-19.05.29.png 2002w, https:\/\/eesap.eu\/wp-content\/uploads\/2020\/11\/Captura-de-pantalla-2020-11-18-a-las-19.05.29-300x29.png 300w, https:\/\/eesap.eu\/wp-content\/uploads\/2020\/11\/Captura-de-pantalla-2020-11-18-a-las-19.05.29-768x74.png 768w, https:\/\/eesap.eu\/wp-content\/uploads\/2020\/11\/Captura-de-pantalla-2020-11-18-a-las-19.05.29-1024x98.png 1024w, https:\/\/eesap.eu\/wp-content\/uploads\/2020\/11\/Captura-de-pantalla-2020-11-18-a-las-19.05.29-260x25.png 260w, https:\/\/eesap.eu\/wp-content\/uploads\/2020\/11\/Captura-de-pantalla-2020-11-18-a-las-19.05.29-50x5.png 50w, https:\/\/eesap.eu\/wp-content\/uploads\/2020\/11\/Captura-de-pantalla-2020-11-18-a-las-19.05.29-200x19.png 200w\" sizes=\"auto, (max-width: 2002px) 100vw, 2002px\" \/><\/p>\n<p style=\"text-align: right;\"><a class=\"button button_20 button_WHITE \" href=\"http:\/\/eesap.eu\/wp-content\/uploads\/2020\/11\/Ignacio-De-la-puerta.pdf\" target=\"_blank\">DESCARGAR FICHA<\/a>\n<\/p>\n<hr \/>\n<h4><span style=\"color: #008080;\"><img loading=\"lazy\" decoding=\"async\" class=\"wp-image-2858 alignleft\" style=\"padding-bottom: 80px;\" src=\"http:\/\/eesap.eu\/wp-content\/uploads\/2020\/11\/niki-gaitani.png\" alt=\"\" width=\"235\" height=\"235\" srcset=\"https:\/\/eesap.eu\/wp-content\/uploads\/2020\/11\/niki-gaitani.png 357w, https:\/\/eesap.eu\/wp-content\/uploads\/2020\/11\/niki-gaitani-150x150.png 150w, https:\/\/eesap.eu\/wp-content\/uploads\/2020\/11\/niki-gaitani-300x300.png 300w, https:\/\/eesap.eu\/wp-content\/uploads\/2020\/11\/niki-gaitani-146x146.png 146w, https:\/\/eesap.eu\/wp-content\/uploads\/2020\/11\/niki-gaitani-50x50.png 50w, https:\/\/eesap.eu\/wp-content\/uploads\/2020\/11\/niki-gaitani-80x80.png 80w, https:\/\/eesap.eu\/wp-content\/uploads\/2020\/11\/niki-gaitani-70x70.png 70w\" sizes=\"auto, (max-width: 235px) 100vw, 235px\" \/>D\u00f1a. NIKI GAITANI<span class=\"Apple-converted-space\">\u00a0<\/span><\/span><\/h4>\n<p>NORWEGIAN UNIVERSITY OF SCIENCE AND TECHNOLOGY<\/p>\n<p style=\"text-align: justify;\">Niki Gaitani is Associate Professor in Integrated Energy Design at the Department of Architecture and Technology at the Norwegian University of Science and Technology, NTNU.<\/p>\n<p style=\"text-align: justify;\">She has more than fifteen years of experience in energy efficiency and sustainable design strategies from building to neighbourhood and city scale. Her expertise relate to the energy performance of buildings, the integrated energy design, the zero-emission neighbourhood concepts, the positive energy districts, the urban and building physics and climate-resilience of the built environment.<\/p>\n<p style=\"text-align: justify;\">She aspires to contribute towards the transfer of technological progress achieved in sustainable architecture and engineering to applications that pave the way to a low carbon, energy-efficient and resilient built environment. With an active role in more than twenty EU funded research projects, Niki Gaitani is the Project Leader of syn.ikia H2020 project (IA).<\/p>\n<p><img loading=\"lazy\" decoding=\"async\" class=\"aligncenter size-full wp-image-2780\" src=\"http:\/\/eesap.eu\/wp-content\/uploads\/2020\/11\/Captura-de-pantalla-2020-11-17-a-las-15.24.53.png\" alt=\"\" width=\"2248\" height=\"186\" srcset=\"https:\/\/eesap.eu\/wp-content\/uploads\/2020\/11\/Captura-de-pantalla-2020-11-17-a-las-15.24.53.png 2248w, https:\/\/eesap.eu\/wp-content\/uploads\/2020\/11\/Captura-de-pantalla-2020-11-17-a-las-15.24.53-300x25.png 300w, https:\/\/eesap.eu\/wp-content\/uploads\/2020\/11\/Captura-de-pantalla-2020-11-17-a-las-15.24.53-768x64.png 768w, https:\/\/eesap.eu\/wp-content\/uploads\/2020\/11\/Captura-de-pantalla-2020-11-17-a-las-15.24.53-1024x85.png 1024w, https:\/\/eesap.eu\/wp-content\/uploads\/2020\/11\/Captura-de-pantalla-2020-11-17-a-las-15.24.53-260x22.png 260w, https:\/\/eesap.eu\/wp-content\/uploads\/2020\/11\/Captura-de-pantalla-2020-11-17-a-las-15.24.53-50x4.png 50w, https:\/\/eesap.eu\/wp-content\/uploads\/2020\/11\/Captura-de-pantalla-2020-11-17-a-las-15.24.53-200x17.png 200w\" sizes=\"auto, (max-width: 2248px) 100vw, 2248px\" \/><\/p>\n<p style=\"text-align: right;\"><a class=\"button button_20 button_WHITE \" href=\"http:\/\/eesap.eu\/wp-content\/uploads\/2020\/11\/Niki-Gaitani.pdf\" target=\"_blank\">DESCARGAR FICHA<\/a>\n<\/p>\n<hr \/>\n<h4><span style=\"color: #008080;\"><img loading=\"lazy\" decoding=\"async\" class=\"wp-image-2804 alignleft\" style=\"padding-bottom: 60px;\" src=\"http:\/\/eesap.eu\/wp-content\/uploads\/2015\/07\/german.png\" alt=\"\" width=\"234\" height=\"234\" srcset=\"https:\/\/eesap.eu\/wp-content\/uploads\/2015\/07\/german.png 358w, https:\/\/eesap.eu\/wp-content\/uploads\/2015\/07\/german-150x150.png 150w, https:\/\/eesap.eu\/wp-content\/uploads\/2015\/07\/german-300x300.png 300w, https:\/\/eesap.eu\/wp-content\/uploads\/2015\/07\/german-146x146.png 146w, https:\/\/eesap.eu\/wp-content\/uploads\/2015\/07\/german-50x50.png 50w, https:\/\/eesap.eu\/wp-content\/uploads\/2015\/07\/german-80x80.png 80w, https:\/\/eesap.eu\/wp-content\/uploads\/2015\/07\/german-70x70.png 70w\" sizes=\"auto, (max-width: 234px) 100vw, 234px\" \/><\/span><\/h4>\n<h4><span style=\"color: #008080;\">D. GERM\u00c1N CASTELLANOS<\/span><\/h4>\n<p>GERENTE PROYECTO DE RENOVACI\u00d3N URBANA TRIANGULO DE FENICIA. UNIVERSIDAD DE LOS ANDES<\/p>\n<p style=\"text-align: justify;\">Arquitecto 1988 y Magister en Planeamiento Urbano y Regional 2009 de la Universidad Javeriana. Con amplia experiencia en gerencia integral de proyectos urbanos y logros significativos en el desarrollo de negocios inmobiliarios.<\/p>\n<p style=\"text-align: justify;\">Experto en la formulaci\u00f3n de planes maestros, operaciones urbanas integrales y formaci\u00f3n de nuevas ciudades dirigiendo equipos interdisciplinarios para la ejecuci\u00f3n de planes y proyectos urban\u00edsticos a gran escala.<\/p>\n<p style=\"text-align: justify;\">Desde 2016 encargado de la gerencia del Proyecto de Renovaci\u00f3n Urbana Tri\u00e1ngulo de Fenicia para la Universidad de los Andes, que comprende la gesti\u00f3n asociada del suelo con 520 propietarios en el centro de Bogot\u00e1.<\/p>\n<p><img loading=\"lazy\" decoding=\"async\" class=\"aligncenter size-full wp-image-2777\" src=\"http:\/\/eesap.eu\/wp-content\/uploads\/2020\/11\/Captura-de-pantalla-2020-11-17-a-las-15.20.38.png\" alt=\"\" width=\"2056\" height=\"468\" srcset=\"https:\/\/eesap.eu\/wp-content\/uploads\/2020\/11\/Captura-de-pantalla-2020-11-17-a-las-15.20.38.png 2056w, https:\/\/eesap.eu\/wp-content\/uploads\/2020\/11\/Captura-de-pantalla-2020-11-17-a-las-15.20.38-300x68.png 300w, https:\/\/eesap.eu\/wp-content\/uploads\/2020\/11\/Captura-de-pantalla-2020-11-17-a-las-15.20.38-768x175.png 768w, https:\/\/eesap.eu\/wp-content\/uploads\/2020\/11\/Captura-de-pantalla-2020-11-17-a-las-15.20.38-1024x233.png 1024w, https:\/\/eesap.eu\/wp-content\/uploads\/2020\/11\/Captura-de-pantalla-2020-11-17-a-las-15.20.38-260x59.png 260w, https:\/\/eesap.eu\/wp-content\/uploads\/2020\/11\/Captura-de-pantalla-2020-11-17-a-las-15.20.38-50x11.png 50w, https:\/\/eesap.eu\/wp-content\/uploads\/2020\/11\/Captura-de-pantalla-2020-11-17-a-las-15.20.38-200x46.png 200w\" sizes=\"auto, (max-width: 2056px) 100vw, 2056px\" \/><\/p>\n<h4 style=\"text-align: right;\"><a class=\"button button_20 button_WHITE \" href=\"http:\/\/eesap.eu\/wp-content\/uploads\/2020\/11\/German-castellanos.pdf\" target=\"_blank\">DESCARGAR FICHA<\/a>\n<\/h4>\n<hr \/>\n<h4><span style=\"color: #008080;\"><br \/>\n<img loading=\"lazy\" decoding=\"async\" class=\"wp-image-2859 alignleft\" src=\"http:\/\/eesap.eu\/wp-content\/uploads\/2020\/11\/ricardo-romero.png\" alt=\"\" width=\"236\" height=\"236\" srcset=\"https:\/\/eesap.eu\/wp-content\/uploads\/2020\/11\/ricardo-romero.png 357w, https:\/\/eesap.eu\/wp-content\/uploads\/2020\/11\/ricardo-romero-150x150.png 150w, https:\/\/eesap.eu\/wp-content\/uploads\/2020\/11\/ricardo-romero-300x300.png 300w, https:\/\/eesap.eu\/wp-content\/uploads\/2020\/11\/ricardo-romero-146x146.png 146w, https:\/\/eesap.eu\/wp-content\/uploads\/2020\/11\/ricardo-romero-50x50.png 50w, https:\/\/eesap.eu\/wp-content\/uploads\/2020\/11\/ricardo-romero-80x80.png 80w, https:\/\/eesap.eu\/wp-content\/uploads\/2020\/11\/ricardo-romero-70x70.png 70w\" sizes=\"auto, (max-width: 236px) 100vw, 236px\" \/><\/span><span style=\"color: #008080;\">D. RICARDO ROMERO HERN\u00c1NDEZ<\/span><\/h4>\n<p>INVESTIGADOR, TEKNIKER<\/p>\n<p style=\"text-align: justify;\">Ingeniero T\u00e9cnico en la especialidad de electr\u00f3nica por la Escuela Universitaria de Ingenier\u00eda T\u00e9cnica Industrial de Eibar.<span class=\"Apple-converted-space\">\u00a0<\/span><\/p>\n<p style=\"text-align: justify;\">Desde 1998 en Fundaci\u00f3n TEKNIKER como investigador, en los departamentos de Ingenier\u00eda de producci\u00f3n y Sistemas de Informaci\u00f3n Inteligentes, desarrollando su actividad en la aplicaci\u00f3n de las TICs para la mejora de los procesos productivos en sectores diversos, desde 2019 en \u00e1mbito de Infraestructuras trasladando su experiencia al sector de la construcci\u00f3n.<\/p>\n<p style=\"text-align: right;\"><img loading=\"lazy\" decoding=\"async\" class=\"aligncenter size-full wp-image-2781\" src=\"http:\/\/eesap.eu\/wp-content\/uploads\/2020\/11\/Captura-de-pantalla-2020-11-17-a-las-15.25.57.png\" alt=\"\" width=\"2274\" height=\"220\" srcset=\"https:\/\/eesap.eu\/wp-content\/uploads\/2020\/11\/Captura-de-pantalla-2020-11-17-a-las-15.25.57.png 2274w, https:\/\/eesap.eu\/wp-content\/uploads\/2020\/11\/Captura-de-pantalla-2020-11-17-a-las-15.25.57-300x29.png 300w, https:\/\/eesap.eu\/wp-content\/uploads\/2020\/11\/Captura-de-pantalla-2020-11-17-a-las-15.25.57-768x74.png 768w, https:\/\/eesap.eu\/wp-content\/uploads\/2020\/11\/Captura-de-pantalla-2020-11-17-a-las-15.25.57-1024x99.png 1024w, https:\/\/eesap.eu\/wp-content\/uploads\/2020\/11\/Captura-de-pantalla-2020-11-17-a-las-15.25.57-260x25.png 260w, https:\/\/eesap.eu\/wp-content\/uploads\/2020\/11\/Captura-de-pantalla-2020-11-17-a-las-15.25.57-50x5.png 50w, https:\/\/eesap.eu\/wp-content\/uploads\/2020\/11\/Captura-de-pantalla-2020-11-17-a-las-15.25.57-200x19.png 200w\" sizes=\"auto, (max-width: 2274px) 100vw, 2274px\" \/><a class=\"button button_20 button_WHITE \" href=\"http:\/\/eesap.eu\/wp-content\/uploads\/2020\/11\/Ricardo-Romero.pdf\" target=\"_blank\">DESCARGAR FICHA<\/a>\n<\/p>\n<hr \/>\n<h4><img loading=\"lazy\" decoding=\"async\" class=\"wp-image-2906 alignleft\" style=\"padding-bottom: 120px;\" src=\"http:\/\/eesap.eu\/wp-content\/uploads\/2020\/11\/Alhel\u00ed-Alvaarez.png\" alt=\"\" width=\"234\" height=\"233\" srcset=\"https:\/\/eesap.eu\/wp-content\/uploads\/2020\/11\/Alhel\u00ed-Alvaarez.png 358w, https:\/\/eesap.eu\/wp-content\/uploads\/2020\/11\/Alhel\u00ed-Alvaarez-150x150.png 150w, https:\/\/eesap.eu\/wp-content\/uploads\/2020\/11\/Alhel\u00ed-Alvaarez-300x300.png 300w, https:\/\/eesap.eu\/wp-content\/uploads\/2020\/11\/Alhel\u00ed-Alvaarez-146x146.png 146w, https:\/\/eesap.eu\/wp-content\/uploads\/2020\/11\/Alhel\u00ed-Alvaarez-50x50.png 50w, https:\/\/eesap.eu\/wp-content\/uploads\/2020\/11\/Alhel\u00ed-Alvaarez-80x80.png 80w, https:\/\/eesap.eu\/wp-content\/uploads\/2020\/11\/Alhel\u00ed-Alvaarez-70x70.png 70w\" sizes=\"auto, (max-width: 234px) 100vw, 234px\" \/><span style=\"color: #008080;\">D\u00f1a. ALHEL\u00cd E. \u00c1LVAREZ HUAM\u00c1N<\/span><\/h4>\n<p>UNIVERSIDAD ANDINA DEL CUSCO<\/p>\n<p style=\"text-align: justify;\">Arquitecta con cualidades de trabajo en equipo y capacidad de manejo social en el campo laboral y educativo, con perspectiva abierta hacia nuevos retos y con intereses acad\u00e9micos en \u00a0el campo urbano \u2013 edificatorio en relaci\u00f3n con las perspectivas de desarrollo socio-econ\u00f3mico de su ciudad.<\/p>\n<p style=\"text-align: justify;\">Estudiante de doctorado, con maestr\u00eda en \u201cInvestigaci\u00f3n en Sostenibilidad y Eficiencia energ\u00e9tica aplicado al Urbanismo, Edificaci\u00f3n, Industria y Transporte\u201d realizado en la Universidad del Pa\u00eds Vasco \u2013 Espa\u00f1a; y maestro en \u201dGerencia de la Construcci\u00f3n\u201d en la Universidad de Ciencias Aplicadas \u2013 Per\u00fa. Adicionado a ello la experiencia adquirida en el campo profesional p\u00fablico y privado por m\u00e1s de 7 a\u00f1os, aportan al trabajo acad\u00e9mico como docente universitario.<\/p>\n<p style=\"text-align: justify;\">De esta forma se genera, a trav\u00e9s del Centro de Investigaci\u00f3n Multidisciplinario \u201cCiudad Verde\u201d de la Universidad Andina del Cusco y en colaboraci\u00f3n con estudiantes y docentes, nuevos planteamientos sobre la ciudad, abordando problemas actuales como el crecimiento desordenado de la ciudad y la reducci\u00f3n de brechas sociales.<\/p>\n<p><img loading=\"lazy\" decoding=\"async\" class=\"size-full wp-image-3105 alignleft\" src=\"http:\/\/eesap.eu\/wp-content\/uploads\/2020\/11\/Captura-de-pantalla-2020-11-27-a-las-16.02.53.png\" alt=\"\" width=\"1448\" height=\"144\" srcset=\"https:\/\/eesap.eu\/wp-content\/uploads\/2020\/11\/Captura-de-pantalla-2020-11-27-a-las-16.02.53.png 1448w, https:\/\/eesap.eu\/wp-content\/uploads\/2020\/11\/Captura-de-pantalla-2020-11-27-a-las-16.02.53-300x30.png 300w, https:\/\/eesap.eu\/wp-content\/uploads\/2020\/11\/Captura-de-pantalla-2020-11-27-a-las-16.02.53-768x76.png 768w, https:\/\/eesap.eu\/wp-content\/uploads\/2020\/11\/Captura-de-pantalla-2020-11-27-a-las-16.02.53-1024x102.png 1024w, https:\/\/eesap.eu\/wp-content\/uploads\/2020\/11\/Captura-de-pantalla-2020-11-27-a-las-16.02.53-260x26.png 260w, https:\/\/eesap.eu\/wp-content\/uploads\/2020\/11\/Captura-de-pantalla-2020-11-27-a-las-16.02.53-50x5.png 50w, https:\/\/eesap.eu\/wp-content\/uploads\/2020\/11\/Captura-de-pantalla-2020-11-27-a-las-16.02.53-200x20.png 200w\" sizes=\"auto, (max-width: 1448px) 100vw, 1448px\" \/><\/p>\n<p style=\"text-align: right;\"><a class=\"button button_20 button_WHITE \" href=\"http:\/\/eesap.eu\/wp-content\/uploads\/2020\/11\/Ricardo-Romero.pdf\" target=\"_blank\">DESCARGAR FICHA<\/a>\n<\/p>\n<p style=\"text-align: right;\">\n","protected":false},"excerpt":{"rendered":"<p>&nbsp; MARTES 1 DE DICIEMBRE D\u00d1A ESTER HIGUERAS GARC\u00cdA ESCUELA T\u00c9CNICA SUPERIOR DE ARQUITECTURA DE MADRID. UNIVERSIDAD POLIT\u00c9CNICA DE MADRID Ester Higueras es doctor arquitecto, profesora Titular de la Universidad Polit\u00e9cnica de Madrid. Especialista en planificaci\u00f3n ambiental, ordenanzas ambientales y urbanismo bioclim\u00e1tico. Ha sido directora del Curso de Formaci\u00f3n Continua de la UPM, \u00abENFOQUE SOSTENIBLE [&hellip;]<\/p>\n","protected":false},"author":3,"featured_media":0,"parent":2733,"menu_order":3,"comment_status":"closed","ping_status":"closed","template":"","meta":{"_monsterinsights_skip_tracking":false,"footnotes":""},"class_list":["post-2741","page","type-page","status-publish","hentry"],"_links":{"self":[{"href":"https:\/\/eesap.eu\/index.php\/wp-json\/wp\/v2\/pages\/2741","targetHints":{"allow":["GET"]}}],"collection":[{"href":"https:\/\/eesap.eu\/index.php\/wp-json\/wp\/v2\/pages"}],"about":[{"href":"https:\/\/eesap.eu\/index.php\/wp-json\/wp\/v2\/types\/page"}],"author":[{"embeddable":true,"href":"https:\/\/eesap.eu\/index.php\/wp-json\/wp\/v2\/users\/3"}],"replies":[{"embeddable":true,"href":"https:\/\/eesap.eu\/index.php\/wp-json\/wp\/v2\/comments?post=2741"}],"version-history":[{"count":15,"href":"https:\/\/eesap.eu\/index.php\/wp-json\/wp\/v2\/pages\/2741\/revisions"}],"predecessor-version":[{"id":3107,"href":"https:\/\/eesap.eu\/index.php\/wp-json\/wp\/v2\/pages\/2741\/revisions\/3107"}],"up":[{"embeddable":true,"href":"https:\/\/eesap.eu\/index.php\/wp-json\/wp\/v2\/pages\/2733"}],"wp:attachment":[{"href":"https:\/\/eesap.eu\/index.php\/wp-json\/wp\/v2\/media?parent=2741"}],"curies":[{"name":"wp","href":"https:\/\/api.w.org\/{rel}","templated":true}]}}