{"id":2625,"date":"2020-11-16T19:09:11","date_gmt":"2020-11-16T18:09:11","guid":{"rendered":"http:\/\/eesap.eu\/?page_id=2625"},"modified":"2020-11-30T20:05:39","modified_gmt":"2020-11-30T19:05:39","slug":"ponentes-sala-cica-martes-1-diciembre","status":"publish","type":"page","link":"https:\/\/eesap.eu\/index.php\/es\/programa-2\/ponentes\/ponentes-sala-cica-martes-1-diciembre\/","title":{"rendered":"PONENTES SALA CICA (1)"},"content":{"rendered":"<p>&nbsp;<\/p>\n<h4><\/h4>\n<h1><strong>MARTES 1 DE DICIEMBRE<\/strong><\/h1>\n<hr \/>\n<h4><span style=\"color: #008080;\"><img loading=\"lazy\" decoding=\"async\" class=\"wp-image-2873 alignleft\" src=\"http:\/\/eesap.eu\/wp-content\/uploads\/2020\/11\/Eduardo-Santan.png\" alt=\"\" width=\"234\" height=\"234\" srcset=\"https:\/\/eesap.eu\/wp-content\/uploads\/2020\/11\/Eduardo-Santan.png 358w, https:\/\/eesap.eu\/wp-content\/uploads\/2020\/11\/Eduardo-Santan-150x150.png 150w, https:\/\/eesap.eu\/wp-content\/uploads\/2020\/11\/Eduardo-Santan-300x300.png 300w, https:\/\/eesap.eu\/wp-content\/uploads\/2020\/11\/Eduardo-Santan-146x146.png 146w, https:\/\/eesap.eu\/wp-content\/uploads\/2020\/11\/Eduardo-Santan-50x50.png 50w, https:\/\/eesap.eu\/wp-content\/uploads\/2020\/11\/Eduardo-Santan-80x80.png 80w, https:\/\/eesap.eu\/wp-content\/uploads\/2020\/11\/Eduardo-Santan-70x70.png 70w\" sizes=\"auto, (max-width: 234px) 100vw, 234px\" \/><\/span><\/h4>\n<h4><\/h4>\n<p>&nbsp;<\/p>\n<h4><span style=\"color: #008080;\">D. EDUARDO SANTANA ABADIA<\/span><\/h4>\n<p>MICROSOFT BUSINESS CLOUD ADVISOR, IBERM\u00c1TICA<\/p>\n<p style=\"text-align: justify;\">Eduardo Santana Abad\u00eda es Ingeniero Inform\u00e1tico y Auditor de Calidad con m\u00e1s de 30 a\u00f1os de experiencia en Consultor\u00eda Tecnol\u00f3gica.Especialistaen la plataforma Microsoft, especialmente en los entornos de gesti\u00f3n empresarial, soluciones Cloud, ERP y Business Intelligence.<\/p>\n<p>Ha participado en numerosos proyectos de diversa \u00edndole en algunas de las principales empresas del sector Construcci\u00f3n.<\/p>\n<p><img loading=\"lazy\" decoding=\"async\" class=\"aligncenter size-full wp-image-2874\" src=\"http:\/\/eesap.eu\/wp-content\/uploads\/2020\/11\/Captura-de-pantalla-2020-11-18-a-las-18.12.01.png\" alt=\"\" width=\"2006\" height=\"334\" srcset=\"https:\/\/eesap.eu\/wp-content\/uploads\/2020\/11\/Captura-de-pantalla-2020-11-18-a-las-18.12.01.png 2006w, https:\/\/eesap.eu\/wp-content\/uploads\/2020\/11\/Captura-de-pantalla-2020-11-18-a-las-18.12.01-300x50.png 300w, https:\/\/eesap.eu\/wp-content\/uploads\/2020\/11\/Captura-de-pantalla-2020-11-18-a-las-18.12.01-768x128.png 768w, https:\/\/eesap.eu\/wp-content\/uploads\/2020\/11\/Captura-de-pantalla-2020-11-18-a-las-18.12.01-1024x170.png 1024w, https:\/\/eesap.eu\/wp-content\/uploads\/2020\/11\/Captura-de-pantalla-2020-11-18-a-las-18.12.01-260x43.png 260w, https:\/\/eesap.eu\/wp-content\/uploads\/2020\/11\/Captura-de-pantalla-2020-11-18-a-las-18.12.01-50x8.png 50w, https:\/\/eesap.eu\/wp-content\/uploads\/2020\/11\/Captura-de-pantalla-2020-11-18-a-las-18.12.01-200x33.png 200w\" sizes=\"auto, (max-width: 2006px) 100vw, 2006px\" \/><\/p>\n<p style=\"text-align: right;\"><a class=\"button button_20 button_WHITE \" href=\" http:\/\/eesap.eu\/wp-content\/uploads\/2020\/11\/Eduardo-Santana.pdf\" target=\"_blank\">DESCARGAR FICHA<\/a>\n<\/p>\n<hr \/>\n<p><img loading=\"lazy\" decoding=\"async\" class=\"wp-image-2876 alignleft\" src=\"http:\/\/eesap.eu\/wp-content\/uploads\/2020\/11\/MAITANE-HERNANDEZ.png\" alt=\"\" width=\"234\" height=\"234\" srcset=\"https:\/\/eesap.eu\/wp-content\/uploads\/2020\/11\/MAITANE-HERNANDEZ.png 358w, https:\/\/eesap.eu\/wp-content\/uploads\/2020\/11\/MAITANE-HERNANDEZ-150x150.png 150w, https:\/\/eesap.eu\/wp-content\/uploads\/2020\/11\/MAITANE-HERNANDEZ-300x300.png 300w, https:\/\/eesap.eu\/wp-content\/uploads\/2020\/11\/MAITANE-HERNANDEZ-146x146.png 146w, https:\/\/eesap.eu\/wp-content\/uploads\/2020\/11\/MAITANE-HERNANDEZ-50x50.png 50w, https:\/\/eesap.eu\/wp-content\/uploads\/2020\/11\/MAITANE-HERNANDEZ-80x80.png 80w, https:\/\/eesap.eu\/wp-content\/uploads\/2020\/11\/MAITANE-HERNANDEZ-70x70.png 70w\" sizes=\"auto, (max-width: 234px) 100vw, 234px\" \/><\/p>\n<p>&nbsp;<\/p>\n<h4><span style=\"color: #008080;\">D\u00f1a. MAITANE HERNADEZ ITURBE<\/span><\/h4>\n<p>CEO WEROI<\/p>\n<p style=\"text-align: justify;\">M\u00e1s de 12 a\u00f1os de experiencia en la gesti\u00f3n y asesoramiento de proyectos de captaci\u00f3n de nuevo negocio a trav\u00e9s de ecosistemas digitales para empresas industriales y B2B, tanto en mercado nacional como en mercados de exportaci\u00f3n.<\/p>\n<p style=\"text-align: justify;\">Desde 2010, socia fundadora y gerente de Weroi, empresa dedicada a la integraci\u00f3n de estrategias comerciales digitales dentro de los departamentos comerciales tradicionales de empresas industriales. Executive MBA por ESIC.<\/p>\n<p><img loading=\"lazy\" decoding=\"async\" class=\"aligncenter size-full wp-image-2877\" src=\"http:\/\/eesap.eu\/wp-content\/uploads\/2020\/11\/Captura-de-pantalla-2020-11-18-a-las-18.22.10.png\" alt=\"\" width=\"2224\" height=\"168\" srcset=\"https:\/\/eesap.eu\/wp-content\/uploads\/2020\/11\/Captura-de-pantalla-2020-11-18-a-las-18.22.10.png 2224w, https:\/\/eesap.eu\/wp-content\/uploads\/2020\/11\/Captura-de-pantalla-2020-11-18-a-las-18.22.10-300x23.png 300w, https:\/\/eesap.eu\/wp-content\/uploads\/2020\/11\/Captura-de-pantalla-2020-11-18-a-las-18.22.10-768x58.png 768w, https:\/\/eesap.eu\/wp-content\/uploads\/2020\/11\/Captura-de-pantalla-2020-11-18-a-las-18.22.10-1024x77.png 1024w, https:\/\/eesap.eu\/wp-content\/uploads\/2020\/11\/Captura-de-pantalla-2020-11-18-a-las-18.22.10-260x20.png 260w, https:\/\/eesap.eu\/wp-content\/uploads\/2020\/11\/Captura-de-pantalla-2020-11-18-a-las-18.22.10-50x4.png 50w, https:\/\/eesap.eu\/wp-content\/uploads\/2020\/11\/Captura-de-pantalla-2020-11-18-a-las-18.22.10-200x15.png 200w\" sizes=\"auto, (max-width: 2224px) 100vw, 2224px\" \/><\/p>\n<p style=\"text-align: right;\"><a class=\"button button_20 button_WHITE \" href=\"http:\/\/eesap.eu\/wp-content\/uploads\/2020\/11\/Maitane-Hernandez.pdf\" target=\"_blank\">DESCARGAR FICHA<\/a>\n<\/p>\n<hr \/>\n<p><img loading=\"lazy\" decoding=\"async\" class=\"wp-image-2815 alignleft\" src=\"http:\/\/eesap.eu\/wp-content\/uploads\/2020\/11\/jose-ramon-garcia.png\" alt=\"\" width=\"234\" height=\"234\" srcset=\"https:\/\/eesap.eu\/wp-content\/uploads\/2020\/11\/jose-ramon-garcia.png 357w, https:\/\/eesap.eu\/wp-content\/uploads\/2020\/11\/jose-ramon-garcia-150x150.png 150w, https:\/\/eesap.eu\/wp-content\/uploads\/2020\/11\/jose-ramon-garcia-300x300.png 300w, https:\/\/eesap.eu\/wp-content\/uploads\/2020\/11\/jose-ramon-garcia-146x146.png 146w, https:\/\/eesap.eu\/wp-content\/uploads\/2020\/11\/jose-ramon-garcia-50x50.png 50w, https:\/\/eesap.eu\/wp-content\/uploads\/2020\/11\/jose-ramon-garcia-80x80.png 80w, https:\/\/eesap.eu\/wp-content\/uploads\/2020\/11\/jose-ramon-garcia-70x70.png 70w\" sizes=\"auto, (max-width: 234px) 100vw, 234px\" \/><\/p>\n<p>&nbsp;<\/p>\n<h4><span style=\"color: #008080;\">D. Jos\u00e9 Ram\u00f3n Garc\u00eda Garc\u00eda<\/span><\/h4>\n<p>HEAD OF DIGITAL EXPERIENCE, IZERTIS<\/p>\n<p style=\"text-align: justify;\">Licenciado en Derecho por la Universidad de Oviedo y M\u00e1ster en Direcci\u00f3n de empresas por el IUDE. Toda su trayectoria profesional ha estado vinculada al mundo de la publicidad, el marketing digital y la tecnolog\u00eda, trabajando en diferentes Agencias de Marketing y Consultoras Tecnol\u00f3gicas.<\/p>\n<p style=\"text-align: justify;\">En 2013 mont\u00f3 su propia Agencia de Marketing Digital, que en 2019 fue integrada en la consultora tecnol\u00f3gica Izertis, donde ahora dirige el \u00e1rea de Digital Experience.<\/p>\n<p style=\"text-align: right;\"><img loading=\"lazy\" decoding=\"async\" class=\"aligncenter size-full wp-image-2801\" src=\"http:\/\/eesap.eu\/wp-content\/uploads\/2020\/11\/Captura-de-pantalla-2020-11-17-a-las-15.57.41.png\" alt=\"\" width=\"2238\" height=\"158\" srcset=\"https:\/\/eesap.eu\/wp-content\/uploads\/2020\/11\/Captura-de-pantalla-2020-11-17-a-las-15.57.41.png 2238w, https:\/\/eesap.eu\/wp-content\/uploads\/2020\/11\/Captura-de-pantalla-2020-11-17-a-las-15.57.41-300x21.png 300w, https:\/\/eesap.eu\/wp-content\/uploads\/2020\/11\/Captura-de-pantalla-2020-11-17-a-las-15.57.41-768x54.png 768w, https:\/\/eesap.eu\/wp-content\/uploads\/2020\/11\/Captura-de-pantalla-2020-11-17-a-las-15.57.41-1024x72.png 1024w, https:\/\/eesap.eu\/wp-content\/uploads\/2020\/11\/Captura-de-pantalla-2020-11-17-a-las-15.57.41-260x18.png 260w, https:\/\/eesap.eu\/wp-content\/uploads\/2020\/11\/Captura-de-pantalla-2020-11-17-a-las-15.57.41-50x4.png 50w, https:\/\/eesap.eu\/wp-content\/uploads\/2020\/11\/Captura-de-pantalla-2020-11-17-a-las-15.57.41-200x14.png 200w\" sizes=\"auto, (max-width: 2238px) 100vw, 2238px\" \/><a class=\"button button_20 button_WHITE \" href=\"http:\/\/eesap.eu\/wp-content\/uploads\/2020\/11\/Jose-Ramon-Garcia.pdf\" target=\"_blank\">DESCARGAR FICHA<\/a>\n<\/p>\n<hr \/>\n<h4><img class=\"wp-image-3076 alignleft\" style=\"padding-d-align: justify;\" \/><img loading=\"lazy\" decoding=\"async\" class=\"wp-image-3076 alignleft\" style=\"padding-bottom: 80px;\" src=\"http:\/\/eesap.eu\/wp-content\/uploads\/2020\/11\/Raul-lopez.png\" alt=\"\" width=\"234\" height=\"234\" srcset=\"https:\/\/eesap.eu\/wp-content\/uploads\/2020\/11\/Raul-lopez.png 358w, https:\/\/eesap.eu\/wp-content\/uploads\/2020\/11\/Raul-lopez-150x150.png 150w, https:\/\/eesap.eu\/wp-content\/uploads\/2020\/11\/Raul-lopez-300x300.png 300w, https:\/\/eesap.eu\/wp-content\/uploads\/2020\/11\/Raul-lopez-146x146.png 146w, https:\/\/eesap.eu\/wp-content\/uploads\/2020\/11\/Raul-lopez-50x50.png 50w, https:\/\/eesap.eu\/wp-content\/uploads\/2020\/11\/Raul-lopez-80x80.png 80w, https:\/\/eesap.eu\/wp-content\/uploads\/2020\/11\/Raul-lopez-70x70.png 70w\" sizes=\"auto, (max-width: 234px) 100vw, 234px\" \/><span style=\"color: #008080;\">D.\u00a0Raul L\u00f3pez Garcia\u00a0<\/span><\/h4>\n<p>DIRECTOR &#8211; IT CONSULTING &amp; INNOVATION, GRANT THORNTON<\/p>\n<p style=\"text-align: justify;\">Ingeniero Inform\u00e1tico por la Universidad Carlos III de Mardid y M\u00e1ster en Direcci\u00f3n Financiera por la UCJC, es Director de Consultor\u00eda TI e Innovaci\u00f3n en Grant Thornton, donde lidera la pr\u00e1ctica de Blockchain de la firma, centro de excelencia a nivel mundial dentro de la firma.<\/p>\n<p style=\"text-align: justify;\">Durante sus a\u00f1os de experiencia, ha liderado proyectos complejos de innovaci\u00f3n y transformaci\u00f3n digital, en m\u00faltiples sectores como el Constructor, Oil&amp;Gas, Financiero, Seguros o Qu\u00edmico, lo que le ha permitido especializarse en el desarrollo estrat\u00e9gico y aplicaci\u00f3n de nuevas tecnolog\u00edas disruptivas e identificaci\u00f3n de necesidades tecnol\u00f3gicas.<\/p>\n<p style=\"text-align: justify;\">Complementa su desarrollo profesional ayudando en la implantaci\u00f3n de soluciones tecnol\u00f3gicas e innovadoras con la formaci\u00f3n, habiendo impartido clases en escuelas de negocio en m\u00e1ster especializados.<\/p>\n<p style=\"text-align: right;\"><img loading=\"lazy\" decoding=\"async\" class=\"aligncenter size-full wp-image-2801\" src=\"http:\/\/eesap.eu\/wp-content\/uploads\/2020\/11\/Captura-de-pantalla-2020-11-17-a-las-15.57.41.png\" alt=\"\" width=\"2238\" height=\"158\" srcset=\"https:\/\/eesap.eu\/wp-content\/uploads\/2020\/11\/Captura-de-pantalla-2020-11-17-a-las-15.57.41.png 2238w, https:\/\/eesap.eu\/wp-content\/uploads\/2020\/11\/Captura-de-pantalla-2020-11-17-a-las-15.57.41-300x21.png 300w, https:\/\/eesap.eu\/wp-content\/uploads\/2020\/11\/Captura-de-pantalla-2020-11-17-a-las-15.57.41-768x54.png 768w, https:\/\/eesap.eu\/wp-content\/uploads\/2020\/11\/Captura-de-pantalla-2020-11-17-a-las-15.57.41-1024x72.png 1024w, https:\/\/eesap.eu\/wp-content\/uploads\/2020\/11\/Captura-de-pantalla-2020-11-17-a-las-15.57.41-260x18.png 260w, https:\/\/eesap.eu\/wp-content\/uploads\/2020\/11\/Captura-de-pantalla-2020-11-17-a-las-15.57.41-50x4.png 50w, https:\/\/eesap.eu\/wp-content\/uploads\/2020\/11\/Captura-de-pantalla-2020-11-17-a-las-15.57.41-200x14.png 200w\" sizes=\"auto, (max-width: 2238px) 100vw, 2238px\" \/><a class=\"button button_20 button_WHITE \" href=\"http:\/\/eesap.eu\/wp-content\/uploads\/2020\/11\/Raul-Lopez.pdf\" target=\"_blank\">DESCARGAR FICHA<\/a>\n<\/p>\n<hr \/>\n<h4 style=\"text-align: justify;\"><img loading=\"lazy\" decoding=\"async\" class=\"wp-image-2829 alignleft\" src=\"http:\/\/eesap.eu\/wp-content\/uploads\/2020\/11\/Jose-Luis-Fierro-1.png\" alt=\"\" width=\"234\" height=\"234\" srcset=\"https:\/\/eesap.eu\/wp-content\/uploads\/2020\/11\/Jose-Luis-Fierro-1.png 357w, https:\/\/eesap.eu\/wp-content\/uploads\/2020\/11\/Jose-Luis-Fierro-1-150x150.png 150w, https:\/\/eesap.eu\/wp-content\/uploads\/2020\/11\/Jose-Luis-Fierro-1-300x300.png 300w, https:\/\/eesap.eu\/wp-content\/uploads\/2020\/11\/Jose-Luis-Fierro-1-146x146.png 146w, https:\/\/eesap.eu\/wp-content\/uploads\/2020\/11\/Jose-Luis-Fierro-1-50x50.png 50w, https:\/\/eesap.eu\/wp-content\/uploads\/2020\/11\/Jose-Luis-Fierro-1-80x80.png 80w, https:\/\/eesap.eu\/wp-content\/uploads\/2020\/11\/Jose-Luis-Fierro-1-70x70.png 70w\" sizes=\"auto, (max-width: 234px) 100vw, 234px\" \/><\/h4>\n<h4 style=\"text-align: justify;\"><span style=\"color: #008080;\">D. Jos\u00e9 Luis Fierro Mart\u00edn<\/span><\/h4>\n<p>DIRECTOR GENERAL CARLO GAVAZZI Y DELEGADO ZONA NORTE A3e<span class=\"Apple-converted-space\">\u00a0<\/span><\/p>\n<p style=\"text-align: justify;\">Ingeniero el\u00e9ctrico por la EUITI Bilbao e Ingeniero de organizaci\u00f3n industrial por la ETSI Bilbao. Comenz\u00f3 su carrera profesional en Carlo Gavazzi como Director de Marketing Estrat\u00e9gico para Espa\u00f1a, Portugal y LATAM y como Director Comercial para Espa\u00f1a.<\/p>\n<p style=\"text-align: justify;\">Es director general de Carlo Gavazzi desde 2014. Adem\u00e1s, tambi\u00e9n asume la direcci\u00f3n de la Delegaci\u00f3n de la Zona Norte de la Asociaci\u00f3n de Empresas de Eficiencia Energ\u00e9tica, A3e desde 2019.Sus intereses son la tecnolog\u00eda y los ecosistemas de emprendimiento, as\u00ed como el desarrollo de actividades de mentorizaci\u00f3n.<\/p>\n<p style=\"text-align: right;\"><img loading=\"lazy\" decoding=\"async\" class=\"aligncenter size-full wp-image-2799\" src=\"http:\/\/eesap.eu\/wp-content\/uploads\/2020\/11\/Captura-de-pantalla-2020-11-17-a-las-15.55.38.png\" alt=\"\" width=\"2044\" height=\"314\" srcset=\"https:\/\/eesap.eu\/wp-content\/uploads\/2020\/11\/Captura-de-pantalla-2020-11-17-a-las-15.55.38.png 2044w, https:\/\/eesap.eu\/wp-content\/uploads\/2020\/11\/Captura-de-pantalla-2020-11-17-a-las-15.55.38-300x46.png 300w, https:\/\/eesap.eu\/wp-content\/uploads\/2020\/11\/Captura-de-pantalla-2020-11-17-a-las-15.55.38-768x118.png 768w, https:\/\/eesap.eu\/wp-content\/uploads\/2020\/11\/Captura-de-pantalla-2020-11-17-a-las-15.55.38-1024x157.png 1024w, https:\/\/eesap.eu\/wp-content\/uploads\/2020\/11\/Captura-de-pantalla-2020-11-17-a-las-15.55.38-260x40.png 260w, https:\/\/eesap.eu\/wp-content\/uploads\/2020\/11\/Captura-de-pantalla-2020-11-17-a-las-15.55.38-50x8.png 50w, https:\/\/eesap.eu\/wp-content\/uploads\/2020\/11\/Captura-de-pantalla-2020-11-17-a-las-15.55.38-200x31.png 200w\" sizes=\"auto, (max-width: 2044px) 100vw, 2044px\" \/><a class=\"button button_20 button_WHITE \" href=\"http:\/\/eesap.eu\/wp-content\/uploads\/2020\/11\/Jose-luis-Fierro.pdf\" target=\"_blank\">DESCARGAR FICHA<\/a>\n<\/p>\n<hr \/>\n<div><img loading=\"lazy\" decoding=\"async\" class=\"wp-image-2824 alignleft\" src=\"http:\/\/eesap.eu\/wp-content\/uploads\/2020\/11\/ander-tuduri.png\" alt=\"\" width=\"234\" height=\"234\" srcset=\"https:\/\/eesap.eu\/wp-content\/uploads\/2020\/11\/ander-tuduri.png 357w, https:\/\/eesap.eu\/wp-content\/uploads\/2020\/11\/ander-tuduri-150x150.png 150w, https:\/\/eesap.eu\/wp-content\/uploads\/2020\/11\/ander-tuduri-300x300.png 300w, https:\/\/eesap.eu\/wp-content\/uploads\/2020\/11\/ander-tuduri-146x146.png 146w, https:\/\/eesap.eu\/wp-content\/uploads\/2020\/11\/ander-tuduri-50x50.png 50w, https:\/\/eesap.eu\/wp-content\/uploads\/2020\/11\/ander-tuduri-80x80.png 80w, https:\/\/eesap.eu\/wp-content\/uploads\/2020\/11\/ander-tuduri-70x70.png 70w\" sizes=\"auto, (max-width: 234px) 100vw, 234px\" \/><\/div>\n<div>\n<h4><\/h4>\n<h4><span style=\"color: #008080;\">D. ANDER TUDURI LABOA<\/span><\/h4>\n<p>DIRECTOR ENERMETRIK SOLUTIONS, GRUPO WATIO<\/p>\n<\/div>\n<div>\n<p style=\"text-align: justify;\">Ingeniero industrial el\u00e9ctrico por la Universidad de Navarra, desde hace m\u00e1s de 20 a\u00f1os desarrolla su carrera profesional en empresas del sector privado privadas ligadas a la energ\u00eda y la eficiencia energ\u00e9tica.<\/p>\n<p style=\"text-align: justify;\">En 2019 entra como director comercial del Grupo Watio, empresa que engloba a EMS<sup>2<\/sup>, Watio Wholesale, Watio Lighting y Watio Solar.<span class=\"Apple-converted-space\">\u00a0<\/span>Desde 2020 asume la Direcci\u00f3n de Enermetrik Solutions, empresa de servicios energ\u00e9ticos de Grupo Watio.<\/p>\n<p><span class=\"Apple-converted-space\">\u00a0<\/span><\/p>\n<p style=\"text-align: right;\"><img loading=\"lazy\" decoding=\"async\" class=\"aligncenter size-full wp-image-2871\" src=\"http:\/\/eesap.eu\/wp-content\/uploads\/2020\/11\/Captura-de-pantalla-2020-11-18-a-las-18.00.06.png\" alt=\"\" width=\"2222\" height=\"154\" srcset=\"https:\/\/eesap.eu\/wp-content\/uploads\/2020\/11\/Captura-de-pantalla-2020-11-18-a-las-18.00.06.png 2222w, https:\/\/eesap.eu\/wp-content\/uploads\/2020\/11\/Captura-de-pantalla-2020-11-18-a-las-18.00.06-300x21.png 300w, https:\/\/eesap.eu\/wp-content\/uploads\/2020\/11\/Captura-de-pantalla-2020-11-18-a-las-18.00.06-768x53.png 768w, https:\/\/eesap.eu\/wp-content\/uploads\/2020\/11\/Captura-de-pantalla-2020-11-18-a-las-18.00.06-1024x71.png 1024w, https:\/\/eesap.eu\/wp-content\/uploads\/2020\/11\/Captura-de-pantalla-2020-11-18-a-las-18.00.06-260x18.png 260w, https:\/\/eesap.eu\/wp-content\/uploads\/2020\/11\/Captura-de-pantalla-2020-11-18-a-las-18.00.06-50x3.png 50w, https:\/\/eesap.eu\/wp-content\/uploads\/2020\/11\/Captura-de-pantalla-2020-11-18-a-las-18.00.06-200x14.png 200w\" sizes=\"auto, (max-width: 2222px) 100vw, 2222px\" \/><a class=\"button button_20 button_WHITE \" href=\"http:\/\/eesap.eu\/wp-content\/uploads\/2020\/11\/Ander-Tuduri.pdf\" target=\"_blank\">DESCARGAR FICHA<\/a>\n<\/p>\n<\/div>\n<div style=\"text-align: right;\"><\/div>\n<div>\n<hr \/>\n<\/div>\n<div>\n<p><img loading=\"lazy\" decoding=\"async\" class=\"wp-image-2825 floated-left alignleft\" src=\"http:\/\/eesap.eu\/wp-content\/uploads\/2020\/11\/jose-manuel-baraibar.png\" alt=\"\" width=\"234\" height=\"234\" srcset=\"https:\/\/eesap.eu\/wp-content\/uploads\/2020\/11\/jose-manuel-baraibar.png 357w, https:\/\/eesap.eu\/wp-content\/uploads\/2020\/11\/jose-manuel-baraibar-150x150.png 150w, https:\/\/eesap.eu\/wp-content\/uploads\/2020\/11\/jose-manuel-baraibar-300x300.png 300w, https:\/\/eesap.eu\/wp-content\/uploads\/2020\/11\/jose-manuel-baraibar-146x146.png 146w, https:\/\/eesap.eu\/wp-content\/uploads\/2020\/11\/jose-manuel-baraibar-50x50.png 50w, https:\/\/eesap.eu\/wp-content\/uploads\/2020\/11\/jose-manuel-baraibar-80x80.png 80w, https:\/\/eesap.eu\/wp-content\/uploads\/2020\/11\/jose-manuel-baraibar-70x70.png 70w\" sizes=\"auto, (max-width: 234px) 100vw, 234px\" \/><\/p>\n<h4><\/h4>\n<h4><span style=\"color: #008080;\">D. JOS\u00c9 MANUEL BARAIBAR DIEZ<\/span><\/h4>\n<p>DIRECTOR T\u00c9CNICO Y RESPONSABLE DE I+D<\/p>\n<p style=\"text-align: justify;\">Dr. Ingeniero de Caminos, Canales y Puertos, tiene m\u00e1s de 10 a\u00f1os de experiencia profesional. Como director t\u00e9cnico de VIUDA DE SAINZ, S.A, coordina un equipo multidisciplinar que se dedica a la elaboraci\u00f3n de propuestas t\u00e9cnicas y econ\u00f3micas para clientes tanto del sector p\u00fablico como privado.<\/p>\n<p>Participa adem\u00e1s en la gesti\u00f3n de proyectos de Innovaci\u00f3n en los que participa VIUDA DE SAINZ, S.A.<\/p>\n<p style=\"text-align: right;\"><img loading=\"lazy\" decoding=\"async\" class=\"aligncenter size-full wp-image-2871\" src=\"http:\/\/eesap.eu\/wp-content\/uploads\/2020\/11\/Captura-de-pantalla-2020-11-18-a-las-18.00.06.png\" alt=\"\" width=\"2222\" height=\"154\" srcset=\"https:\/\/eesap.eu\/wp-content\/uploads\/2020\/11\/Captura-de-pantalla-2020-11-18-a-las-18.00.06.png 2222w, https:\/\/eesap.eu\/wp-content\/uploads\/2020\/11\/Captura-de-pantalla-2020-11-18-a-las-18.00.06-300x21.png 300w, https:\/\/eesap.eu\/wp-content\/uploads\/2020\/11\/Captura-de-pantalla-2020-11-18-a-las-18.00.06-768x53.png 768w, https:\/\/eesap.eu\/wp-content\/uploads\/2020\/11\/Captura-de-pantalla-2020-11-18-a-las-18.00.06-1024x71.png 1024w, https:\/\/eesap.eu\/wp-content\/uploads\/2020\/11\/Captura-de-pantalla-2020-11-18-a-las-18.00.06-260x18.png 260w, https:\/\/eesap.eu\/wp-content\/uploads\/2020\/11\/Captura-de-pantalla-2020-11-18-a-las-18.00.06-50x3.png 50w, https:\/\/eesap.eu\/wp-content\/uploads\/2020\/11\/Captura-de-pantalla-2020-11-18-a-las-18.00.06-200x14.png 200w\" sizes=\"auto, (max-width: 2222px) 100vw, 2222px\" \/><a class=\"button button_20 button_WHITE \" href=\"http:\/\/eesap.eu\/wp-content\/uploads\/2020\/11\/Jose-Manuel-Baraibar.pdf\" target=\"_blank\">DESCARGAR FICHA<\/a>\n<\/p>\n<hr \/>\n<div>\n<p><img loading=\"lazy\" decoding=\"async\" class=\"wp-image-3077 alignleft\" style=\"padding-bottom: 200px;\" src=\"http:\/\/eesap.eu\/wp-content\/uploads\/2020\/11\/oier-aranzabal.png\" alt=\"\" width=\"232\" height=\"232\" srcset=\"https:\/\/eesap.eu\/wp-content\/uploads\/2020\/11\/oier-aranzabal.png 358w, https:\/\/eesap.eu\/wp-content\/uploads\/2020\/11\/oier-aranzabal-150x150.png 150w, https:\/\/eesap.eu\/wp-content\/uploads\/2020\/11\/oier-aranzabal-300x300.png 300w, https:\/\/eesap.eu\/wp-content\/uploads\/2020\/11\/oier-aranzabal-146x146.png 146w, https:\/\/eesap.eu\/wp-content\/uploads\/2020\/11\/oier-aranzabal-50x50.png 50w, https:\/\/eesap.eu\/wp-content\/uploads\/2020\/11\/oier-aranzabal-80x80.png 80w, https:\/\/eesap.eu\/wp-content\/uploads\/2020\/11\/oier-aranzabal-70x70.png 70w\" sizes=\"auto, (max-width: 232px) 100vw, 232px\" \/><\/p>\n<h4><\/h4>\n<h4><span style=\"color: #008080;\">D.\u00a0OIER ARANZABAL URIARTE\u00a0<\/span><\/h4>\n<p>SUBDIRECTOR CIFP USULBIL LHII, COLABORADOR EXPERTO ZUBIGUNE FUNDAZIOA<\/p>\n<p style=\"text-align: justify;\">Licenciado en Ingenier\u00eda T\u00e9cnica Industrial, Especialidad Mec\u00e1nica (Mondrag\u00f3n Eskola Politeknikoa) e Ingenier\u00eda Industrial, Especialidad Organizaci\u00f3n (Mondrag\u00f3n Unibertsitatea). Tiene una gran experiencia profesional en el sector de la Educaci\u00f3n, sobre todo en la Formaci\u00f3n Profesional, destacando la desarrollada en el CIFP USURBIL LHII donde asume el rol de Director de Innovaci\u00f3n y desempe\u00f1a el cargo de Subdirector.<\/p>\n<p style=\"text-align: justify;\">Adem\u00e1s, dirige el Nodo de Energ\u00eda por encargo de TKNIKA , coordinando el trabajo de 4 centros de Formaci\u00f3n Profesional. (Somorrostro, Tolosaldea, Eraiken y Usurbil) para realizar prospectiva estrat\u00e9gica en relaci\u00f3n a aspectos t\u00e9cnicos y perfiles profesionales futuros en relaci\u00f3n con la energ\u00eda, diseminando los resultados en la red de centros de Formaci\u00f3n Profesional.<\/p>\n<p style=\"text-align: justify;\">Colabor\u00f3 en la estrategia de internacionalizaci\u00f3n del centro junto con Zubigune Fundazioa, participando en proyectos internacionales. Recibimos el primer premio de la World Federation of Colleges and Politecnics en el 2018 en la categor\u00eda de \u201cSustainable Education\u201d por el proyecto de edificio eficiente prefabricado ENEGUR.<\/p>\n<p style=\"text-align: justify;\">Estamos desarrollando la microrred energ\u00e9tica distribuida de generaci\u00f3n removable (fotovoltaica, e\u00f3lica ) que generar\u00e1 , almacenar\u00e1 y suministrar\u00e1 la energ\u00eda mediante gesti\u00f3n inteligente al edificio Enegur y al nuevo espacio de movilidad el\u00e9ctrica.<\/p>\n<p style=\"text-align: right;\"><img loading=\"lazy\" decoding=\"async\" class=\"aligncenter size-full wp-image-2871\" src=\"http:\/\/eesap.eu\/wp-content\/uploads\/2020\/11\/Captura-de-pantalla-2020-11-18-a-las-18.00.06.png\" alt=\"\" width=\"2222\" height=\"154\" srcset=\"https:\/\/eesap.eu\/wp-content\/uploads\/2020\/11\/Captura-de-pantalla-2020-11-18-a-las-18.00.06.png 2222w, https:\/\/eesap.eu\/wp-content\/uploads\/2020\/11\/Captura-de-pantalla-2020-11-18-a-las-18.00.06-300x21.png 300w, https:\/\/eesap.eu\/wp-content\/uploads\/2020\/11\/Captura-de-pantalla-2020-11-18-a-las-18.00.06-768x53.png 768w, https:\/\/eesap.eu\/wp-content\/uploads\/2020\/11\/Captura-de-pantalla-2020-11-18-a-las-18.00.06-1024x71.png 1024w, https:\/\/eesap.eu\/wp-content\/uploads\/2020\/11\/Captura-de-pantalla-2020-11-18-a-las-18.00.06-260x18.png 260w, https:\/\/eesap.eu\/wp-content\/uploads\/2020\/11\/Captura-de-pantalla-2020-11-18-a-las-18.00.06-50x3.png 50w, https:\/\/eesap.eu\/wp-content\/uploads\/2020\/11\/Captura-de-pantalla-2020-11-18-a-las-18.00.06-200x14.png 200w\" sizes=\"auto, (max-width: 2222px) 100vw, 2222px\" \/><a class=\"button button_20 button_WHITE \" href=\"http:\/\/eesap.eu\/wp-content\/uploads\/2020\/11\/Oier-Aranzabal.pdf\" target=\"_blank\">DESCARGAR FICHA<\/a>\n<\/p>\n<hr \/>\n<p>&nbsp;<\/p>\n<h4>\u00a0<img loading=\"lazy\" decoding=\"async\" class=\"wp-image-3134 alignleft\" style=\"padding-bottom: 100px;\" src=\"http:\/\/eesap.eu\/wp-content\/uploads\/2020\/11\/Cesar-Rey.png\" alt=\"\" width=\"234\" height=\"235\" srcset=\"https:\/\/eesap.eu\/wp-content\/uploads\/2020\/11\/Cesar-Rey.png 357w, https:\/\/eesap.eu\/wp-content\/uploads\/2020\/11\/Cesar-Rey-150x150.png 150w, https:\/\/eesap.eu\/wp-content\/uploads\/2020\/11\/Cesar-Rey-300x300.png 300w, https:\/\/eesap.eu\/wp-content\/uploads\/2020\/11\/Cesar-Rey-146x146.png 146w, https:\/\/eesap.eu\/wp-content\/uploads\/2020\/11\/Cesar-Rey-50x50.png 50w, https:\/\/eesap.eu\/wp-content\/uploads\/2020\/11\/Cesar-Rey-80x80.png 80w, https:\/\/eesap.eu\/wp-content\/uploads\/2020\/11\/Cesar-Rey-70x70.png 70w\" sizes=\"auto, (max-width: 234px) 100vw, 234px\" \/><span style=\"color: #008080;\">D. CESAR REY GARC\u00cdA<\/span><\/h4>\n<p>DIRECTOR DE GESTI\u00d3N ENERG\u00c9TICA, STRATENERGY, GRUPO VELATIA<\/p>\n<p style=\"text-align: justify;\">M\u00e1s de 25 a\u00f1os en el sector de la eficiencia energ\u00e9tica y las energ\u00edas renovables. MBA del IEDE<\/p>\n<p style=\"text-align: justify;\">Participaci\u00f3n en proyectos singulares de edificaci\u00f3n: 3 bloques de viviendas bioclim\u00e1ticas del barrio de San Ferm\u00edn de Madrid, para la Empresa Municipal de la Vivienda de Madrid.<\/p>\n<p style=\"text-align: justify;\">Central de DH en nuevo barrio La Granja de Molins de Rey Barcelona (1.100 viviendas). Central de DHC para \u00e1rea Forum de Barcelona. Central DHC en Parque Tecnol\u00f3gico del Aceite y del Olivar (Geolit) en Meng\u00edbar \u2013 Ja\u00e9n. Central DHC Expo-Agua- Zaragoza.<\/p>\n<p style=\"text-align: justify;\">Central DHC Centre Direccional de Cerdanyola- Barcelona. Central DH de Txomin Enea- Donostia, incluyendo parcelas de viviendas consolidadas del proyecto europeo \u201cReplicate\u201d<\/p>\n<p style=\"text-align: justify;\">Desde 2017 director del \u00c1rea de Eficiencia energ\u00e9tica en Stratenergy.<\/p>\n<p style=\"text-align: right;\"><img loading=\"lazy\" decoding=\"async\" class=\"aligncenter size-full wp-image-2871\" src=\"http:\/\/eesap.eu\/wp-content\/uploads\/2020\/11\/Captura-de-pantalla-2020-11-18-a-las-18.00.06.png\" alt=\"\" width=\"2222\" height=\"154\" srcset=\"https:\/\/eesap.eu\/wp-content\/uploads\/2020\/11\/Captura-de-pantalla-2020-11-18-a-las-18.00.06.png 2222w, https:\/\/eesap.eu\/wp-content\/uploads\/2020\/11\/Captura-de-pantalla-2020-11-18-a-las-18.00.06-300x21.png 300w, https:\/\/eesap.eu\/wp-content\/uploads\/2020\/11\/Captura-de-pantalla-2020-11-18-a-las-18.00.06-768x53.png 768w, https:\/\/eesap.eu\/wp-content\/uploads\/2020\/11\/Captura-de-pantalla-2020-11-18-a-las-18.00.06-1024x71.png 1024w, https:\/\/eesap.eu\/wp-content\/uploads\/2020\/11\/Captura-de-pantalla-2020-11-18-a-las-18.00.06-260x18.png 260w, https:\/\/eesap.eu\/wp-content\/uploads\/2020\/11\/Captura-de-pantalla-2020-11-18-a-las-18.00.06-50x3.png 50w, https:\/\/eesap.eu\/wp-content\/uploads\/2020\/11\/Captura-de-pantalla-2020-11-18-a-las-18.00.06-200x14.png 200w\" sizes=\"auto, (max-width: 2222px) 100vw, 2222px\" \/><a class=\"button button_20 button_WHITE \" href=\"http:\/\/eesap.eu\/wp-content\/uploads\/2020\/11\/Cesar-Rey.pdf\" target=\"_blank\">DESCARGAR FICHA<\/a>\n<\/p>\n<\/div>\n<\/div>\n","protected":false},"excerpt":{"rendered":"<p>&nbsp; MARTES 1 DE DICIEMBRE &nbsp; D. EDUARDO SANTANA ABADIA MICROSOFT BUSINESS CLOUD ADVISOR, IBERM\u00c1TICA Eduardo Santana Abad\u00eda es Ingeniero Inform\u00e1tico y Auditor de Calidad con m\u00e1s de 30 a\u00f1os de experiencia en Consultor\u00eda Tecnol\u00f3gica.Especialistaen la plataforma Microsoft, especialmente en los entornos de gesti\u00f3n empresarial, soluciones Cloud, ERP y Business Intelligence. Ha participado en numerosos [&hellip;]<\/p>\n","protected":false},"author":3,"featured_media":0,"parent":2733,"menu_order":1,"comment_status":"open","ping_status":"closed","template":"","meta":{"_monsterinsights_skip_tracking":false,"footnotes":""},"class_list":["post-2625","page","type-page","status-publish","hentry"],"_links":{"self":[{"href":"https:\/\/eesap.eu\/index.php\/wp-json\/wp\/v2\/pages\/2625","targetHints":{"allow":["GET"]}}],"collection":[{"href":"https:\/\/eesap.eu\/index.php\/wp-json\/wp\/v2\/pages"}],"about":[{"href":"https:\/\/eesap.eu\/index.php\/wp-json\/wp\/v2\/types\/page"}],"author":[{"embeddable":true,"href":"https:\/\/eesap.eu\/index.php\/wp-json\/wp\/v2\/users\/3"}],"replies":[{"embeddable":true,"href":"https:\/\/eesap.eu\/index.php\/wp-json\/wp\/v2\/comments?post=2625"}],"version-history":[{"count":61,"href":"https:\/\/eesap.eu\/index.php\/wp-json\/wp\/v2\/pages\/2625\/revisions"}],"predecessor-version":[{"id":3137,"href":"https:\/\/eesap.eu\/index.php\/wp-json\/wp\/v2\/pages\/2625\/revisions\/3137"}],"up":[{"embeddable":true,"href":"https:\/\/eesap.eu\/index.php\/wp-json\/wp\/v2\/pages\/2733"}],"wp:attachment":[{"href":"https:\/\/eesap.eu\/index.php\/wp-json\/wp\/v2\/media?parent=2625"}],"curies":[{"name":"wp","href":"https:\/\/api.w.org\/{rel}","templated":true}]}}